{"id":1705,"date":"2017-03-01T19:54:45","date_gmt":"2017-03-01T18:54:45","guid":{"rendered":"http:\/\/www.sottocostapescara.it\/pescara\/?page_id=1705"},"modified":"2026-04-16T09:43:56","modified_gmt":"2026-04-16T07:43:56","slug":"sottocosta-pescara","status":"publish","type":"page","link":"https:\/\/www.sottocostapescara.it\/pescara\/","title":{"rendered":"Sottocosta Pescara"},"content":{"rendered":"<p>[et_pb_section fb_built=&#8221;1&#8243; fullwidth=&#8221;on&#8221; disabled_on=&#8221;on|on|on&#8221; _builder_version=&#8221;4.24.1&#8243; custom_margin_tablet=&#8221;0px||||false|false&#8221; custom_margin_phone=&#8221;0px||||false|false&#8221; custom_margin_last_edited=&#8221;on|tablet&#8221; disabled=&#8221;on&#8221; global_colors_info=&#8221;{}&#8221;][et_pb_fullwidth_slider show_arrows=&#8221;off&#8221; show_pagination=&#8221;off&#8221; _builder_version=&#8221;4.27.4&#8243; header_font=&#8221;|||on|||||&#8221; body_font=&#8221;|||on|||||&#8221; background_position=&#8221;top_left&#8221; text_orientation=&#8221;left&#8221; min_height=&#8221;950px&#8221; custom_padding=&#8221;|||&#8221; auto=&#8221;on&#8221; auto_speed=&#8221;9000&#8243; global_colors_info=&#8221;{}&#8221; button_text_size__hover_enabled=&#8221;off&#8221; button_one_text_size__hover_enabled=&#8221;off&#8221; button_two_text_size__hover_enabled=&#8221;off&#8221; button_text_color__hover_enabled=&#8221;off&#8221; button_one_text_color__hover_enabled=&#8221;off&#8221; button_two_text_color__hover_enabled=&#8221;off&#8221; button_border_width__hover_enabled=&#8221;off&#8221; button_one_border_width__hover_enabled=&#8221;off&#8221; button_two_border_width__hover_enabled=&#8221;off&#8221; button_border_color__hover_enabled=&#8221;off&#8221; button_one_border_color__hover_enabled=&#8221;off&#8221; button_two_border_color__hover_enabled=&#8221;off&#8221; button_border_radius__hover_enabled=&#8221;off&#8221; button_one_border_radius__hover_enabled=&#8221;off&#8221; button_two_border_radius__hover_enabled=&#8221;off&#8221; button_letter_spacing__hover_enabled=&#8221;off&#8221; button_one_letter_spacing__hover_enabled=&#8221;off&#8221; button_two_letter_spacing__hover_enabled=&#8221;off&#8221; button_bg_color__hover_enabled=&#8221;off&#8221; button_one_bg_color__hover_enabled=&#8221;off&#8221; button_two_bg_color__hover_enabled=&#8221;off&#8221;][\/et_pb_fullwidth_slider][\/et_pb_section][et_pb_section fb_built=&#8221;1&#8243; disabled_on=&#8221;off|off|off&#8221; _builder_version=&#8221;4.27.5&#8243; _module_preset=&#8221;default&#8221; custom_padding=&#8221;0px|0px|0px|0px|false|false&#8221; global_colors_info=&#8221;{}&#8221;][et_pb_row use_custom_gutter=&#8221;on&#8221; gutter_width=&#8221;4&#8243; make_equal=&#8221;on&#8221; disabled_on=&#8221;on|off|off&#8221; _builder_version=&#8221;4.27.6&#8243; _module_preset=&#8221;default&#8221; width=&#8221;100%&#8221; max_width=&#8221;100%&#8221; module_alignment=&#8221;center&#8221; custom_padding=&#8221;0px||0px||false|false&#8221; global_colors_info=&#8221;{}&#8221;][et_pb_column type=&#8221;4_4&#8243; _builder_version=&#8221;4.27.4&#8243; _module_preset=&#8221;default&#8221; global_colors_info=&#8221;{}&#8221;][et_pb_code disabled_on=&#8221;off|off|off&#8221; _builder_version=&#8221;4.27.6&#8243; _module_preset=&#8221;default&#8221; global_colors_info=&#8221;{}&#8221;]<script type=\"text\/javascript\">jQuery(function() { _initLayerSlider( '#layerslider_2_ul8en40ngbfv', {createdWith: '7.13.0', sliderVersion: '8.1.2', type: 'fullsize', fullSizeMode: 'hero', keybNav: false, touchNav: false, skin: 'v6', animateFirstSlide: true, firstSlideDuration: 1500, firstSlideTimeShift: -500, globalBGColor: '#000000', navPrevNext: false, hoverPrevNext: false, navStartStop: false, navButtons: false, showCircleTimer: false, useSrcset: true, preferBlendMode: 'enabled', skinsPath: 'https:\/\/www.sottocostapescara.it\/pescara\/wp-content\/plugins\/LayerSlider\/assets\/static\/layerslider\/skins\/', performanceMode: true, height: 720}); });<\/script><link href=\"https:\/\/fonts.googleapis.com\/css?family=Ubuntu:100,100i,200,200i,300,300i,400,400i,500,500i,600,600i,700,700i,800,800i,900,900i\" rel=\"stylesheet\"><div id=\"layerslider_2_ul8en40ngbfv\"  class=\"ls-wp-container fitvidsignore\" style=\"width:1600px;height:100vh;margin:0 auto;\"><div class=\"ls-slide\" data-ls=\"bgsize:cover;bgposition:50% 50%;duration:3000;transition2d:118,119,120,121,122,123,124,125,126,127,128,129,130,131,132,133,134,135,136,137,138,139,140,141,142,143,144,145,162,163,164,165;transitionduration:3000;\"><img loading=\"lazy\" decoding=\"async\" width=\"1600\" height=\"889\" src=\"https:\/\/www.sottocostapescara.it\/pescara\/wp-content\/uploads\/sites\/5\/2025\/03\/Sottocosta-2025-header-1600.jpg-1.jpg\" class=\"ls-bg\" alt=\"\" srcset=\"https:\/\/www.sottocostapescara.it\/pescara\/wp-content\/uploads\/sites\/5\/2025\/03\/Sottocosta-2025-header-1600.jpg-1.jpg 1600w, https:\/\/www.sottocostapescara.it\/pescara\/wp-content\/uploads\/sites\/5\/2025\/03\/Sottocosta-2025-header-1600.jpg-1-1280x711.jpg 1280w, https:\/\/www.sottocostapescara.it\/pescara\/wp-content\/uploads\/sites\/5\/2025\/03\/Sottocosta-2025-header-1600.jpg-1-980x545.jpg 980w, https:\/\/www.sottocostapescara.it\/pescara\/wp-content\/uploads\/sites\/5\/2025\/03\/Sottocosta-2025-header-1600.jpg-1-480x267.jpg 480w\" sizes=\"(min-width: 0px) and (max-width: 480px) 480px, (min-width: 481px) and (max-width: 980px) 980px, (min-width: 981px) and (max-width: 1280px) 1280px, (min-width: 1281px) 1600px, 100vw\" \/><img loading=\"lazy\" decoding=\"async\" width=\"1280\" height=\"576\" src=\"https:\/\/www.sottocostapescara.it\/pescara\/wp-content\/uploads\/sites\/5\/2026\/03\/ls-project-2-slide-1.jpg\" class=\"ls-tn\" alt=\"\" srcset=\"https:\/\/www.sottocostapescara.it\/pescara\/wp-content\/uploads\/sites\/5\/2026\/03\/ls-project-2-slide-1.jpg 1280w, https:\/\/www.sottocostapescara.it\/pescara\/wp-content\/uploads\/sites\/5\/2026\/03\/ls-project-2-slide-1-980x441.jpg 980w, https:\/\/www.sottocostapescara.it\/pescara\/wp-content\/uploads\/sites\/5\/2026\/03\/ls-project-2-slide-1-480x216.jpg 480w\" sizes=\"(min-width: 0px) and (max-width: 480px) 480px, (min-width: 481px) and (max-width: 980px) 980px, (min-width: 981px) 1280px, 100vw\" \/><ls-layer style=\"top:617px;left:721px;font-family:Ubuntu;font-size:25px;color:#ffffff;\" class=\"ls-l ls-text-layer\">ore 10:00 - 20:00 | ingresso libero<\/ls-layer><ls-layer style=\"top:572px;left:721px;color:#ffffff;font-weight:700;font-family:Ubuntu;\" class=\"ls-l ls-text-layer\">24 - 26 aprile 2026<\/ls-layer><ls-layer style=\"top:536px;left:721px;font-size:31px;color:#ffffff;font-family:Ubuntu;\" class=\"ls-l ls-text-layer\">PORTO TURISTICO MARINA DI PESCARA<\/ls-layer><img loading=\"lazy\" decoding=\"async\" width=\"560\" height=\"248\" src=\"https:\/\/www.sottocostapescara.it\/pescara\/wp-content\/uploads\/sites\/5\/2025\/04\/sottocosta_logo-2024-bianco-no-cornice.png\" class=\"ls-l ls-img-layer\" alt=\"\" srcset=\"https:\/\/www.sottocostapescara.it\/pescara\/wp-content\/uploads\/sites\/5\/2025\/04\/sottocosta_logo-2024-bianco-no-cornice.png 560w, https:\/\/www.sottocostapescara.it\/pescara\/wp-content\/uploads\/sites\/5\/2025\/04\/sottocosta_logo-2024-bianco-no-cornice-480x213.png 480w\" sizes=\"(min-width: 0px) and (max-width: 480px) 480px, (min-width: 481px) 560px, 100vw\" style=\"top:318px;left:698px;width:493px;height:218px;\"><\/div><div class=\"ls-slide\" data-ls=\"bgposition:50% 50%;duration:3000;transition2d:118,119,120,121,122,123,124,125,126,127,128,129,130,131,132,133,134,135,136,137,138,139,140,141,142,143,144,145,162,163,164,165;transitionduration:3000;\"><img loading=\"lazy\" decoding=\"async\" width=\"1600\" height=\"889\" src=\"https:\/\/www.sottocostapescara.it\/pescara\/wp-content\/uploads\/sites\/5\/2025\/04\/Sottocosta-2025-header-1600.jpg-4.jpg\" class=\"ls-bg\" alt=\"\" srcset=\"https:\/\/www.sottocostapescara.it\/pescara\/wp-content\/uploads\/sites\/5\/2025\/04\/Sottocosta-2025-header-1600.jpg-4.jpg 1600w, https:\/\/www.sottocostapescara.it\/pescara\/wp-content\/uploads\/sites\/5\/2025\/04\/Sottocosta-2025-header-1600.jpg-4-1280x711.jpg 1280w, https:\/\/www.sottocostapescara.it\/pescara\/wp-content\/uploads\/sites\/5\/2025\/04\/Sottocosta-2025-header-1600.jpg-4-980x545.jpg 980w, https:\/\/www.sottocostapescara.it\/pescara\/wp-content\/uploads\/sites\/5\/2025\/04\/Sottocosta-2025-header-1600.jpg-4-480x267.jpg 480w\" sizes=\"(min-width: 0px) and (max-width: 480px) 480px, (min-width: 481px) and (max-width: 980px) 980px, (min-width: 981px) and (max-width: 1280px) 1280px, (min-width: 1281px) 1600px, 100vw\" \/><ls-layer style=\"top:605px;left:720px;font-family:Ubuntu;font-size:25px;color:#ffffff;\" class=\"ls-l ls-text-layer\">ore 10:00 - 20:00 | ingresso libero<\/ls-layer><ls-layer style=\"top:560px;left:720px;color:#ffffff;font-weight:700;font-family:Ubuntu;\" class=\"ls-l ls-text-layer\">24 - 26 APRILE 2026<\/ls-layer><ls-layer style=\"top:524px;left:720px;font-size:31px;color:#ffffff;font-family:Ubuntu;\" class=\"ls-l ls-text-layer\">PORTO TURISTICO MARINA DI PESCARA<\/ls-layer><img loading=\"lazy\" decoding=\"async\" width=\"560\" height=\"248\" src=\"https:\/\/www.sottocostapescara.it\/pescara\/wp-content\/uploads\/sites\/5\/2025\/04\/sottocosta_logo-2024-bianco-no-cornice.png\" class=\"ls-l ls-img-layer\" alt=\"\" srcset=\"https:\/\/www.sottocostapescara.it\/pescara\/wp-content\/uploads\/sites\/5\/2025\/04\/sottocosta_logo-2024-bianco-no-cornice.png 560w, https:\/\/www.sottocostapescara.it\/pescara\/wp-content\/uploads\/sites\/5\/2025\/04\/sottocosta_logo-2024-bianco-no-cornice-480x213.png 480w\" sizes=\"(min-width: 0px) and (max-width: 480px) 480px, (min-width: 481px) 560px, 100vw\" style=\"top:306px;left:697px;width:493px;height:218px;\"><\/div><div class=\"ls-slide\" data-ls=\"bgposition:0% 50%;duration:3000;transition2d:118,119,120,121,122,123,124,125,126,127,128,129,130,131,132,133,134,135,136,137,138,139,140,141,142,143,144,145,162,163,164,165;transitionduration:3000;\"><img loading=\"lazy\" decoding=\"async\" width=\"1600\" height=\"889\" src=\"https:\/\/www.sottocostapescara.it\/pescara\/wp-content\/uploads\/sites\/5\/2025\/04\/Sottocosta-2025-header-1600.jpg-3.jpg\" class=\"ls-bg\" alt=\"\" srcset=\"https:\/\/www.sottocostapescara.it\/pescara\/wp-content\/uploads\/sites\/5\/2025\/04\/Sottocosta-2025-header-1600.jpg-3.jpg 1600w, https:\/\/www.sottocostapescara.it\/pescara\/wp-content\/uploads\/sites\/5\/2025\/04\/Sottocosta-2025-header-1600.jpg-3-1280x711.jpg 1280w, https:\/\/www.sottocostapescara.it\/pescara\/wp-content\/uploads\/sites\/5\/2025\/04\/Sottocosta-2025-header-1600.jpg-3-980x545.jpg 980w, https:\/\/www.sottocostapescara.it\/pescara\/wp-content\/uploads\/sites\/5\/2025\/04\/Sottocosta-2025-header-1600.jpg-3-480x267.jpg 480w\" sizes=\"(min-width: 0px) and (max-width: 480px) 480px, (min-width: 481px) and (max-width: 980px) 980px, (min-width: 981px) and (max-width: 1280px) 1280px, (min-width: 1281px) 1600px, 100vw\" \/><ls-layer style=\"top:613px;left:726px;font-family:Ubuntu;font-size:25px;color:#ffffff;\" class=\"ls-l ls-text-layer\">ore 10:00 - 20:00 | ingresso libero<\/ls-layer><ls-layer style=\"top:568px;left:726px;color:#ffffff;font-weight:700;font-family:Ubuntu;\" class=\"ls-l ls-text-layer\">24 - 26 APRILE 2026<\/ls-layer><ls-layer style=\"top:532px;left:726px;font-size:31px;color:#ffffff;font-family:Ubuntu;\" class=\"ls-l ls-text-layer\">PORTO TURISTICO MARINA DI PESCARA<\/ls-layer><img loading=\"lazy\" decoding=\"async\" width=\"560\" height=\"248\" src=\"https:\/\/www.sottocostapescara.it\/pescara\/wp-content\/uploads\/sites\/5\/2025\/04\/sottocosta_logo-2024-bianco-no-cornice.png\" class=\"ls-l ls-img-layer\" alt=\"\" srcset=\"https:\/\/www.sottocostapescara.it\/pescara\/wp-content\/uploads\/sites\/5\/2025\/04\/sottocosta_logo-2024-bianco-no-cornice.png 560w, https:\/\/www.sottocostapescara.it\/pescara\/wp-content\/uploads\/sites\/5\/2025\/04\/sottocosta_logo-2024-bianco-no-cornice-480x213.png 480w\" sizes=\"(min-width: 0px) and (max-width: 480px) 480px, (min-width: 481px) 560px, 100vw\" style=\"top:314px;left:703px;width:493px;height:218px;\"><\/div><\/div>[\/et_pb_code][\/et_pb_column][\/et_pb_row][et_pb_row use_custom_gutter=&#8221;on&#8221; gutter_width=&#8221;4&#8243; make_equal=&#8221;on&#8221; disabled_on=&#8221;off|on|on&#8221; _builder_version=&#8221;4.27.6&#8243; _module_preset=&#8221;default&#8221; width=&#8221;100%&#8221; max_width=&#8221;100%&#8221; module_alignment=&#8221;center&#8221; custom_padding=&#8221;0px||0px||false|false&#8221; global_colors_info=&#8221;{}&#8221;][et_pb_column type=&#8221;4_4&#8243; _builder_version=&#8221;4.27.4&#8243; _module_preset=&#8221;default&#8221; global_colors_info=&#8221;{}&#8221;][et_pb_code disabled_on=&#8221;off|off|off&#8221; _builder_version=&#8221;4.27.6&#8243; _module_preset=&#8221;default&#8221; global_colors_info=&#8221;{}&#8221;]<script type=\"text\/javascript\">jQuery(function() { _initLayerSlider( '#layerslider_18_5f6t6c10sg45', {createdWith: '7.13.0', sliderVersion: '8.1.2', type: 'fullsize', fullSizeMode: 'hero', keybNav: false, touchNav: false, skin: 'v6', animateFirstSlide: true, firstSlideDuration: 1500, firstSlideTimeShift: -500, globalBGColor: '#000000', navPrevNext: false, hoverPrevNext: false, navStartStop: false, navButtons: false, showCircleTimer: false, useSrcset: true, preferBlendMode: 'enabled', skinsPath: 'https:\/\/www.sottocostapescara.it\/pescara\/wp-content\/plugins\/LayerSlider\/assets\/static\/layerslider\/skins\/', performanceMode: true, height: 768}); });<\/script><div id=\"layerslider_18_5f6t6c10sg45\"  class=\"ls-wp-container fitvidsignore\" style=\"width:425px;height:100vh;margin:0 auto;\"><div class=\"ls-slide\" data-ls=\"bgsize:cover;bgposition:50% 50%;duration:3000;transition2d:118,119,120,121,122,123,124,125,126,127,128,129,130,131,132,133,134,135,136,137,138,139,140,141,142,143,144,145,162,163,164,165;transitionduration:3000;\"><img width=\"1600\" height=\"889\" data-src=\"https:\/\/www.sottocostapescara.it\/pescara\/wp-content\/uploads\/sites\/5\/2025\/03\/Sottocosta-2025-header-1600.jpg-1.jpg\" class=\"ls-bg\" alt=\"\" data-srcset=\"https:\/\/www.sottocostapescara.it\/pescara\/wp-content\/uploads\/sites\/5\/2025\/03\/Sottocosta-2025-header-1600.jpg-1.jpg 1600w, https:\/\/www.sottocostapescara.it\/pescara\/wp-content\/uploads\/sites\/5\/2025\/03\/Sottocosta-2025-header-1600.jpg-1-1280x711.jpg 1280w, https:\/\/www.sottocostapescara.it\/pescara\/wp-content\/uploads\/sites\/5\/2025\/03\/Sottocosta-2025-header-1600.jpg-1-980x545.jpg 980w, https:\/\/www.sottocostapescara.it\/pescara\/wp-content\/uploads\/sites\/5\/2025\/03\/Sottocosta-2025-header-1600.jpg-1-480x267.jpg 480w\" sizes=\"(min-width: 0px) and (max-width: 480px) 480px, (min-width: 481px) and (max-width: 980px) 980px, (min-width: 981px) and (max-width: 1280px) 1280px, (min-width: 1281px) 1600px, 100vw\" \/><img width=\"1280\" height=\"576\" data-src=\"https:\/\/www.sottocostapescara.it\/pescara\/wp-content\/uploads\/sites\/5\/2026\/03\/ls-project-2-slide-1.jpg\" class=\"ls-tn\" alt=\"\" data-srcset=\"https:\/\/www.sottocostapescara.it\/pescara\/wp-content\/uploads\/sites\/5\/2026\/03\/ls-project-2-slide-1.jpg 1280w, https:\/\/www.sottocostapescara.it\/pescara\/wp-content\/uploads\/sites\/5\/2026\/03\/ls-project-2-slide-1-980x441.jpg 980w, https:\/\/www.sottocostapescara.it\/pescara\/wp-content\/uploads\/sites\/5\/2026\/03\/ls-project-2-slide-1-480x216.jpg 480w\" sizes=\"(min-width: 0px) and (max-width: 480px) 480px, (min-width: 481px) and (max-width: 980px) 980px, (min-width: 981px) 1280px, 100vw\" \/><ls-layer style=\"top:510px;left:68px;font-family:Ubuntu;font-size:15px;color:#ffffff;\" class=\"ls-l ls-text-layer\">ore 10:00 - 20:00 | ingresso libero<\/ls-layer><ls-layer style=\"top:481px;left:68px;color:#ffffff;font-weight:700;font-family:Ubuntu;font-size:21px;\" class=\"ls-l ls-text-layer\">24 - 26 aprile 2026<\/ls-layer><ls-layer style=\"top:460px;left:68px;font-size:20px;color:#ffffff;font-family:Ubuntu;\" class=\"ls-l ls-text-layer\">PORTO TURISTICO MARINA DI PESCARA<\/ls-layer><img width=\"560\" height=\"248\" data-src=\"https:\/\/www.sottocostapescara.it\/pescara\/wp-content\/uploads\/sites\/5\/2025\/04\/sottocosta_logo-2024-bianco-no-cornice.png\" class=\"ls-l ls-img-layer\" alt=\"\" data-srcset=\"https:\/\/www.sottocostapescara.it\/pescara\/wp-content\/uploads\/sites\/5\/2025\/04\/sottocosta_logo-2024-bianco-no-cornice.png 560w, https:\/\/www.sottocostapescara.it\/pescara\/wp-content\/uploads\/sites\/5\/2025\/04\/sottocosta_logo-2024-bianco-no-cornice-480x213.png 480w\" sizes=\"(min-width: 0px) and (max-width: 480px) 480px, (min-width: 481px) 560px, 100vw\" style=\"top:349px;left:55px;width:250px;height:111px;\"><\/div><div class=\"ls-slide\" data-ls=\"bgposition:50% 50%;duration:3000;transition2d:118,119,120,121,122,123,124,125,126,127,128,129,130,131,132,133,134,135,136,137,138,139,140,141,142,143,144,145,162,163,164,165;transitionduration:3000;\"><img width=\"1600\" height=\"889\" data-src=\"https:\/\/www.sottocostapescara.it\/pescara\/wp-content\/uploads\/sites\/5\/2025\/04\/Sottocosta-2025-header-1600.jpg-4.jpg\" class=\"ls-bg\" alt=\"\" data-srcset=\"https:\/\/www.sottocostapescara.it\/pescara\/wp-content\/uploads\/sites\/5\/2025\/04\/Sottocosta-2025-header-1600.jpg-4.jpg 1600w, https:\/\/www.sottocostapescara.it\/pescara\/wp-content\/uploads\/sites\/5\/2025\/04\/Sottocosta-2025-header-1600.jpg-4-1280x711.jpg 1280w, https:\/\/www.sottocostapescara.it\/pescara\/wp-content\/uploads\/sites\/5\/2025\/04\/Sottocosta-2025-header-1600.jpg-4-980x545.jpg 980w, https:\/\/www.sottocostapescara.it\/pescara\/wp-content\/uploads\/sites\/5\/2025\/04\/Sottocosta-2025-header-1600.jpg-4-480x267.jpg 480w\" sizes=\"(min-width: 0px) and (max-width: 480px) 480px, (min-width: 481px) and (max-width: 980px) 980px, (min-width: 981px) and (max-width: 1280px) 1280px, (min-width: 1281px) 1600px, 100vw\" \/><ls-layer style=\"top:541px;left:69px;font-family:Ubuntu;font-size:15px;color:#ffffff;\" class=\"ls-l ls-text-layer\">ore 10:00 - 20:00 | ingresso libero<\/ls-layer><ls-layer style=\"top:512px;left:69px;color:#ffffff;font-weight:700;font-family:Ubuntu;font-size:22px;\" class=\"ls-l ls-text-layer\">24 - 26 APRILE 2026<\/ls-layer><ls-layer style=\"top:492px;left:69px;font-size:20px;color:#ffffff;font-family:Ubuntu;\" class=\"ls-l ls-text-layer\">PORTO TURISTICO MARINA DI PESCARA<\/ls-layer><img width=\"560\" height=\"248\" data-src=\"https:\/\/www.sottocostapescara.it\/pescara\/wp-content\/uploads\/sites\/5\/2025\/04\/sottocosta_logo-2024-bianco-no-cornice.png\" class=\"ls-l ls-img-layer\" alt=\"\" data-srcset=\"https:\/\/www.sottocostapescara.it\/pescara\/wp-content\/uploads\/sites\/5\/2025\/04\/sottocosta_logo-2024-bianco-no-cornice.png 560w, https:\/\/www.sottocostapescara.it\/pescara\/wp-content\/uploads\/sites\/5\/2025\/04\/sottocosta_logo-2024-bianco-no-cornice-480x213.png 480w\" sizes=\"(min-width: 0px) and (max-width: 480px) 480px, (min-width: 481px) 560px, 100vw\" style=\"top:359px;left:55px;width:299px;height:133px;\"><\/div><div class=\"ls-slide\" data-ls=\"bgposition:50% 50%;duration:3000;transition2d:118,119,120,121,122,123,124,125,126,127,128,129,130,131,132,133,134,135,136,137,138,139,140,141,142,143,144,145,162,163,164,165;transitionduration:3000;\"><img width=\"1600\" height=\"889\" data-src=\"https:\/\/www.sottocostapescara.it\/pescara\/wp-content\/uploads\/sites\/5\/2025\/04\/Sottocosta-2025-header-1600.jpg-3.jpg\" class=\"ls-bg\" alt=\"\" data-srcset=\"https:\/\/www.sottocostapescara.it\/pescara\/wp-content\/uploads\/sites\/5\/2025\/04\/Sottocosta-2025-header-1600.jpg-3.jpg 1600w, https:\/\/www.sottocostapescara.it\/pescara\/wp-content\/uploads\/sites\/5\/2025\/04\/Sottocosta-2025-header-1600.jpg-3-1280x711.jpg 1280w, https:\/\/www.sottocostapescara.it\/pescara\/wp-content\/uploads\/sites\/5\/2025\/04\/Sottocosta-2025-header-1600.jpg-3-980x545.jpg 980w, https:\/\/www.sottocostapescara.it\/pescara\/wp-content\/uploads\/sites\/5\/2025\/04\/Sottocosta-2025-header-1600.jpg-3-480x267.jpg 480w\" sizes=\"(min-width: 0px) and (max-width: 480px) 480px, (min-width: 481px) and (max-width: 980px) 980px, (min-width: 981px) and (max-width: 1280px) 1280px, (min-width: 1281px) 1600px, 100vw\" \/><ls-layer style=\"top:550px;left:70px;font-family:Ubuntu;font-size:17px;color:#ffffff;\" class=\"ls-l ls-text-layer\">ore 10:00 - 20:00 | ingresso libero<\/ls-layer><ls-layer style=\"top:521px;left:70px;color:#ffffff;font-weight:700;font-family:Ubuntu;font-size:24px;\" class=\"ls-l ls-text-layer\">24 - 26 APRILE 2026<\/ls-layer><ls-layer style=\"top:499px;left:70px;font-size:20px;color:#ffffff;font-family:Ubuntu;\" class=\"ls-l ls-text-layer\">PORTO TURISTICO MARINA DI PESCARA<\/ls-layer><img width=\"560\" height=\"248\" data-src=\"https:\/\/www.sottocostapescara.it\/pescara\/wp-content\/uploads\/sites\/5\/2025\/04\/sottocosta_logo-2024-bianco-no-cornice.png\" class=\"ls-l ls-img-layer\" alt=\"\" data-srcset=\"https:\/\/www.sottocostapescara.it\/pescara\/wp-content\/uploads\/sites\/5\/2025\/04\/sottocosta_logo-2024-bianco-no-cornice.png 560w, https:\/\/www.sottocostapescara.it\/pescara\/wp-content\/uploads\/sites\/5\/2025\/04\/sottocosta_logo-2024-bianco-no-cornice-480x213.png 480w\" sizes=\"(min-width: 0px) and (max-width: 480px) 480px, (min-width: 481px) 560px, 100vw\" style=\"top:357px;left:56px;width:319px;height:142px;\"><\/div><\/div>[\/et_pb_code][\/et_pb_column][\/et_pb_row][\/et_pb_section][et_pb_section fb_built=&#8221;1&#8243; disabled_on=&#8221;on|on|on&#8221; _builder_version=&#8221;4.27.4&#8243; background_enable_image=&#8221;off&#8221; custom_padding=&#8221;25px||25px||true|false&#8221; disabled=&#8221;on&#8221; global_colors_info=&#8221;{}&#8221;][et_pb_row _builder_version=&#8221;4.16&#8243; global_colors_info=&#8221;{}&#8221;][et_pb_column type=&#8221;4_4&#8243; _builder_version=&#8221;4.16&#8243; custom_padding=&#8221;|||&#8221; global_colors_info=&#8221;{}&#8221; custom_padding__hover=&#8221;|||&#8221;][et_pb_text admin_label=&#8221;Testo d presentazione&#8221; _builder_version=&#8221;4.27.6&#8243; text_font=&#8221;|300|||||||&#8221; text_font_size=&#8221;18px&#8221; text_line_height=&#8221;1.6em&#8221; header_2_font=&#8221;Ubuntu|600|||||||&#8221; header_2_font_size=&#8221;37px&#8221; text_font_size_tablet=&#8221;18px&#8221; text_font_size_phone=&#8221;16px&#8221; text_font_size_last_edited=&#8221;on|phone&#8221; header_2_font_size_tablet=&#8221;36px&#8221; header_2_font_size_phone=&#8221;26px&#8221; header_2_font_size_last_edited=&#8221;on|phone&#8221; use_border_color=&#8221;off&#8221; global_colors_info=&#8221;{}&#8221;]<\/p>\n<h2>SOTTOCOSTA prende il largo &#8211; XII edizione<\/h2>\n<p><strong>SOTTOCOSTA<\/strong>\u00a0\u00e8 uno dei pi\u00f9 importanti saloni nautici del medio Adriatico, una manifestazione voluta ed organizzata dalla <strong>Camera di Commercio Chieti Pescara e dal Marina di Pescara con la collaborazione tecnica di Assonautica Pescara Chieti<\/strong>, allo scopo di promuovere la nautica da diporto, il turismo nautico e gli sport del mare e di valorizzare il pianeta blu in tutte le sue declinazioni.<\/p>\n<p><span>Tre giorni al porto turistico Marina di Pescara per vivere il mare in ogni sua sfaccettatura. Dall&#8217;esposizione di imbarcazioni al design, dalle esperienza in mare alla componentistica nautica.\u00a0<\/span><\/p>\n<p>[\/et_pb_text][\/et_pb_column][\/et_pb_row][et_pb_row disabled_on=&#8221;on|on|on&#8221; module_class=&#8221; et_pb_row_fullwidth&#8221; _builder_version=&#8221;4.16&#8243; width=&#8221;89%&#8221; width_tablet=&#8221;80%&#8221; width_phone=&#8221;&#8221; width_last_edited=&#8221;on|desktop&#8221; max_width=&#8221;89%&#8221; max_width_tablet=&#8221;80%&#8221; max_width_phone=&#8221;&#8221; max_width_last_edited=&#8221;on|desktop&#8221; custom_margin=&#8221;||0px|&#8221; custom_padding=&#8221;||0px|&#8221; make_fullwidth=&#8221;on&#8221; disabled=&#8221;on&#8221; global_colors_info=&#8221;{}&#8221;][et_pb_column type=&#8221;4_4&#8243; _builder_version=&#8221;4.16&#8243; custom_padding=&#8221;|||&#8221; global_colors_info=&#8221;{}&#8221; custom_padding__hover=&#8221;|||&#8221;][et_pb_text disabled_on=&#8221;off|off|off&#8221; _builder_version=&#8221;4.27.4&#8243; text_font=&#8221;Ubuntu||||||||&#8221; text_text_color=&#8221;#003770&#8243; text_font_size=&#8221;31px&#8221; text_line_height=&#8221;1.4em&#8221; background_color=&#8221;rgba(255,255,255,0)&#8221; text_orientation=&#8221;center&#8221; text_font_size_tablet=&#8221;26px&#8221; text_font_size_phone=&#8221;21px&#8221; text_font_size_last_edited=&#8221;on|phone&#8221; global_colors_info=&#8221;{}&#8221;]<\/p>\n<p><span class=\"JsGRdQ\">Natanti | Imbarcazioni | Motori Marini | Motori elettrici | Elettronica | Accessori Nautici | Abbigliamento nautico | Turismo nautico | Design Nautico | Convegni | Circoli Nautici | Pesca | Subacquea | Sport del mare | Moda mare<\/span><\/p>\n<p>[\/et_pb_text][\/et_pb_column][\/et_pb_row][et_pb_row _builder_version=&#8221;4.27.4&#8243; _module_preset=&#8221;default&#8221; global_colors_info=&#8221;{}&#8221;][et_pb_column type=&#8221;4_4&#8243; _builder_version=&#8221;4.27.4&#8243; _module_preset=&#8221;default&#8221; global_colors_info=&#8221;{}&#8221;][et_pb_button button_url=&#8221;@ET-DC@eyJkeW5hbWljIjp0cnVlLCJjb250ZW50IjoicG9zdF9saW5rX3VybF9wYWdlIiwic2V0dGluZ3MiOnsicG9zdF9pZCI6IjcwMDYifX0=@&#8221; button_text=&#8221;Vai al programma completo&#8221; button_alignment=&#8221;center&#8221; disabled_on=&#8221;on|on|on&#8221; _builder_version=&#8221;4.27.4&#8243; _dynamic_attributes=&#8221;button_url&#8221; _module_preset=&#8221;default&#8221; custom_button=&#8221;on&#8221; button_text_color=&#8221;#FFFFFF&#8221; button_bg_color=&#8221;gcid-a333bae0-7d5a-4eb9-ac63-5f60c732c3a5&#8243; button_border_radius=&#8221;10px&#8221; disabled=&#8221;on&#8221; global_colors_info=&#8221;{%22gcid-a333bae0-7d5a-4eb9-ac63-5f60c732c3a5%22:%91%22button_bg_color%22%93}&#8221;][\/et_pb_button][\/et_pb_column][\/et_pb_row][\/et_pb_section][et_pb_section fb_built=&#8221;1&#8243; module_id=&#8221;bulleri&#8221; _builder_version=&#8221;4.27.6&#8243; _module_preset=&#8221;default&#8221; custom_padding=&#8221;0px||0px||true|false&#8221; global_colors_info=&#8221;{}&#8221;][et_pb_row use_custom_gutter=&#8221;on&#8221; gutter_width=&#8221;1&#8243; _builder_version=&#8221;4.27.6&#8243; _module_preset=&#8221;default&#8221; width=&#8221;100%&#8221; max_width=&#8221;100%&#8221; custom_padding=&#8221;0px||0px||true|false&#8221; global_colors_info=&#8221;{}&#8221;][et_pb_column type=&#8221;4_4&#8243; _builder_version=&#8221;4.27.6&#8243; _module_preset=&#8221;default&#8221; global_colors_info=&#8221;{}&#8221;][et_pb_code _builder_version=&#8221;4.27.6&#8243; _module_preset=&#8221;default&#8221; global_colors_info=&#8221;{}&#8221;]<\/p>\n<section class=\"sc-testimonial\"><!-- [et_pb_line_break_holder] -->  <\/p>\n<div class=\"sc-testimonial__inner\"><!-- [et_pb_line_break_holder] --><!-- [et_pb_line_break_holder] -->    <!-- Colonna sinistra: foto --><!-- [et_pb_line_break_holder] -->    <\/p>\n<div class=\"sc-testimonial__media\"><!-- [et_pb_line_break_holder] -->      <\/p>\n<div class=\"sc-testimonial__img-wrap\"><!-- [et_pb_line_break_holder] -->        <img<!-- [et_pb_line_break_holder] -->          src=&#8221;https:\/\/www.sottocostapescara.it\/pescara\/wp-content\/uploads\/sites\/5\/2026\/04\/Maurizio-Bulleri-web.jpg&#8221;<!-- [et_pb_line_break_holder] -->          alt=&#8221;Maurizio Bulleri \u2013 The Boat Show&#8221;<!-- [et_pb_line_break_holder] -->          class=&#8221;sc-testimonial__img&#8221;<!-- [et_pb_line_break_holder] -->        \/><!-- [et_pb_line_break_holder] -->        <\/p>\n<div class=\"sc-testimonial__badge\"><!-- [et_pb_line_break_holder] -->          <span class=\"sc-testimonial__badge-text\">Ambassador Sottocosta 2026<\/span><!-- [et_pb_line_break_holder] -->        <\/div>\n<p><!-- [et_pb_line_break_holder] -->      <\/div>\n<p><!-- [et_pb_line_break_holder] -->      <!-- Stat pills sotto la foto --><!-- [et_pb_line_break_holder] -->      <\/p>\n<div class=\"sc-testimonial__stats\"><!-- [et_pb_line_break_holder] -->        <\/p>\n<div class=\"sc-testimonial__stat\"><!-- [et_pb_line_break_holder] -->          <span class=\"sc-testimonial__stat-num\">2000+<\/span><!-- [et_pb_line_break_holder] -->          <span class=\"sc-testimonial__stat-label\">barche testate<\/span><!-- [et_pb_line_break_holder] -->        <\/div>\n<p><!-- [et_pb_line_break_holder] -->        <\/p>\n<div class=\"sc-testimonial__stat\"><!-- [et_pb_line_break_holder] -->          <span class=\"sc-testimonial__stat-num\">150M+<\/span><!-- [et_pb_line_break_holder] -->          <span class=\"sc-testimonial__stat-label\">visualizzazioni<\/span><!-- [et_pb_line_break_holder] -->        <\/div>\n<p><!-- [et_pb_line_break_holder] -->        <\/p>\n<div class=\"sc-testimonial__stat\"><!-- [et_pb_line_break_holder] -->          <span class=\"sc-testimonial__stat-num\">190K<\/span><!-- [et_pb_line_break_holder] -->          <span class=\"sc-testimonial__stat-label\">followers<\/span><!-- [et_pb_line_break_holder] -->        <\/div>\n<p><!-- [et_pb_line_break_holder] -->      <\/div>\n<p><!-- [et_pb_line_break_holder] -->    <\/div>\n<p><!-- [et_pb_line_break_holder] --><!-- [et_pb_line_break_holder] -->    <!-- Colonna destra: contenuto --><!-- [et_pb_line_break_holder] -->    <\/p>\n<div class=\"sc-testimonial__content\"><!-- [et_pb_line_break_holder] -->      <\/p>\n<div class=\"sc-testimonial__eyebrow\">Ospite speciale<\/div>\n<p><!-- [et_pb_line_break_holder] -->      <\/p>\n<h2 class=\"sc-testimonial__name\">Maurizio<!\u2013- [et_pb_br_holder] -\u2013>Bulleri<\/h2>\n<p><!-- [et_pb_line_break_holder] -->      <\/p>\n<div class=\"sc-testimonial__title\">The Boat Show<\/div>\n<p><!-- [et_pb_line_break_holder] -->      <\/p>\n<div class=\"sc-testimonial__divider\"><\/div>\n<p><!-- [et_pb_line_break_holder] -->      <pee class=\"sc-testimonial__bio\"><!-- [et_pb_line_break_holder] -->        Presentatore del programma TV <em>The Boat Show<\/em>, in onda su Sky e su tantissime altre piattaforme televisive e digitali in tutto il mondo. Oltre 150 milioni di visualizzazioni dei suoi video sul canale YouTube The Boat Show. Circa 190.000 followers su Instagram e Facebook.<!-- [et_pb_line_break_holder] -->      <\/pee><!-- [et_pb_line_break_holder] -->      <pee class=\"sc-testimonial__bio\"><!-- [et_pb_line_break_holder] -->        Ha testato pi\u00f9 di 2000 barche e gommoni ed \u00e8 riconosciuto come il pi\u00f9 popolare tester di imbarcazioni in tutti i continenti. Ha scritto articoli per varie testate nautiche per oltre 25 anni.<!-- [et_pb_line_break_holder] -->      <\/pee><!-- [et_pb_line_break_holder] -->      <pee class=\"sc-testimonial__bio\"><!-- [et_pb_line_break_holder] -->        \u00c8 stato <strong>Campione del Mondo Powerboat P1<\/strong> e pluricampione europeo e italiano di motonautica.<!-- [et_pb_line_break_holder] -->      <\/pee><!-- [et_pb_line_break_holder] -->      <\/p>\n<div class=\"sc-testimonial__cta-row\"><!-- [et_pb_line_break_holder] -->        <a href=\"https:\/\/www.youtube.com\/@TheBoatShow\" target=\"_blank\" rel=\"noopener\" class=\"sc-testimonial__pill sc-testimonial__pill--yt\"><!-- [et_pb_line_break_holder] -->          <svg viewBox=\"0 0 24 24\" width=\"16\" height=\"16\" fill=\"currentColor\"><path d=\"M23.5 6.2a3 3 0 0 0-2.1-2.1C19.5 3.5 12 3.5 12 3.5s-7.5 0-9.4.5A3 3 0 0 0 .5 6.2C0 8.1 0 12 0 12s0 3.9.5 5.8a3 3 0 0 0 2.1 2.1c1.9.5 9.4.5 9.4.5s7.5 0 9.4-.5a3 3 0 0 0 2.1-2.1C24 15.9 24 12 24 12s0-3.9-.5-5.8zM9.8 15.5V8.5l6.3 3.5-6.3 3.5z\"\/><\/svg><!-- [et_pb_line_break_holder] -->          The Boat Show<!-- [et_pb_line_break_holder] -->        <\/a><!-- [et_pb_line_break_holder] -->        <a href=\"https:\/\/www.instagram.com\/theBoatShow\" target=\"_blank\" rel=\"noopener\" class=\"sc-testimonial__pill sc-testimonial__pill--ig\"><!-- [et_pb_line_break_holder] -->          <svg viewBox=\"0 0 24 24\" width=\"16\" height=\"16\" fill=\"currentColor\"><path d=\"M12 2.2c3.2 0 3.6 0 4.9.1 3.3.1 4.8 1.7 4.9 4.9.1 1.3.1 1.6.1 4.8s0 3.6-.1 4.8c-.1 3.2-1.6 4.8-4.9 4.9-1.3.1-1.6.1-4.9.1s-3.6 0-4.8-.1c-3.3-.1-4.8-1.7-4.9-4.9C2.2 15.6 2.2 15.3 2.2 12s0-3.6.1-4.8C2.4 3.9 3.9 2.4 7.2 2.3c1.2-.1 1.6-.1 4.8-.1zm0-2.2C8.7 0 8.3 0 7.1.1 2.7.3.3 2.7.1 7.1.0 8.3 0 8.7 0 12s0 3.7.1 4.9C.3 21.3 2.7 23.7 7.1 23.9 8.3 24 8.7 24 12 24s3.7 0 4.9-.1c4.4-.2 6.8-2.6 7-7 .1-1.2.1-1.6.1-4.9s0-3.7-.1-4.9C23.7 2.7 21.3.3 16.9.1 15.7 0 15.3 0 12 0zm0 5.8a6.2 6.2 0 1 0 0 12.4A6.2 6.2 0 0 0 12 5.8zm0 10.2a4 4 0 1 1 0-8 4 4 0 0 1 0 8zm6.4-11.8a1.4 1.4 0 1 0 0 2.8 1.4 1.4 0 0 0 0-2.8z\"\/><\/svg><!-- [et_pb_line_break_holder] -->          190K followers<!-- [et_pb_line_break_holder] -->        <\/a><!-- [et_pb_line_break_holder] -->      <\/div>\n<p><!-- [et_pb_line_break_holder] -->    <\/div>\n<p><!-- [et_pb_line_break_holder] --><!-- [et_pb_line_break_holder] -->  <\/div>\n<p><!-- [et_pb_line_break_holder] --><\/section>\n<p><!-- [et_pb_line_break_holder] --><!-- [et_pb_line_break_holder] --><\/p>\n<style><!-- [et_pb_line_break_holder] -->\/* ============================================================<!-- [et_pb_line_break_holder] -->   SC-TESTIMONIAL \u2013 Sezione Maurizio Bulleri<!-- [et_pb_line_break_holder] -->   Design system: Ubuntu, #0d1b2a, #0a3d63, #1a6ca8, #c8a96e<!-- [et_pb_line_break_holder] -->   ============================================================ *\/<!-- [et_pb_line_break_holder] --><!-- [et_pb_line_break_holder] -->.sc-testimonial {<!-- [et_pb_line_break_holder] -->  background: linear-gradient(135deg, #0d1b2a 0%, #0a3d63 60%, #0d1b2a 100%);<!-- [et_pb_line_break_holder] -->  padding: 72px 24px;<!-- [et_pb_line_break_holder] -->  font-family: 'Ubuntu', sans-serif;<!-- [et_pb_line_break_holder] -->  position: relative;<!-- [et_pb_line_break_holder] -->  overflow: hidden;<!-- [et_pb_line_break_holder] -->}<!-- [et_pb_line_break_holder] --><!-- [et_pb_line_break_holder] -->\/* Decorative background element *\/<!-- [et_pb_line_break_holder] -->.sc-testimonial::before {<!-- [et_pb_line_break_holder] -->  content: '';<!-- [et_pb_line_break_holder] -->  position: absolute;<!-- [et_pb_line_break_holder] -->  top: -80px;<!-- [et_pb_line_break_holder] -->  right: -80px;<!-- [et_pb_line_break_holder] -->  width: 400px;<!-- [et_pb_line_break_holder] -->  height: 400px;<!-- [et_pb_line_break_holder] -->  border-radius: 50%;<!-- [et_pb_line_break_holder] -->  border: 60px solid rgba(200, 169, 110, 0.07);<!-- [et_pb_line_break_holder] -->  pointer-events: none;<!-- [et_pb_line_break_holder] -->}<!-- [et_pb_line_break_holder] -->.sc-testimonial::after {<!-- [et_pb_line_break_holder] -->  content: '';<!-- [et_pb_line_break_holder] -->  position: absolute;<!-- [et_pb_line_break_holder] -->  bottom: -60px;<!-- [et_pb_line_break_holder] -->  left: -60px;<!-- [et_pb_line_break_holder] -->  width: 280px;<!-- [et_pb_line_break_holder] -->  height: 280px;<!-- [et_pb_line_break_holder] -->  border-radius: 50%;<!-- [et_pb_line_break_holder] -->  border: 40px solid rgba(26, 108, 168, 0.12);<!-- [et_pb_line_break_holder] -->  pointer-events: none;<!-- [et_pb_line_break_holder] -->}<!-- [et_pb_line_break_holder] --><!-- [et_pb_line_break_holder] -->.sc-testimonial__inner {<!-- [et_pb_line_break_holder] -->  max-width: 1100px;<!-- [et_pb_line_break_holder] -->  margin: 0 auto;<!-- [et_pb_line_break_holder] -->  display: flex;<!-- [et_pb_line_break_holder] -->  align-items: flex-start;<!-- [et_pb_line_break_holder] -->  gap: 60px;<!-- [et_pb_line_break_holder] -->}<!-- [et_pb_line_break_holder] --><!-- [et_pb_line_break_holder] -->\/* ---- MEDIA ---- *\/<!-- [et_pb_line_break_holder] -->.sc-testimonial__media {<!-- [et_pb_line_break_holder] -->  flex: 0 0 320px;<!-- [et_pb_line_break_holder] -->  position: relative;<!-- [et_pb_line_break_holder] -->}<!-- [et_pb_line_break_holder] --><!-- [et_pb_line_break_holder] -->.sc-testimonial__img-wrap {<!-- [et_pb_line_break_holder] -->  position: relative;<!-- [et_pb_line_break_holder] -->  border-radius: 4px;<!-- [et_pb_line_break_holder] -->  overflow: visible;<!-- [et_pb_line_break_holder] -->}<!-- [et_pb_line_break_holder] --><!-- [et_pb_line_break_holder] -->.sc-testimonial__img {<!-- [et_pb_line_break_holder] -->  width: 100%;<!-- [et_pb_line_break_holder] -->  display: block;<!-- [et_pb_line_break_holder] -->  border-radius: 4px;<!-- [et_pb_line_break_holder] -->  filter: saturate(0.9) contrast(1.05);<!-- [et_pb_line_break_holder] -->  box-shadow: 0 24px 60px rgba(0,0,0,0.5);<!-- [et_pb_line_break_holder] -->}<!-- [et_pb_line_break_holder] --><!-- [et_pb_line_break_holder] -->\/* Gold accent bar left of photo *\/<!-- [et_pb_line_break_holder] -->.sc-testimonial__img-wrap::before {<!-- [et_pb_line_break_holder] -->  content: '';<!-- [et_pb_line_break_holder] -->  position: absolute;<!-- [et_pb_line_break_holder] -->  left: -12px;<!-- [et_pb_line_break_holder] -->  top: 20px;<!-- [et_pb_line_break_holder] -->  bottom: 20px;<!-- [et_pb_line_break_holder] -->  width: 4px;<!-- [et_pb_line_break_holder] -->  background: #c8a96e;<!-- [et_pb_line_break_holder] -->  border-radius: 2px;<!-- [et_pb_line_break_holder] -->}<!-- [et_pb_line_break_holder] --><!-- [et_pb_line_break_holder] -->\/* Badge *\/<!-- [et_pb_line_break_holder] -->.sc-testimonial__badge {<!-- [et_pb_line_break_holder] -->  position: absolute;<!-- [et_pb_line_break_holder] -->  bottom: -16px;<!-- [et_pb_line_break_holder] -->  right: -16px;<!-- [et_pb_line_break_holder] -->  background: #c8a96e;<!-- [et_pb_line_break_holder] -->  color: #0d1b2a;<!-- [et_pb_line_break_holder] -->  padding: 12px 18px;<!-- [et_pb_line_break_holder] -->  border-radius: 4px;<!-- [et_pb_line_break_holder] -->  text-align: center;<!-- [et_pb_line_break_holder] -->  box-shadow: 0 8px 24px rgba(0,0,0,0.4);<!-- [et_pb_line_break_holder] -->}<!-- [et_pb_line_break_holder] -->.sc-testimonial__badge-text {<!-- [et_pb_line_break_holder] -->  font-family: 'Ubuntu', sans-serif;<!-- [et_pb_line_break_holder] -->  font-weight: 700;<!-- [et_pb_line_break_holder] -->  font-size: 11px;<!-- [et_pb_line_break_holder] -->  text-transform: uppercase;<!-- [et_pb_line_break_holder] -->  letter-spacing: 0.01em;<!-- [et_pb_line_break_holder] -->  line-height: 1.4;<!-- [et_pb_line_break_holder] -->}<!-- [et_pb_line_break_holder] --><!-- [et_pb_line_break_holder] -->\/* Stats *\/<!-- [et_pb_line_break_holder] -->.sc-testimonial__stats {<!-- [et_pb_line_break_holder] -->  display: flex;<!-- [et_pb_line_break_holder] -->  gap: 0;<!-- [et_pb_line_break_holder] -->  margin-top: 36px;<!-- [et_pb_line_break_holder] -->  border: 1px solid rgba(200,169,110,0.25);<!-- [et_pb_line_break_holder] -->  border-radius: 4px;<!-- [et_pb_line_break_holder] -->  overflow: hidden;<!-- [et_pb_line_break_holder] -->}<!-- [et_pb_line_break_holder] -->.sc-testimonial__stat {<!-- [et_pb_line_break_holder] -->  flex: 1;<!-- [et_pb_line_break_holder] -->  padding: 16px 10px;<!-- [et_pb_line_break_holder] -->  text-align: center;<!-- [et_pb_line_break_holder] -->  border-right: 1px solid rgba(200,169,110,0.2);<!-- [et_pb_line_break_holder] -->}<!-- [et_pb_line_break_holder] -->.sc-testimonial__stat:last-child {<!-- [et_pb_line_break_holder] -->  border-right: none;<!-- [et_pb_line_break_holder] -->}<!-- [et_pb_line_break_holder] -->.sc-testimonial__stat-num {<!-- [et_pb_line_break_holder] -->  display: block;<!-- [et_pb_line_break_holder] -->  font-family: 'Ubuntu', sans-serif;<!-- [et_pb_line_break_holder] -->  font-weight: 700;<!-- [et_pb_line_break_holder] -->  font-size: 20px;<!-- [et_pb_line_break_holder] -->  color: #c8a96e;<!-- [et_pb_line_break_holder] -->  line-height: 1.1;<!-- [et_pb_line_break_holder] -->}<!-- [et_pb_line_break_holder] -->.sc-testimonial__stat-label {<!-- [et_pb_line_break_holder] -->  display: block;<!-- [et_pb_line_break_holder] -->  font-size: 10px;<!-- [et_pb_line_break_holder] -->  color: rgba(255,255,255,0.55);<!-- [et_pb_line_break_holder] -->  text-transform: uppercase;<!-- [et_pb_line_break_holder] -->  letter-spacing: 0.06em;<!-- [et_pb_line_break_holder] -->  margin-top: 4px;<!-- [et_pb_line_break_holder] -->}<!-- [et_pb_line_break_holder] --><!-- [et_pb_line_break_holder] -->\/* ---- CONTENT ---- *\/<!-- [et_pb_line_break_holder] -->.sc-testimonial__content {<!-- [et_pb_line_break_holder] -->  flex: 1;<!-- [et_pb_line_break_holder] -->  padding-top: 8px;<!-- [et_pb_line_break_holder] -->}<!-- [et_pb_line_break_holder] --><!-- [et_pb_line_break_holder] -->.sc-testimonial__eyebrow {<!-- [et_pb_line_break_holder] -->  font-size: 14px;<!-- [et_pb_line_break_holder] -->  font-weight: 700;<!-- [et_pb_line_break_holder] -->  text-transform: uppercase;<!-- [et_pb_line_break_holder] -->  letter-spacing: 0.18em;<!-- [et_pb_line_break_holder] -->  color: #c8a96e;<!-- [et_pb_line_break_holder] -->  margin-bottom: 14px;<!-- [et_pb_line_break_holder] -->}<!-- [et_pb_line_break_holder] --><!-- [et_pb_line_break_holder] -->.sc-testimonial__name {<!-- [et_pb_line_break_holder] -->  font-family: 'Ubuntu', sans-serif;<!-- [et_pb_line_break_holder] -->  font-weight: 700;<!-- [et_pb_line_break_holder] -->  font-size: clamp(42px, 5vw, 60px);<!-- [et_pb_line_break_holder] -->  line-height: 1;<!-- [et_pb_line_break_holder] -->  color: #ffffff;<!-- [et_pb_line_break_holder] -->  margin: 0 0 10px 0;<!-- [et_pb_line_break_holder] -->  letter-spacing: -0.01em;<!-- [et_pb_line_break_holder] -->}<!-- [et_pb_line_break_holder] --><!-- [et_pb_line_break_holder] -->.sc-testimonial__title {<!-- [et_pb_line_break_holder] -->  font-family: 'Ubuntu', sans-serif;<!-- [et_pb_line_break_holder] -->  font-weight: 300;<!-- [et_pb_line_break_holder] -->  font-size: 20px;<!-- [et_pb_line_break_holder] -->  color: #1a6ca8;<!-- [et_pb_line_break_holder] -->  letter-spacing: 0.05em;<!-- [et_pb_line_break_holder] -->  margin-bottom: 24px;<!-- [et_pb_line_break_holder] -->}<!-- [et_pb_line_break_holder] --><!-- [et_pb_line_break_holder] -->.sc-testimonial__divider {<!-- [et_pb_line_break_holder] -->  width: 48px;<!-- [et_pb_line_break_holder] -->  height: 3px;<!-- [et_pb_line_break_holder] -->  background: #c8a96e;<!-- [et_pb_line_break_holder] -->  border-radius: 2px;<!-- [et_pb_line_break_holder] -->  margin-bottom: 24px;<!-- [et_pb_line_break_holder] -->}<!-- [et_pb_line_break_holder] --><!-- [et_pb_line_break_holder] -->.sc-testimonial__bio {<!-- [et_pb_line_break_holder] -->  font-size: 15.5px;<!-- [et_pb_line_break_holder] -->  line-height: 1.75;<!-- [et_pb_line_break_holder] -->  color: rgba(255,255,255,0.78);<!-- [et_pb_line_break_holder] -->  margin: 0 0 16px 0;<!-- [et_pb_line_break_holder] -->}<!-- [et_pb_line_break_holder] --><!-- [et_pb_line_break_holder] -->.sc-testimonial__bio strong {<!-- [et_pb_line_break_holder] -->  color: #ffffff;<!-- [et_pb_line_break_holder] -->  font-weight: 600;<!-- [et_pb_line_break_holder] -->}<!-- [et_pb_line_break_holder] --><!-- [et_pb_line_break_holder] -->.sc-testimonial__bio em {<!-- [et_pb_line_break_holder] -->  color: rgba(255,255,255,0.9);<!-- [et_pb_line_break_holder] -->  font-style: italic;<!-- [et_pb_line_break_holder] -->}<!-- [et_pb_line_break_holder] --><!-- [et_pb_line_break_holder] -->\/* CTA pills *\/<!-- [et_pb_line_break_holder] -->.sc-testimonial__cta-row {<!-- [et_pb_line_break_holder] -->  display: flex;<!-- [et_pb_line_break_holder] -->  gap: 12px;<!-- [et_pb_line_break_holder] -->  margin-top: 28px;<!-- [et_pb_line_break_holder] -->  flex-wrap: wrap;<!-- [et_pb_line_break_holder] -->}<!-- [et_pb_line_break_holder] --><!-- [et_pb_line_break_holder] -->.sc-testimonial__pill {<!-- [et_pb_line_break_holder] -->  display: inline-flex;<!-- [et_pb_line_break_holder] -->  align-items: center;<!-- [et_pb_line_break_holder] -->  gap: 8px;<!-- [et_pb_line_break_holder] -->  padding: 9px 20px;<!-- [et_pb_line_break_holder] -->  border-radius: 100px;<!-- [et_pb_line_break_holder] -->  font-family: 'Ubuntu', sans-serif;<!-- [et_pb_line_break_holder] -->  font-size: 13px;<!-- [et_pb_line_break_holder] -->  font-weight: 500;<!-- [et_pb_line_break_holder] -->  text-decoration: none;<!-- [et_pb_line_break_holder] -->  transition: transform 0.2s, box-shadow 0.2s;<!-- [et_pb_line_break_holder] -->}<!-- [et_pb_line_break_holder] -->.sc-testimonial__pill:hover {<!-- [et_pb_line_break_holder] -->  transform: translateY(-2px);<!-- [et_pb_line_break_holder] -->  box-shadow: 0 8px 20px rgba(0,0,0,0.35);<!-- [et_pb_line_break_holder] -->}<!-- [et_pb_line_break_holder] --><!-- [et_pb_line_break_holder] -->.sc-testimonial__pill--yt {<!-- [et_pb_line_break_holder] -->  background: #ff0000;<!-- [et_pb_line_break_holder] -->  color: #ffffff;<!-- [et_pb_line_break_holder] -->}<!-- [et_pb_line_break_holder] -->.sc-testimonial__pill--ig {<!-- [et_pb_line_break_holder] -->  background: linear-gradient(135deg, #833ab4, #fd1d1d, #fcb045);<!-- [et_pb_line_break_holder] -->  color: #ffffff;<!-- [et_pb_line_break_holder] -->}<!-- [et_pb_line_break_holder] --><!-- [et_pb_line_break_holder] -->\/* ---- RESPONSIVE ---- *\/<!-- [et_pb_line_break_holder] -->@media (max-width: 860px) {<!-- [et_pb_line_break_holder] -->  .sc-testimonial__inner {<!-- [et_pb_line_break_holder] -->    flex-direction: column;<!-- [et_pb_line_break_holder] -->    align-items: center;<!-- [et_pb_line_break_holder] -->    gap: 48px;<!-- [et_pb_line_break_holder] -->  }<!-- [et_pb_line_break_holder] -->  .sc-testimonial__media {<!-- [et_pb_line_break_holder] -->    flex: 0 0 auto;<!-- [et_pb_line_break_holder] -->    width: min(320px, 80vw);<!-- [et_pb_line_break_holder] -->  }<!-- [et_pb_line_break_holder] -->  .sc-testimonial__content {<!-- [et_pb_line_break_holder] -->    text-align: center;<!-- [et_pb_line_break_holder] -->  }<!-- [et_pb_line_break_holder] -->  .sc-testimonial__divider {<!-- [et_pb_line_break_holder] -->    margin-left: auto;<!-- [et_pb_line_break_holder] -->    margin-right: auto;<!-- [et_pb_line_break_holder] -->  }<!-- [et_pb_line_break_holder] -->  .sc-testimonial__cta-row {<!-- [et_pb_line_break_holder] -->    justify-content: center;<!-- [et_pb_line_break_holder] -->  }<!-- [et_pb_line_break_holder] -->  .sc-testimonial__img-wrap::before {<!-- [et_pb_line_break_holder] -->    display: none;<!-- [et_pb_line_break_holder] -->  }<!-- [et_pb_line_break_holder] -->}<!-- [et_pb_line_break_holder] --><!-- [et_pb_line_break_holder] -->@media (max-width: 480px) {<!-- [et_pb_line_break_holder] -->  .sc-testimonial {<!-- [et_pb_line_break_holder] -->    padding: 52px 20px;<!-- [et_pb_line_break_holder] -->  }<!-- [et_pb_line_break_holder] -->  .sc-testimonial__name {<!-- [et_pb_line_break_holder] -->    font-size: 38px;<!-- [et_pb_line_break_holder] -->  }<!-- [et_pb_line_break_holder] -->}<!-- [et_pb_line_break_holder] --><\/style>\n<p>[\/et_pb_code][\/et_pb_column][\/et_pb_row][\/et_pb_section][et_pb_section fb_built=&#8221;1&#8243; disabled_on=&#8221;off|off|off&#8221; _builder_version=&#8221;4.27.6&#8243; _module_preset=&#8221;default&#8221; background_color=&#8221;gcid-a333bae0-7d5a-4eb9-ac63-5f60c732c3a5&#8243; global_colors_info=&#8221;{%22gcid-a333bae0-7d5a-4eb9-ac63-5f60c732c3a5%22:%91%22background_color%22%93}&#8221;][et_pb_row _builder_version=&#8221;4.27.6&#8243; _module_preset=&#8221;default&#8221; width=&#8221;100%&#8221; max_width=&#8221;1100px&#8221; global_colors_info=&#8221;{}&#8221;][et_pb_column type=&#8221;4_4&#8243; _builder_version=&#8221;4.27.6&#8243; _module_preset=&#8221;default&#8221; global_colors_info=&#8221;{}&#8221;][et_pb_code _builder_version=&#8221;4.27.6&#8243; _module_preset=&#8221;default&#8221; global_colors_info=&#8221;{}&#8221;]<\/p>\n<style><!-- [et_pb_line_break_holder] -->.sc-cards-grid {<!-- [et_pb_line_break_holder] -->  display: grid;<!-- [et_pb_line_break_holder] -->  grid-template-columns: repeat(3, 1fr);<!-- [et_pb_line_break_holder] -->  gap: 0;<!-- [et_pb_line_break_holder] -->  width: 100%;<!-- [et_pb_line_break_holder] -->}<!-- [et_pb_line_break_holder] --><!-- [et_pb_line_break_holder] -->.sc-card {<!-- [et_pb_line_break_holder] -->  position: relative;<!-- [et_pb_line_break_holder] -->  overflow: hidden;<!-- [et_pb_line_break_holder] -->  display: block;<!-- [et_pb_line_break_holder] -->  text-decoration: none;<!-- [et_pb_line_break_holder] -->  min-height: 480px;<!-- [et_pb_line_break_holder] -->}<!-- [et_pb_line_break_holder] --><!-- [et_pb_line_break_holder] -->  <!-- [et_pb_line_break_holder] -->\/* \u2500\u2500\u2500\u2500\u2500\u2500\u2500\u2500\u2500\u2500\u2500\u2500\u2500\u2500\u2500\u2500\u2500\u2500\u2500\u2500\u2500\u2500\u2500\u2500\u2500\u2500\u2500\u2500\u2500\u2500\u2500\u2500\u2500\u2500\u2500\u2500\u2500\u2500\u2500\u2500\u2500<!-- [et_pb_line_break_holder] -->   IMMAGINI DI SFONDO \u2014 sostituisci gli URL<!-- [et_pb_line_break_holder] -->   Dimensioni consigliate: 800 \u00d7 1000 px JPG<!-- [et_pb_line_break_holder] -->   Peso massimo: 200 KB per immagine<!-- [et_pb_line_break_holder] -->   \u2500\u2500\u2500\u2500\u2500\u2500\u2500\u2500\u2500\u2500\u2500\u2500\u2500\u2500\u2500\u2500\u2500\u2500\u2500\u2500\u2500\u2500\u2500\u2500\u2500\u2500\u2500\u2500\u2500\u2500\u2500\u2500\u2500\u2500\u2500\u2500\u2500\u2500\u2500\u2500\u2500 *\/<!-- [et_pb_line_break_holder] --><!-- [et_pb_line_break_holder] -->.sc-card-1 .sc-card-bg {<!-- [et_pb_line_break_holder] -->  background-image: url('https:\/\/www.sottocostapescara.it\/pescara\/wp-content\/uploads\/sites\/5\/2026\/03\/STR_5898.jpg');<!-- [et_pb_line_break_holder] -->  \/* Esempio WordPress:<!-- [et_pb_line_break_holder] -->     url('https:\/\/www.sottocostapescara.it\/wp-content\/uploads\/card-programma.jpg') *\/<!-- [et_pb_line_break_holder] -->}<!-- [et_pb_line_break_holder] --><!-- [et_pb_line_break_holder] -->.sc-card-2 .sc-card-bg {<!-- [et_pb_line_break_holder] -->  background-image: url('https:\/\/www.sottocostapescara.it\/pescara\/wp-content\/uploads\/sites\/5\/2026\/03\/sottocosta_62.jpg');<!-- [et_pb_line_break_holder] -->  \/* Esempio WordPress:<!-- [et_pb_line_break_holder] -->     url('https:\/\/www.sottocostapescara.it\/wp-content\/uploads\/card-attivita.jpg') *\/<!-- [et_pb_line_break_holder] -->}<!-- [et_pb_line_break_holder] --><!-- [et_pb_line_break_holder] -->.sc-card-3 .sc-card-bg {<!-- [et_pb_line_break_holder] -->  background-image: url('https:\/\/www.sottocostapescara.it\/pescara\/wp-content\/uploads\/sites\/5\/2026\/03\/L1006612.jpg');<!-- [et_pb_line_break_holder] -->  \/* Esempio WordPress:<!-- [et_pb_line_break_holder] -->     url('https:\/\/www.sottocostapescara.it\/wp-content\/uploads\/card-espositori.jpg') *\/<!-- [et_pb_line_break_holder] -->}<!-- [et_pb_line_break_holder] --><!-- [et_pb_line_break_holder] -->\/* \u2500\u2500\u2500\u2500\u2500\u2500\u2500\u2500\u2500\u2500\u2500\u2500\u2500\u2500\u2500\u2500\u2500\u2500\u2500\u2500\u2500\u2500\u2500\u2500\u2500\u2500\u2500\u2500\u2500\u2500\u2500\u2500\u2500\u2500\u2500\u2500\u2500\u2500\u2500\u2500\u2500<!-- [et_pb_line_break_holder] -->   FINE SEZIONE IMMAGINI<!-- [et_pb_line_break_holder] -->   \u2500\u2500\u2500\u2500\u2500\u2500\u2500\u2500\u2500\u2500\u2500\u2500\u2500\u2500\u2500\u2500\u2500\u2500\u2500\u2500\u2500\u2500\u2500\u2500\u2500\u2500\u2500\u2500\u2500\u2500\u2500\u2500\u2500\u2500\u2500\u2500\u2500\u2500\u2500\u2500\u2500 *\/<!-- [et_pb_line_break_holder] --><!-- [et_pb_line_break_holder] -->.sc-card-bg {<!-- [et_pb_line_break_holder] -->  position: absolute;<!-- [et_pb_line_break_holder] -->  inset: 0;<!-- [et_pb_line_break_holder] -->  background-size: cover;<!-- [et_pb_line_break_holder] -->  background-position: center center;<!-- [et_pb_line_break_holder] -->  background-color: #0a3d63; \/* colore fallback se immagine non carica *\/<!-- [et_pb_line_break_holder] -->  transition: transform 0.6s ease;<!-- [et_pb_line_break_holder] -->}<!-- [et_pb_line_break_holder] --><!-- [et_pb_line_break_holder] -->.sc-card:hover .sc-card-bg {<!-- [et_pb_line_break_holder] -->  transform: scale(1.06);<!-- [et_pb_line_break_holder] -->}<!-- [et_pb_line_break_holder] --><!-- [et_pb_line_break_holder] -->.sc-card-overlay {<!-- [et_pb_line_break_holder] -->  position: absolute;<!-- [et_pb_line_break_holder] -->  inset: 0;<!-- [et_pb_line_break_holder] -->  background: linear-gradient(<!-- [et_pb_line_break_holder] -->    to top,<!-- [et_pb_line_break_holder] -->    rgba(10, 30, 50, 0.93) 0%,<!-- [et_pb_line_break_holder] -->    rgba(10, 30, 50, 0.50) 40%,<!-- [et_pb_line_break_holder] -->    rgba(10, 30, 50, 0.15) 100%<!-- [et_pb_line_break_holder] -->  );<!-- [et_pb_line_break_holder] -->  transition: background 0.4s ease;<!-- [et_pb_line_break_holder] -->}<!-- [et_pb_line_break_holder] --><!-- [et_pb_line_break_holder] -->.sc-card:hover .sc-card-overlay {<!-- [et_pb_line_break_holder] -->  background: linear-gradient(<!-- [et_pb_line_break_holder] -->    to top,<!-- [et_pb_line_break_holder] -->    rgba(10, 30, 50, 0.97) 0%,<!-- [et_pb_line_break_holder] -->    rgba(10, 30, 50, 0.65) 55%,<!-- [et_pb_line_break_holder] -->    rgba(10, 30, 50, 0.28) 100%<!-- [et_pb_line_break_holder] -->  );<!-- [et_pb_line_break_holder] -->}<!-- [et_pb_line_break_holder] --><!-- [et_pb_line_break_holder] -->.sc-card-sep {<!-- [et_pb_line_break_holder] -->  position: absolute;<!-- [et_pb_line_break_holder] -->  top: 0; right: 0;<!-- [et_pb_line_break_holder] -->  width: 1px; height: 100%;<!-- [et_pb_line_break_holder] -->  background: rgba(255, 255, 255, 0.12);<!-- [et_pb_line_break_holder] -->  pointer-events: none;<!-- [et_pb_line_break_holder] -->}<!-- [et_pb_line_break_holder] --><!-- [et_pb_line_break_holder] -->.sc-card-content {<!-- [et_pb_line_break_holder] -->  position: absolute;<!-- [et_pb_line_break_holder] -->  bottom: 0; left: 0; right: 0;<!-- [et_pb_line_break_holder] -->  padding: 2.25rem 2rem;<!-- [et_pb_line_break_holder] -->  color: #fff;<!-- [et_pb_line_break_holder] -->}<!-- [et_pb_line_break_holder] --><!-- [et_pb_line_break_holder] -->.sc-card-num {<!-- [et_pb_line_break_holder] -->  display: block;<!-- [et_pb_line_break_holder] -->  font-size: 11px;<!-- [et_pb_line_break_holder] -->  font-weight: 600;<!-- [et_pb_line_break_holder] -->  letter-spacing: 0.20em;<!-- [et_pb_line_break_holder] -->  text-transform: uppercase;<!-- [et_pb_line_break_holder] -->  color: #c8a96e;<!-- [et_pb_line_break_holder] -->  margin-bottom: 0.6rem;<!-- [et_pb_line_break_holder] -->}<!-- [et_pb_line_break_holder] --><!-- [et_pb_line_break_holder] -->.sc-card-title {<!-- [et_pb_line_break_holder] -->  font-size: 26px;<!-- [et_pb_line_break_holder] -->  font-weight: 600;<!-- [et_pb_line_break_holder] -->  line-height: 1.2;<!-- [et_pb_line_break_holder] -->  margin: 0 0 0.8rem;<!-- [et_pb_line_break_holder] -->  color: #ffffff;<!-- [et_pb_line_break_holder] -->}<!-- [et_pb_line_break_holder] --><!-- [et_pb_line_break_holder] -->.sc-card-desc {<!-- [et_pb_line_break_holder] -->  font-size: 14px;<!-- [et_pb_line_break_holder] -->  line-height: 1.65;<!-- [et_pb_line_break_holder] -->  color: rgba(255, 255, 255, 0.75);<!-- [et_pb_line_break_holder] -->  margin: 0 0 1.25rem;<!-- [et_pb_line_break_holder] -->  max-height: 0;<!-- [et_pb_line_break_holder] -->  overflow: hidden;<!-- [et_pb_line_break_holder] -->  opacity: 0;<!-- [et_pb_line_break_holder] -->  transition: max-height 0.45s ease, opacity 0.45s ease;<!-- [et_pb_line_break_holder] -->}<!-- [et_pb_line_break_holder] --><!-- [et_pb_line_break_holder] -->.sc-card:hover .sc-card-desc {<!-- [et_pb_line_break_holder] -->  max-height: 100px;<!-- [et_pb_line_break_holder] -->  opacity: 1;<!-- [et_pb_line_break_holder] -->}<!-- [et_pb_line_break_holder] --><!-- [et_pb_line_break_holder] -->.sc-card-cta {<!-- [et_pb_line_break_holder] -->  display: inline-flex;<!-- [et_pb_line_break_holder] -->  align-items: center;<!-- [et_pb_line_break_holder] -->  gap: 8px;<!-- [et_pb_line_break_holder] -->  font-size: 12px;<!-- [et_pb_line_break_holder] -->  font-weight: 600;<!-- [et_pb_line_break_holder] -->  letter-spacing: 0.12em;<!-- [et_pb_line_break_holder] -->  text-transform: uppercase;<!-- [et_pb_line_break_holder] -->  color: #c8a96e;<!-- [et_pb_line_break_holder] -->  border-bottom: 1px solid rgba(200, 169, 110, 0.45);<!-- [et_pb_line_break_holder] -->  padding-bottom: 3px;<!-- [et_pb_line_break_holder] -->  transition: gap 0.3s ease, border-color 0.3s ease;<!-- [et_pb_line_break_holder] -->}<!-- [et_pb_line_break_holder] --><!-- [et_pb_line_break_holder] -->.sc-card:hover .sc-card-cta {<!-- [et_pb_line_break_holder] -->  gap: 16px;<!-- [et_pb_line_break_holder] -->  border-color: rgba(200, 169, 110, 1);<!-- [et_pb_line_break_holder] -->}<!-- [et_pb_line_break_holder] --><!-- [et_pb_line_break_holder] -->.sc-card-cta-arrow {<!-- [et_pb_line_break_holder] -->  font-style: normal;<!-- [et_pb_line_break_holder] -->  font-size: 16px;<!-- [et_pb_line_break_holder] -->  line-height: 1;<!-- [et_pb_line_break_holder] -->  transition: transform 0.3s ease;<!-- [et_pb_line_break_holder] -->}<!-- [et_pb_line_break_holder] --><!-- [et_pb_line_break_holder] -->.sc-card:hover .sc-card-cta-arrow {<!-- [et_pb_line_break_holder] -->  transform: translateX(4px);<!-- [et_pb_line_break_holder] -->}<!-- [et_pb_line_break_holder] --><!-- [et_pb_line_break_holder] -->\/* \u2500\u2500\u2500\u2500\u2500\u2500\u2500\u2500\u2500\u2500\u2500\u2500\u2500\u2500\u2500\u2500\u2500\u2500\u2500\u2500\u2500\u2500\u2500\u2500\u2500\u2500\u2500\u2500\u2500\u2500\u2500\u2500\u2500\u2500\u2500\u2500\u2500\u2500\u2500\u2500\u2500<!-- [et_pb_line_break_holder] -->   MOBILE \u2014 breakpoint 768px<!-- [et_pb_line_break_holder] -->   Le card si impilano in colonna singola<!-- [et_pb_line_break_holder] -->   \u2500\u2500\u2500\u2500\u2500\u2500\u2500\u2500\u2500\u2500\u2500\u2500\u2500\u2500\u2500\u2500\u2500\u2500\u2500\u2500\u2500\u2500\u2500\u2500\u2500\u2500\u2500\u2500\u2500\u2500\u2500\u2500\u2500\u2500\u2500\u2500\u2500\u2500\u2500\u2500\u2500 *\/<!-- [et_pb_line_break_holder] --><!-- [et_pb_line_break_holder] -->@media (max-width: 768px) {<!-- [et_pb_line_break_holder] -->  .sc-cards-grid {<!-- [et_pb_line_break_holder] -->    grid-template-columns: 1fr;<!-- [et_pb_line_break_holder] -->  }<!-- [et_pb_line_break_holder] -->  .sc-card {<!-- [et_pb_line_break_holder] -->    min-height: 300px;<!-- [et_pb_line_break_holder] -->  }<!-- [et_pb_line_break_holder] -->  .sc-card-sep {<!-- [et_pb_line_break_holder] -->    display: none;<!-- [et_pb_line_break_holder] -->  }<!-- [et_pb_line_break_holder] -->  .sc-card-title {<!-- [et_pb_line_break_holder] -->    font-size: 22px;<!-- [et_pb_line_break_holder] -->  }<!-- [et_pb_line_break_holder] -->  \/* Su mobile mostra sempre la descrizione (no hover) *\/<!-- [et_pb_line_break_holder] -->  .sc-card-desc {<!-- [et_pb_line_break_holder] -->    max-height: 100px;<!-- [et_pb_line_break_holder] -->    opacity: 1;<!-- [et_pb_line_break_holder] -->  }<!-- [et_pb_line_break_holder] -->  .sc-card-content {<!-- [et_pb_line_break_holder] -->    padding: 1.75rem 1.5rem;<!-- [et_pb_line_break_holder] -->  }<!-- [et_pb_line_break_holder] -->}<!-- [et_pb_line_break_holder] --><\/style>\n<p><!-- [et_pb_line_break_holder] --><!-- [et_pb_line_break_holder] --><\/p>\n<div class=\"sc-cards-grid\"><!-- [et_pb_line_break_holder] --><!-- [et_pb_line_break_holder] -->  <!-- \u2500\u2500 CARD 1: IL PROGRAMMA \u2500\u2500 --><!-- [et_pb_line_break_holder] -->  <!-- Modifica href con il permalink della pagina Programma --><!-- [et_pb_line_break_holder] -->  <a class=\"sc-card sc-card-1\" href=\"\/pescara\/programma-2026\/\"><!-- [et_pb_line_break_holder] -->    <\/p>\n<div class=\"sc-card-bg\"><\/div>\n<p><!-- [et_pb_line_break_holder] -->    <\/p>\n<div class=\"sc-card-overlay\"><\/div>\n<p><!-- [et_pb_line_break_holder] -->    <\/p>\n<div class=\"sc-card-sep\"><\/div>\n<p><!-- [et_pb_line_break_holder] -->    <\/p>\n<div class=\"sc-card-content\"><!-- [et_pb_line_break_holder] -->      <span class=\"sc-card-num\">Appuntamenti<\/span><!-- [et_pb_line_break_holder] -->      <\/p>\n<h3 class=\"sc-card-title\">Il programma<\/h3>\n<p><!-- [et_pb_line_break_holder] -->      <pee class=\"sc-card-desc\">Tre giorni di eventi, convegni, cerimonie e spettacoli al Porto Turistico Marina di Pescara.<\/pee><!-- [et_pb_line_break_holder] -->      <span class=\"sc-card-cta\">Scopri gli eventi <i class=\"sc-card-cta-arrow\">\u2192<\/i><\/span><!-- [et_pb_line_break_holder] -->    <\/div>\n<p><!-- [et_pb_line_break_holder] -->  <\/a><!-- [et_pb_line_break_holder] --><!-- [et_pb_line_break_holder] -->  <!-- \u2500\u2500 CARD 2: COSA VEDERE E FARE \u2500\u2500 --><!-- [et_pb_line_break_holder] -->  <!-- Modifica href con il permalink della pagina Cosa fare --><!-- [et_pb_line_break_holder] -->  <a class=\"sc-card sc-card-2\" href=\"\/pescara\/cosa-vedere-e-fare-a-sottocosta\/\"><!-- [et_pb_line_break_holder] -->    <\/p>\n<div class=\"sc-card-bg\"><\/div>\n<p><!-- [et_pb_line_break_holder] -->    <\/p>\n<div class=\"sc-card-overlay\"><\/div>\n<p><!-- [et_pb_line_break_holder] -->    <\/p>\n<div class=\"sc-card-sep\"><\/div>\n<p><!-- [et_pb_line_break_holder] -->    <\/p>\n<div class=\"sc-card-content\"><!-- [et_pb_line_break_holder] -->      <span class=\"sc-card-num\">Attivit\u00e0 &#038; esperienze<\/span><!-- [et_pb_line_break_holder] -->      <\/p>\n<h3 class=\"sc-card-title\">Cosa vedere e fare<\/h3>\n<p><!-- [et_pb_line_break_holder] -->      <pee class=\"sc-card-desc\">Battesimo del mare, rilascio tartarughe, vela inclusiva, workshop e cooking show.<\/pee><!-- [et_pb_line_break_holder] -->      <span class=\"sc-card-cta\">Esplora le attivit\u00e0 <i class=\"sc-card-cta-arrow\">\u2192<\/i><\/span><!-- [et_pb_line_break_holder] -->    <\/div>\n<p><!-- [et_pb_line_break_holder] -->  <\/a><!-- [et_pb_line_break_holder] --><!-- [et_pb_line_break_holder] -->  <!-- \u2500\u2500 CARD 3: ESPOSITORI \u2500\u2500 --><!-- [et_pb_line_break_holder] -->  <!-- Modifica href con il permalink della pagina Espositori --><!-- [et_pb_line_break_holder] -->  <a class=\"sc-card sc-card-3\" href=\"\/pescara\/catalogo-espositori-2026\/\"><!-- [et_pb_line_break_holder] -->    <\/p>\n<div class=\"sc-card-bg\"><\/div>\n<p><!-- [et_pb_line_break_holder] -->    <\/p>\n<div class=\"sc-card-overlay\"><\/div>\n<p><!-- [et_pb_line_break_holder] -->    <\/p>\n<div class=\"sc-card-content\"><!-- [et_pb_line_break_holder] -->      <span class=\"sc-card-num\">Spazio espositivo<\/span><!-- [et_pb_line_break_holder] -->      <\/p>\n<h3 class=\"sc-card-title\">Gli espositori<\/h3>\n<p><!-- [et_pb_line_break_holder] -->      <pee class=\"sc-card-desc\">Natanti, imbarcazioni, motori, accessori, moda mare e tech nautica: tutte le aziende presenti.<\/pee><!-- [et_pb_line_break_holder] -->      <span class=\"sc-card-cta\">Vedi l&#8217;elenco <i class=\"sc-card-cta-arrow\">\u2192<\/i><\/span><!-- [et_pb_line_break_holder] -->    <\/div>\n<p><!-- [et_pb_line_break_holder] -->  <\/a><!-- [et_pb_line_break_holder] --><!-- [et_pb_line_break_holder] --><\/div>\n<p><!-- [et_pb_line_break_holder] --><!-- [et_pb_line_break_holder] --><!-- ============================================================<!-- [et_pb_line_break_holder] -->     FINE CODICE DA INCOLLARE IN DIVI<!-- [et_pb_line_break_holder] -->     ============================================================ &#8211;><!-- [et_pb_line_break_holder] --><!-- [et_pb_line_break_holder] --><\/body><!-- [et_pb_line_break_holder] --><\/html>[\/et_pb_code][\/et_pb_column][\/et_pb_row][\/et_pb_section][et_pb_section fb_built=&#8221;1&#8243; disabled_on=&#8221;off|off|off&#8221; _builder_version=&#8221;4.27.6&#8243; _module_preset=&#8221;default&#8221; background_color=&#8221;#0d1b2a&#8221; use_background_color_gradient=&#8221;on&#8221; background_color_gradient_direction=&#8221;135deg&#8221; background_color_gradient_stops=&#8221;#0d1b2a 0%|#0a3d63 60%|#0d1b2a 100%&#8221; custom_padding=&#8221;0px||0px|2px|false|false&#8221; global_colors_info=&#8221;{}&#8221;][et_pb_row use_custom_gutter=&#8221;on&#8221; make_equal=&#8221;on&#8221; _builder_version=&#8221;4.27.6&#8243; _module_preset=&#8221;default&#8221; width=&#8221;100%&#8221; max_width=&#8221;1240px&#8221; custom_padding=&#8221;0px||0px||true|false&#8221; global_colors_info=&#8221;{}&#8221;][et_pb_column type=&#8221;4_4&#8243; _builder_version=&#8221;4.27.6&#8243; _module_preset=&#8221;default&#8221; global_colors_info=&#8221;{}&#8221;][et_pb_code _builder_version=&#8221;4.27.6&#8243; _module_preset=&#8221;default&#8221; width=&#8221;100%&#8221; max_width=&#8221;100%&#8221; global_colors_info=&#8221;{}&#8221;]<!-- ============================================================<!-- [et_pb_line_break_holder] -->     SEZIONE HIGHLIGHTS \u2014 HOME PAGE SOTTOCOSTA XII<!-- [et_pb_line_break_holder] -->     9 card testo, sfondo scuro, nessuna immagine<!-- [et_pb_line_break_holder] -->     Incolla in un modulo Codice Divi<!-- [et_pb_line_break_holder] -->     ============================================================ &#8211;><!-- [et_pb_line_break_holder] --><!-- [et_pb_line_break_holder] --><\/p>\n<style><!-- [et_pb_line_break_holder] -->.sc-hl-section {<!-- [et_pb_line_break_holder] -->  font-family: 'Ubuntu', sans-serif;<!-- [et_pb_line_break_holder] -->  <!-- [et_pb_line_break_holder] -->  padding: 4rem 2rem;<!-- [et_pb_line_break_holder] -->  box-sizing: border-box;<!-- [et_pb_line_break_holder] -->}<!-- [et_pb_line_break_holder] --><!-- [et_pb_line_break_holder] -->.sc-hl-header {<!-- [et_pb_line_break_holder] -->  text-align: center;<!-- [et_pb_line_break_holder] -->  margin-bottom: 3rem;<!-- [et_pb_line_break_holder] -->}<!-- [et_pb_line_break_holder] --><!-- [et_pb_line_break_holder] -->.sc-hl-eyebrow {<!-- [et_pb_line_break_holder] -->  display: inline-block;<!-- [et_pb_line_break_holder] -->  font-size: 11px;<!-- [et_pb_line_break_holder] -->  font-weight: 700;<!-- [et_pb_line_break_holder] -->  letter-spacing: 0.22em;<!-- [et_pb_line_break_holder] -->  text-transform: uppercase;<!-- [et_pb_line_break_holder] -->  color: #c8a96e;<!-- [et_pb_line_break_holder] -->  margin-bottom: 0.75rem;<!-- [et_pb_line_break_holder] -->}<!-- [et_pb_line_break_holder] --><!-- [et_pb_line_break_holder] -->.sc-hl-title {<!-- [et_pb_line_break_holder] -->  font-size: 40px;<!-- [et_pb_line_break_holder] -->  font-weight: 700;<!-- [et_pb_line_break_holder] -->  color: #ffffff;<!-- [et_pb_line_break_holder] -->  margin: 0 0 0.5rem;<!-- [et_pb_line_break_holder] -->  line-height: 1.2;<!-- [et_pb_line_break_holder] -->}<!-- [et_pb_line_break_holder] --><!-- [et_pb_line_break_holder] -->.sc-hl-subtitle {<!-- [et_pb_line_break_holder] -->  font-size: 18px;<!-- [et_pb_line_break_holder] -->  color: rgba(255,255,255,0.55);<!-- [et_pb_line_break_holder] -->  margin: 0;<!-- [et_pb_line_break_holder] -->}<!-- [et_pb_line_break_holder] --><!-- [et_pb_line_break_holder] -->\/* \u2500\u2500 Legenda \u2500\u2500 *\/<!-- [et_pb_line_break_holder] -->.sc-hl-legend {<!-- [et_pb_line_break_holder] -->  display: flex;<!-- [et_pb_line_break_holder] -->  justify-content: center;<!-- [et_pb_line_break_holder] -->  gap: 1.5rem;<!-- [et_pb_line_break_holder] -->  margin-bottom: 2.5rem;<!-- [et_pb_line_break_holder] -->  flex-wrap: wrap;<!-- [et_pb_line_break_holder] -->}<!-- [et_pb_line_break_holder] -->.sc-hl-legend-item {<!-- [et_pb_line_break_holder] -->  display: flex;<!-- [et_pb_line_break_holder] -->  align-items: center;<!-- [et_pb_line_break_holder] -->  gap: 6px;<!-- [et_pb_line_break_holder] -->  font-size: 14px;<!-- [et_pb_line_break_holder] -->  color: rgba(255,255,255,0.55);<!-- [et_pb_line_break_holder] -->}<!-- [et_pb_line_break_holder] -->.sc-hl-legend-dot {<!-- [et_pb_line_break_holder] -->  width: 8px; height: 8px;<!-- [et_pb_line_break_holder] -->  border-radius: 50%;<!-- [et_pb_line_break_holder] -->  flex-shrink: 0;<!-- [et_pb_line_break_holder] -->}<!-- [et_pb_line_break_holder] --><!-- [et_pb_line_break_holder] -->\/* \u2500\u2500 Griglia \u2500\u2500 *\/<!-- [et_pb_line_break_holder] -->.sc-hl-grid {<!-- [et_pb_line_break_holder] -->  display: grid;<!-- [et_pb_line_break_holder] -->  grid-template-columns: repeat(3, 1fr);<!-- [et_pb_line_break_holder] -->  gap: 1px;<!-- [et_pb_line_break_holder] -->  background: rgba(255,255,255,0.08);<!-- [et_pb_line_break_holder] -->  border: 1px solid rgba(255,255,255,0.08);<!-- [et_pb_line_break_holder] -->  max-width: 1100px;<!-- [et_pb_line_break_holder] -->  margin: 0 auto 3rem;<!-- [et_pb_line_break_holder] -->}<!-- [et_pb_line_break_holder] --><!-- [et_pb_line_break_holder] -->\/* \u2550\u2550\u2550\u2550\u2550\u2550\u2550\u2550\u2550\u2550\u2550\u2550\u2550\u2550\u2550\u2550\u2550\u2550\u2550\u2550\u2550\u2550\u2550\u2550\u2550\u2550\u2550\u2550\u2550\u2550\u2550\u2550\u2550\u2550\u2550\u2550<!-- [et_pb_line_break_holder] -->   CARD TESTO (default)<!-- [et_pb_line_break_holder] -->   \u2550\u2550\u2550\u2550\u2550\u2550\u2550\u2550\u2550\u2550\u2550\u2550\u2550\u2550\u2550\u2550\u2550\u2550\u2550\u2550\u2550\u2550\u2550\u2550\u2550\u2550\u2550\u2550\u2550\u2550\u2550\u2550\u2550\u2550\u2550\u2550 *\/<!-- [et_pb_line_break_holder] -->.sc-hl-item {<!-- [et_pb_line_break_holder] -->  background: #0d1b2a;<!-- [et_pb_line_break_holder] -->  padding: 1.75rem 1.5rem;<!-- [et_pb_line_break_holder] -->  position: relative;<!-- [et_pb_line_break_holder] -->  transition: background 0.3s ease;<!-- [et_pb_line_break_holder] -->  min-height: 220px;<!-- [et_pb_line_break_holder] -->  box-sizing: border-box;<!-- [et_pb_line_break_holder] -->  display: flex;<!-- [et_pb_line_break_holder] -->  flex-direction: column;<!-- [et_pb_line_break_holder] -->  justify-content: flex-start;<!-- [et_pb_line_break_holder] -->}<!-- [et_pb_line_break_holder] -->.sc-hl-item:hover { background: #122336; }<!-- [et_pb_line_break_holder] --><!-- [et_pb_line_break_holder] -->.sc-hl-item::before {<!-- [et_pb_line_break_holder] -->  content: '';<!-- [et_pb_line_break_holder] -->  position: absolute;<!-- [et_pb_line_break_holder] -->  top: 1.75rem; left: 0;<!-- [et_pb_line_break_holder] -->  width: 3px;<!-- [et_pb_line_break_holder] -->  height: calc(100% - 3.5rem);<!-- [et_pb_line_break_holder] -->  border-radius: 0 2px 2px 0;<!-- [et_pb_line_break_holder] -->}<!-- [et_pb_line_break_holder] -->.sc-hl-ven::before  { background: #2e8ecf; }<!-- [et_pb_line_break_holder] -->.sc-hl-sab::before  { background: #c8a96e; }<!-- [et_pb_line_break_holder] -->.sc-hl-dom::before  { background: #1a9e6e; }<!-- [et_pb_line_break_holder] -->.sc-hl-all::before  { background: #8a6fcf; }<!-- [et_pb_line_break_holder] --><!-- [et_pb_line_break_holder] -->.sc-hl-day {<!-- [et_pb_line_break_holder] -->  display: inline-block;<!-- [et_pb_line_break_holder] -->  font-size: 12px;<!-- [et_pb_line_break_holder] -->  font-weight: 700;<!-- [et_pb_line_break_holder] -->  letter-spacing: 0.18em;<!-- [et_pb_line_break_holder] -->  text-transform: uppercase;<!-- [et_pb_line_break_holder] -->  margin-bottom: 0.6rem;<!-- [et_pb_line_break_holder] -->  padding: 3px 8px;<!-- [et_pb_line_break_holder] -->  border-radius: 3px;<!-- [et_pb_line_break_holder] -->  align-self: flex-start;<!-- [et_pb_line_break_holder] -->}<!-- [et_pb_line_break_holder] -->.sc-hl-ven .sc-hl-day { color: #2e8ecf; background: rgba(46,142,207,0.12); }<!-- [et_pb_line_break_holder] -->.sc-hl-sab .sc-hl-day { color: #c8a96e; background: rgba(200,169,110,0.12); }<!-- [et_pb_line_break_holder] -->.sc-hl-dom .sc-hl-day { color: #1a9e6e; background: rgba(26,158,110,0.12); }<!-- [et_pb_line_break_holder] -->.sc-hl-all .sc-hl-day { color: #a08de0; background: rgba(138,111,207,0.12); }<!-- [et_pb_line_break_holder] --><!-- [et_pb_line_break_holder] -->.sc-hl-time {<!-- [et_pb_line_break_holder] -->  display: block;<!-- [et_pb_line_break_holder] -->  font-size: 22px;<!-- [et_pb_line_break_holder] -->  font-weight: 700;<!-- [et_pb_line_break_holder] -->  color: #ffffff;<!-- [et_pb_line_break_holder] -->  margin-bottom: 0.3rem;<!-- [et_pb_line_break_holder] -->  line-height: 1;<!-- [et_pb_line_break_holder] -->}<!-- [et_pb_line_break_holder] -->.sc-hl-name {<!-- [et_pb_line_break_holder] -->  font-size: 14px;<!-- [et_pb_line_break_holder] -->  font-weight: 700;<!-- [et_pb_line_break_holder] -->  color: #ffffff;<!-- [et_pb_line_break_holder] -->  margin: 0 0 0.4rem;<!-- [et_pb_line_break_holder] -->  line-height: 1.35;<!-- [et_pb_line_break_holder] -->}<!-- [et_pb_line_break_holder] -->.sc-hl-desc {<!-- [et_pb_line_break_holder] -->  font-size: 13px;<!-- [et_pb_line_break_holder] -->  color: rgba(255,255,255,0.55);<!-- [et_pb_line_break_holder] -->  margin: 0;<!-- [et_pb_line_break_holder] -->  line-height: 1.55;<!-- [et_pb_line_break_holder] -->}<!-- [et_pb_line_break_holder] --><!-- [et_pb_line_break_holder] --><!-- [et_pb_line_break_holder] -->\/* \u2500\u2500 CTA \u2500\u2500 *\/<!-- [et_pb_line_break_holder] -->.sc-hl-cta-wrap { text-align: center; }<!-- [et_pb_line_break_holder] -->.sc-hl-cta {<!-- [et_pb_line_break_holder] -->  display: inline-flex;<!-- [et_pb_line_break_holder] -->  align-items: center;<!-- [et_pb_line_break_holder] -->  gap: 10px;<!-- [et_pb_line_break_holder] -->  font-family: 'Ubuntu', sans-serif;<!-- [et_pb_line_break_holder] -->  font-size: 16px;<!-- [et_pb_line_break_holder] -->  font-weight: 700;<!-- [et_pb_line_break_holder] -->  letter-spacing: 0.05em;<!-- [et_pb_line_break_holder] -->  text-transform: uppercase;<!-- [et_pb_line_break_holder] -->  color: #0d1b2a;<!-- [et_pb_line_break_holder] -->  background: #c8a96e;<!-- [et_pb_line_break_holder] -->  padding: 14px 32px;<!-- [et_pb_line_break_holder] -->  border-radius: 2px;<!-- [et_pb_line_break_holder] -->  text-decoration: none;<!-- [et_pb_line_break_holder] -->  transition: background 0.25s ease, gap 0.25s ease;<!-- [et_pb_line_break_holder] -->}<!-- [et_pb_line_break_holder] -->.sc-hl-cta:hover { background: #d9bc85; gap: 16px; }<!-- [et_pb_line_break_holder] -->.sc-hl-cta-arrow { font-style: normal; font-size: 16px; }<!-- [et_pb_line_break_holder] --><!-- [et_pb_line_break_holder] -->\/* \u2500\u2500 Responsive \u2500\u2500 *\/<!-- [et_pb_line_break_holder] -->@media (max-width: 900px) {<!-- [et_pb_line_break_holder] -->  .sc-hl-grid { grid-template-columns: repeat(2, 1fr); }<!-- [et_pb_line_break_holder] -->}<!-- [et_pb_line_break_holder] -->@media (max-width: 580px) {<!-- [et_pb_line_break_holder] -->  .sc-hl-section { padding: 3rem 1.25rem; }<!-- [et_pb_line_break_holder] -->  .sc-hl-grid    { grid-template-columns: 1fr; }<!-- [et_pb_line_break_holder] -->  .sc-hl-title   { font-size: 24px; }<!-- [et_pb_line_break_holder] -->  .sc-hl-legend  { gap: 1rem; }<!-- [et_pb_line_break_holder] --><!-- [et_pb_line_break_holder] -->}<!-- [et_pb_line_break_holder] --><\/style>\n<p><!-- [et_pb_line_break_holder] --><!-- [et_pb_line_break_holder] --><\/p>\n<div class=\"sc-hl-section\"><!-- [et_pb_line_break_holder] --><!-- [et_pb_line_break_holder] -->  <\/p>\n<div class=\"sc-hl-header\"><!-- [et_pb_line_break_holder] -->    <\/p>\n<h2 class=\"sc-hl-title\">I momenti da non perdere<\/h2>\n<p><!-- [et_pb_line_break_holder] -->    <pee class=\"sc-hl-subtitle\">Una selezione degli appuntamenti principali della manifestazione<\/pee><!-- [et_pb_line_break_holder] -->  <\/div>\n<p><!-- [et_pb_line_break_holder] --><!-- [et_pb_line_break_holder] -->  <\/p>\n<div class=\"sc-hl-legend\"><!-- [et_pb_line_break_holder] -->    <span class=\"sc-hl-legend-item\"><span class=\"sc-hl-legend-dot\" style=\"background:#2e8ecf\"><\/span>Venerd\u00ec 24<\/span><!-- [et_pb_line_break_holder] -->    <span class=\"sc-hl-legend-item\"><span class=\"sc-hl-legend-dot\" style=\"background:#c8a96e\"><\/span>Sabato 25<\/span><!-- [et_pb_line_break_holder] -->    <span class=\"sc-hl-legend-item\"><span class=\"sc-hl-legend-dot\" style=\"background:#1a9e6e\"><\/span>Domenica 26<\/span><!-- [et_pb_line_break_holder] -->    <span class=\"sc-hl-legend-item\"><span class=\"sc-hl-legend-dot\" style=\"background:#8a6fcf\"><\/span>Tutti i giorni<\/span><!-- [et_pb_line_break_holder] -->  <\/div>\n<p><!-- [et_pb_line_break_holder] --><!-- [et_pb_line_break_holder] -->  <\/p>\n<div class=\"sc-hl-grid\"><!-- [et_pb_line_break_holder] --><!-- [et_pb_line_break_holder] -->    <!-- \u2460 TESTO \u00b7 Venerd\u00ec mattina --><!-- [et_pb_line_break_holder] -->    <\/p>\n<div class=\"sc-hl-item sc-hl-ven\"><!-- [et_pb_line_break_holder] -->      <span class=\"sc-hl-day\">Venerd\u00ec 24<\/span><!-- [et_pb_line_break_holder] -->      <span class=\"sc-hl-time\">Mattina<\/span><!-- [et_pb_line_break_holder] -->      <pee class=\"sc-hl-name\">Apertura &#038; formazione: l&#8217;Economia del Mare<\/pee><!-- [et_pb_line_break_holder] -->      <pee class=\"sc-hl-desc\">Saluti istituzionali e segmento dedicato ai mestieri del futuro in ambito marino con 4 ITS abruzzesi e campani.<\/pee><!-- [et_pb_line_break_holder] -->    <\/div>\n<p><!-- [et_pb_line_break_holder] --><!-- [et_pb_line_break_holder] -->    <!-- \u2461 TESTO \u00b7 Venerd\u00ec sera --><!-- [et_pb_line_break_holder] -->    <\/p>\n<div class=\"sc-hl-item sc-hl-ven\"><!-- [et_pb_line_break_holder] -->      <span class=\"sc-hl-day\">Venerd\u00ec 24<\/span><!-- [et_pb_line_break_holder] -->      <span class=\"sc-hl-time\">Sera<\/span><!-- [et_pb_line_break_holder] -->      <pee class=\"sc-hl-name\">Serata di gala FIPSAS<\/pee><!-- [et_pb_line_break_holder] -->      <pee class=\"sc-hl-desc\">Premiazioni e filmati emozionali della Federazione Italiana Pesca Sportiva e Attivit\u00e0 Subacquee. Padiglione Becci.<\/pee><!-- [et_pb_line_break_holder] -->    <\/div>\n<p><!-- [et_pb_line_break_holder] --><!-- [et_pb_line_break_holder] -->    <!-- \u2462 TESTO \u00b7 Seminario Waterfront --><!-- [et_pb_line_break_holder] -->    <\/p>\n<div class=\"sc-hl-item sc-hl-sab\"><!-- [et_pb_line_break_holder] -->      <span class=\"sc-hl-day\">Sabato 25 \u00b7 10:30<\/span><!-- [et_pb_line_break_holder] -->      <span class=\"sc-hl-time\">Seminario<\/span><!-- [et_pb_line_break_holder] -->      <pee class=\"sc-hl-name\">Waterfront + Cerimonie di premiazione<\/pee><!-- [et_pb_line_break_holder] -->      <pee class=\"sc-hl-desc\">3 CFP per ingegneri. Premio Donna del Mare, Premio Carriera, Premio Nazionale Design Nautico.<\/pee><!-- [et_pb_line_break_holder] -->    <\/div>\n<p><!-- [et_pb_line_break_holder] --><!-- [et_pb_line_break_holder] -->    <!-- \u2463 TESTO \u00b7 Battesimo del mare --><!-- [et_pb_line_break_holder] -->    <\/p>\n<div class=\"sc-hl-item sc-hl-all\"><!-- [et_pb_line_break_holder] -->      <span class=\"sc-hl-day\">Sab &#038; Dom \u00b7 11:00\u201317:00<\/span><!-- [et_pb_line_break_holder] -->      <span class=\"sc-hl-time\">In mare<\/span><!-- [et_pb_line_break_holder] -->      <pee class=\"sc-hl-name\">Battesimo del mare \u2014 Vela Inclusiva e per tutti<\/pee><!-- [et_pb_line_break_holder] -->      <pee class=\"sc-hl-desc\">Uscite gratuite in barca a vela per persone con disabilit\u00e0. FIV IX Zona, Assonautica e DiNautica.<\/pee><!-- [et_pb_line_break_holder] -->    <\/div>\n<p><!-- [et_pb_line_break_holder] --><!-- [et_pb_line_break_holder] -->    <!-- \u2464 TESTO \u00b7 Rilascio tartarughe --><!-- [et_pb_line_break_holder] -->    <\/p>\n<div class=\"sc-hl-item sc-hl-all\"><!-- [et_pb_line_break_holder] -->      <span class=\"sc-hl-day\">Tutti i giorni \u00b7 16:30<\/span><!-- [et_pb_line_break_holder] -->      <span class=\"sc-hl-time\">16:30<\/span><!-- [et_pb_line_break_holder] -->      <pee class=\"sc-hl-name\">Rilascio delle Tartarughe Caretta caretta<\/pee><!-- [et_pb_line_break_holder] -->      <pee class=\"sc-hl-desc\">Restituzione al mare delle tartarughe riabilitate dal CRTM &#8220;L. Cagnolaro&#8221;. Centro Studi Cetacei e Capitaneria di Porto.<\/pee><!-- [et_pb_line_break_holder] -->    <\/div>\n<p><!-- [et_pb_line_break_holder] --><!-- [et_pb_line_break_holder] -->    <!-- \u2465 TESTO \u00b7 Gran Gal\u00e0 Vela --><!-- [et_pb_line_break_holder] -->    <\/p>\n<div class=\"sc-hl-item sc-hl-sab\"><!-- [et_pb_line_break_holder] -->      <span class=\"sc-hl-day\">Sabato 25 \u00b7 18:00<\/span><!-- [et_pb_line_break_holder] -->      <span class=\"sc-hl-time\">Gran Gal\u00e0<\/span><!-- [et_pb_line_break_holder] -->      <pee class=\"sc-hl-name\">Le Stelle della vela 2025<\/pee><!-- [et_pb_line_break_holder] -->      <pee class=\"sc-hl-desc\">Premiazione di atleti e circoli velici della FIV \u2013 IX Zona. Padiglione Becci.<\/pee><!-- [et_pb_line_break_holder] -->    <\/div>\n<p><!-- [et_pb_line_break_holder] --><!-- [et_pb_line_break_holder] -->    <!-- \u2466 TESTO \u00b7 Aperitivo Sottocosta --><!-- [et_pb_line_break_holder] -->    <\/p>\n<div class=\"sc-hl-item sc-hl-all\"><!-- [et_pb_line_break_holder] -->      <span class=\"sc-hl-day\">Ven &#038; Dom \u00b7 18:30<\/span><!-- [et_pb_line_break_holder] -->      <span class=\"sc-hl-time\">18:30<\/span><!-- [et_pb_line_break_holder] -->      <pee class=\"sc-hl-name\">Aperitivo Sottocosta<\/pee><!-- [et_pb_line_break_holder] -->      <pee class=\"sc-hl-desc\">Il momento di incontro e networking serale della manifestazione. Ingresso libero per tutti i visitatori.<\/pee><!-- [et_pb_line_break_holder] -->    <\/div>\n<p><!-- [et_pb_line_break_holder] --><!-- [et_pb_line_break_holder] -->    <!-- \u2467 TESTO \u00b7 Cooking show --><!-- [et_pb_line_break_holder] -->    <\/p>\n<div class=\"sc-hl-item sc-hl-dom\"><!-- [et_pb_line_break_holder] -->      <span class=\"sc-hl-day\">Domenica 26 \u00b7 12:00<\/span><!-- [et_pb_line_break_holder] -->      <span class=\"sc-hl-time\">12:00<\/span><!-- [et_pb_line_break_holder] -->      <pee class=\"sc-hl-name\">Cooking Show \u2014 Fish Lab<\/pee><!-- [et_pb_line_break_holder] -->      <pee class=\"sc-hl-desc\">Tradizioni marinare e pesce a miglio zero. FLAG Costa di Pescara, GAL Pesca Abruzzo.<\/pee><!-- [et_pb_line_break_holder] -->    <\/div>\n<p><!-- [et_pb_line_break_holder] --><!-- [et_pb_line_break_holder] -->    <!-- \u2468 TESTO \u00b7 ModaMare --><!-- [et_pb_line_break_holder] -->    <\/p>\n<div class=\"sc-hl-item sc-hl-dom\"><!-- [et_pb_line_break_holder] -->      <span class=\"sc-hl-day\">Domenica 26 \u00b7 18:00<\/span><!-- [et_pb_line_break_holder] -->      <span class=\"sc-hl-time\">Spettacolo<\/span><!-- [et_pb_line_break_holder] -->      <pee class=\"sc-hl-name\">Performance Live &#038; Sfilata ModaMare Estate 2026<\/pee><!-- [et_pb_line_break_holder] -->      <pee class=\"sc-hl-desc\">Moda mare, musica live e spettacolo. The Fashion Management Agency.<\/pee><!-- [et_pb_line_break_holder] -->    <\/div>\n<p><!-- [et_pb_line_break_holder] --><!-- [et_pb_line_break_holder] -->  <\/div>\n<p><!-- [et_pb_line_break_holder] --><!-- [et_pb_line_break_holder] -->  <!-- CTA \u2014 aggiorna href con il permalink della pagina Programma --><!-- [et_pb_line_break_holder] -->  <\/p>\n<div class=\"sc-hl-cta-wrap\"><!-- [et_pb_line_break_holder] -->    <a class=\"sc-hl-cta\" href=\"\/pescara\/programma-2026\"><!-- [et_pb_line_break_holder] -->     Vai al programma completo <i class=\"sc-hl-cta-arrow\">\u2192<\/i><!-- [et_pb_line_break_holder] -->    <\/a><!-- [et_pb_line_break_holder] -->  <\/div>\n<p><!-- [et_pb_line_break_holder] --><!-- [et_pb_line_break_holder] --><\/div>\n<p>[\/et_pb_code][\/et_pb_column][\/et_pb_row][\/et_pb_section][et_pb_section fb_built=&#8221;1&#8243; disabled_on=&#8221;off|off|off&#8221; _builder_version=&#8221;4.27.6&#8243; _module_preset=&#8221;default&#8221; background_color=&#8221;#0d1b2a&#8221; custom_padding=&#8221;0px||0px||true|false&#8221; global_colors_info=&#8221;{}&#8221;][et_pb_row _builder_version=&#8221;4.27.6&#8243; _module_preset=&#8221;default&#8221; width=&#8221;82%&#8221; max_width=&#8221;1100px&#8221; custom_padding=&#8221;0px||0px||true|false&#8221; global_colors_info=&#8221;{}&#8221;][et_pb_column type=&#8221;4_4&#8243; _builder_version=&#8221;4.27.6&#8243; _module_preset=&#8221;default&#8221; global_colors_info=&#8221;{}&#8221;][et_pb_code _builder_version=&#8221;4.27.6&#8243; _module_preset=&#8221;default&#8221; hover_enabled=&#8221;0&#8243; global_colors_info=&#8221;{}&#8221; sticky_enabled=&#8221;0&#8243;]<!-- =====================================================<!-- [et_pb_line_break_holder] -->     SOTTOCOSTA 2026 \u2014 Sezione Home: Salone delle Idee<!-- [et_pb_line_break_holder] -->     Divi Code Module \u2014 Home page<!-- [et_pb_line_break_holder] -->     Posizione consigliata: dopo S3 (bottoni programma\/<!-- [et_pb_line_break_holder] -->     espositori), prima di S4 (numeri di Sottocosta)<!-- [et_pb_line_break_holder] -->     ===================================================== &#8211;><!-- [et_pb_line_break_holder] --><!-- [et_pb_line_break_holder] --><\/p>\n<style><!-- [et_pb_line_break_holder] -->\/* \u2500\u2500 wrapper sezione \u2500\u2500 *\/<!-- [et_pb_line_break_holder] -->.sc-salone-home {<!-- [et_pb_line_break_holder] -->  font-family: 'Ubuntu', sans-serif;<!-- [et_pb_line_break_holder] -->  \/* sfondo a tutta larghezza *\/<!-- [et_pb_line_break_holder] -->  background: #0d1b2a;<!-- [et_pb_line_break_holder] -->  padding: 3em 0 3.2em;<!-- [et_pb_line_break_holder] -->  box-sizing: border-box;<!-- [et_pb_line_break_holder] -->}<!-- [et_pb_line_break_holder] --><!-- [et_pb_line_break_holder] -->\/* contenitore interno limitato a 1240px *\/<!-- [et_pb_line_break_holder] -->.sc-salone-home__inner {<!-- [et_pb_line_break_holder] -->  width: min(1240px, 100%);<!-- [et_pb_line_break_holder] -->  margin: 0 auto;<!-- [et_pb_line_break_holder] -->  padding: 0 2em;<!-- [et_pb_line_break_holder] -->  box-sizing: border-box;<!-- [et_pb_line_break_holder] -->}<!-- [et_pb_line_break_holder] --><!-- [et_pb_line_break_holder] -->@media (max-width: 900px) {<!-- [et_pb_line_break_holder] -->  .sc-salone-home__inner {<!-- [et_pb_line_break_holder] -->    padding: 0 1.2em;<!-- [et_pb_line_break_holder] -->  }<!-- [et_pb_line_break_holder] -->}<!-- [et_pb_line_break_holder] --><!-- [et_pb_line_break_holder] -->\/* \u2500\u2500 intestazione sezione \u2500\u2500 *\/<!-- [et_pb_line_break_holder] -->.sc-salone-home__header {<!-- [et_pb_line_break_holder] -->  display: flex;<!-- [et_pb_line_break_holder] -->  align-items: baseline;<!-- [et_pb_line_break_holder] -->  justify-content: space-between;<!-- [et_pb_line_break_holder] -->  flex-wrap: wrap;<!-- [et_pb_line_break_holder] -->  gap: 0.5em;<!-- [et_pb_line_break_holder] -->  margin-bottom: 1.6em;<!-- [et_pb_line_break_holder] -->  border-bottom: 1px solid rgba(200, 169, 110, 0.3);<!-- [et_pb_line_break_holder] -->  padding-bottom: 0.9em;<!-- [et_pb_line_break_holder] -->}<!-- [et_pb_line_break_holder] --><!-- [et_pb_line_break_holder] -->.sc-salone-home__label {<!-- [et_pb_line_break_holder] -->  font-size: 0.92em;<!-- [et_pb_line_break_holder] -->  font-weight: 700;<!-- [et_pb_line_break_holder] -->  letter-spacing: 0.12em;<!-- [et_pb_line_break_holder] -->  text-transform: uppercase;<!-- [et_pb_line_break_holder] -->  color: #c8a96e;<!-- [et_pb_line_break_holder] -->}<!-- [et_pb_line_break_holder] --><!-- [et_pb_line_break_holder] -->.sc-salone-home__titolo {<!-- [et_pb_line_break_holder] -->  color: #ffffff;<!-- [et_pb_line_break_holder] -->  font-size: 2.0em;<!-- [et_pb_line_break_holder] -->  font-weight: 500;<!-- [et_pb_line_break_holder] -->  margin: 0.1em 0 0;<!-- [et_pb_line_break_holder] -->  line-height: 1.2;<!-- [et_pb_line_break_holder] -->}<!-- [et_pb_line_break_holder] --><!-- [et_pb_line_break_holder] -->.sc-salone-home__header-link {<!-- [et_pb_line_break_holder] -->  color: #2e8ecf !important;<!-- [et_pb_line_break_holder] -->  font-size: 1.2em;<!-- [et_pb_line_break_holder] -->  font-weight: 600;<!-- [et_pb_line_break_holder] -->  text-decoration: none !important;<!-- [et_pb_line_break_holder] -->  white-space: nowrap;<!-- [et_pb_line_break_holder] -->}<!-- [et_pb_line_break_holder] -->.sc-salone-home__header-link:hover { color: #c8a96e !important; }<!-- [et_pb_line_break_holder] --><!-- [et_pb_line_break_holder] -->\/* \u2500\u2500 griglia principale: featured | colonna card \u2500\u2500 *\/<!-- [et_pb_line_break_holder] -->.sc-salone-home__grid {<!-- [et_pb_line_break_holder] -->  display: grid;<!-- [et_pb_line_break_holder] -->  grid-template-columns: 1.6fr 1fr;<!-- [et_pb_line_break_holder] -->  gap: 1.2em;<!-- [et_pb_line_break_holder] -->  align-items: start;<!-- [et_pb_line_break_holder] -->}<!-- [et_pb_line_break_holder] --><!-- [et_pb_line_break_holder] -->@media (max-width: 820px) {<!-- [et_pb_line_break_holder] -->  .sc-salone-home__grid {<!-- [et_pb_line_break_holder] -->    grid-template-columns: 1fr;<!-- [et_pb_line_break_holder] -->  }<!-- [et_pb_line_break_holder] -->}<!-- [et_pb_line_break_holder] --><!-- [et_pb_line_break_holder] -->\/* \u2500\u2500 colonna destra: 3 card impilate \u2500\u2500 *\/<!-- [et_pb_line_break_holder] -->.sc-salone-home__cards {<!-- [et_pb_line_break_holder] -->  display: flex;<!-- [et_pb_line_break_holder] -->  flex-direction: column;<!-- [et_pb_line_break_holder] -->  gap: 1.2em;<!-- [et_pb_line_break_holder] -->}<!-- [et_pb_line_break_holder] --><!-- [et_pb_line_break_holder] -->\/* \u2500\u2500 card featured (seminario) \u2500\u2500 *\/<!-- [et_pb_line_break_holder] -->.sc-salone-featured {<!-- [et_pb_line_break_holder] -->  background: #0a3d63;<!-- [et_pb_line_break_holder] -->  border-radius: 6px;<!-- [et_pb_line_break_holder] -->  overflow: hidden;<!-- [et_pb_line_break_holder] -->  display: flex;<!-- [et_pb_line_break_holder] -->  flex-direction: column;<!-- [et_pb_line_break_holder] -->  border-top: 3px solid #c8a96e;<!-- [et_pb_line_break_holder] -->}<!-- [et_pb_line_break_holder] --><!-- [et_pb_line_break_holder] -->.sc-salone-featured__img {<!-- [et_pb_line_break_holder] -->  width: 100%;<!-- [et_pb_line_break_holder] -->  height: 220px;<!-- [et_pb_line_break_holder] -->  object-fit: cover;<!-- [et_pb_line_break_holder] -->  object-position: center 20%;<!-- [et_pb_line_break_holder] -->  display: block;<!-- [et_pb_line_break_holder] -->}<!-- [et_pb_line_break_holder] --><!-- [et_pb_line_break_holder] -->.sc-salone-featured__body {<!-- [et_pb_line_break_holder] -->  padding: 1.4em 1.5em;<!-- [et_pb_line_break_holder] -->  flex: 1;<!-- [et_pb_line_break_holder] -->  display: flex;<!-- [et_pb_line_break_holder] -->  flex-direction: column;<!-- [et_pb_line_break_holder] -->  gap: 0.6em;<!-- [et_pb_line_break_holder] -->}<!-- [et_pb_line_break_holder] --><!-- [et_pb_line_break_holder] -->.sc-salone-featured__meta {<!-- [et_pb_line_break_holder] -->  display: flex;<!-- [et_pb_line_break_holder] -->  align-items: center;<!-- [et_pb_line_break_holder] -->  gap: 0.6em;<!-- [et_pb_line_break_holder] -->  flex-wrap: wrap;<!-- [et_pb_line_break_holder] -->}<!-- [et_pb_line_break_holder] --><!-- [et_pb_line_break_holder] -->.sc-badge {<!-- [et_pb_line_break_holder] -->  font-size: 0.68em;<!-- [et_pb_line_break_holder] -->  font-weight: 700;<!-- [et_pb_line_break_holder] -->  letter-spacing: 0.09em;<!-- [et_pb_line_break_holder] -->  text-transform: uppercase;<!-- [et_pb_line_break_holder] -->  padding: 0.25em 0.6em;<!-- [et_pb_line_break_holder] -->  border-radius: 3px;<!-- [et_pb_line_break_holder] -->}<!-- [et_pb_line_break_holder] -->.sc-badge--gold   { background: #c8a96e; color: #0d1b2a; }<!-- [et_pb_line_break_holder] -->.sc-badge--blue   { background: #1a6ca8; color: #ffffff; }<!-- [et_pb_line_break_holder] -->.sc-badge--cfp    { background: rgba(200,169,110,0.15); color: #c8a96e; border: 1px solid rgba(200,169,110,0.4); }<!-- [et_pb_line_break_holder] --><!-- [et_pb_line_break_holder] -->.sc-salone-featured__titolo {<!-- [et_pb_line_break_holder] -->  color: #ffffff;<!-- [et_pb_line_break_holder] -->  font-size: 1.5em;<!-- [et_pb_line_break_holder] -->  font-weight: 700;<!-- [et_pb_line_break_holder] -->  line-height: 1.3;<!-- [et_pb_line_break_holder] -->  margin: 0;<!-- [et_pb_line_break_holder] -->}<!-- [et_pb_line_break_holder] --><!-- [et_pb_line_break_holder] -->.sc-salone-featured__sottotitolo {<!-- [et_pb_line_break_holder] -->  color: #2e8ecf;<!-- [et_pb_line_break_holder] -->  font-size: 1.1em;<!-- [et_pb_line_break_holder] -->  font-style: italic;<!-- [et_pb_line_break_holder] -->  margin: 0;<!-- [et_pb_line_break_holder] -->}<!-- [et_pb_line_break_holder] --><!-- [et_pb_line_break_holder] -->.sc-salone-featured__desc {<!-- [et_pb_line_break_holder] -->  color: #a8c8e8;<!-- [et_pb_line_break_holder] -->  font-size: 1.0em;<!-- [et_pb_line_break_holder] -->  line-height: 1.35;<!-- [et_pb_line_break_holder] -->  flex: 1;<!-- [et_pb_line_break_holder] -->}<!-- [et_pb_line_break_holder] --><!-- [et_pb_line_break_holder] -->.sc-salone-featured__relatori {<!-- [et_pb_line_break_holder] -->  display: flex;<!-- [et_pb_line_break_holder] -->  flex-direction: column;<!-- [et_pb_line_break_holder] -->  gap: 0.3em;<!-- [et_pb_line_break_holder] -->  margin-top: 0.3em;<!-- [et_pb_line_break_holder] -->}<!-- [et_pb_line_break_holder] --><!-- [et_pb_line_break_holder] -->.sc-salone-featured__relatore {<!-- [et_pb_line_break_holder] -->  font-size: 0.82em;<!-- [et_pb_line_break_holder] -->  color: #dce8f5;<!-- [et_pb_line_break_holder] -->  padding-left: 0.8em;<!-- [et_pb_line_break_holder] -->  position: relative;<!-- [et_pb_line_break_holder] -->  line-height: 1.35;<!-- [et_pb_line_break_holder] -->}<!-- [et_pb_line_break_holder] -->.sc-salone-featured__relatore::before {<!-- [et_pb_line_break_holder] -->  content: '\u203a';<!-- [et_pb_line_break_holder] -->  position: absolute;<!-- [et_pb_line_break_holder] -->  left: 0;<!-- [et_pb_line_break_holder] -->  color: #c8a96e;<!-- [et_pb_line_break_holder] -->  font-weight: 700;<!-- [et_pb_line_break_holder] -->}<!-- [et_pb_line_break_holder] -->.sc-salone-featured__relatore em {<!-- [et_pb_line_break_holder] -->  display: block;<!-- [et_pb_line_break_holder] -->  color: #7da8c8;<!-- [et_pb_line_break_holder] -->  font-size: 0.9em;<!-- [et_pb_line_break_holder] -->  font-style: italic;<!-- [et_pb_line_break_holder] -->}<!-- [et_pb_line_break_holder] --><!-- [et_pb_line_break_holder] -->.sc-salone-featured__footer {<!-- [et_pb_line_break_holder] -->  margin-top: 1em;<!-- [et_pb_line_break_holder] -->  padding-top: 1em;<!-- [et_pb_line_break_holder] -->  border-top: 1px solid rgba(255,255,255,0.08);<!-- [et_pb_line_break_holder] -->  display: flex;<!-- [et_pb_line_break_holder] -->  align-items: center;<!-- [et_pb_line_break_holder] -->  justify-content: space-between;<!-- [et_pb_line_break_holder] -->  flex-wrap: wrap;<!-- [et_pb_line_break_holder] -->  gap: 0.5em;<!-- [et_pb_line_break_holder] -->}<!-- [et_pb_line_break_holder] --><!-- [et_pb_line_break_holder] -->.sc-salone-featured__data {<!-- [et_pb_line_break_holder] -->  color: #7da8c8;<!-- [et_pb_line_break_holder] -->  font-size: 1.1em;<!-- [et_pb_line_break_holder] -->  display: flex;<!-- [et_pb_line_break_holder] -->  align-items: center;<!-- [et_pb_line_break_holder] -->  gap: 0.4em;<!-- [et_pb_line_break_holder] -->}<!-- [et_pb_line_break_holder] --><!-- [et_pb_line_break_holder] -->\/* \u2500\u2500 card secondarie \u2500\u2500 *\/<!-- [et_pb_line_break_holder] -->.sc-salone-card {<!-- [et_pb_line_break_holder] -->  background: #0a3d63;<!-- [et_pb_line_break_holder] -->  border-radius: 6px;<!-- [et_pb_line_break_holder] -->  overflow: hidden;<!-- [et_pb_line_break_holder] -->  display: flex;<!-- [et_pb_line_break_holder] -->  flex-direction: row;<!-- [et_pb_line_break_holder] -->  border-left: 3px solid #1a6ca8;<!-- [et_pb_line_break_holder] -->  transition: border-color 0.2s, transform 0.2s;<!-- [et_pb_line_break_holder] -->  text-decoration: none !important;<!-- [et_pb_line_break_holder] -->}<!-- [et_pb_line_break_holder] -->.sc-salone-card:hover {<!-- [et_pb_line_break_holder] -->  border-left-color: #c8a96e;<!-- [et_pb_line_break_holder] -->  transform: translateX(3px);<!-- [et_pb_line_break_holder] -->}<!-- [et_pb_line_break_holder] --><!-- [et_pb_line_break_holder] -->.sc-salone-card__img {<!-- [et_pb_line_break_holder] -->  width: 120px;<!-- [et_pb_line_break_holder] -->  min-width: 120px;<!-- [et_pb_line_break_holder] -->  object-fit: cover;<!-- [et_pb_line_break_holder] -->  object-position: center;<!-- [et_pb_line_break_holder] -->  display: block;<!-- [et_pb_line_break_holder] -->  background: #0d1b2a;<!-- [et_pb_line_break_holder] -->}<!-- [et_pb_line_break_holder] --><!-- [et_pb_line_break_holder] -->.sc-salone-card__body {<!-- [et_pb_line_break_holder] -->  padding: 0.9em 1em;<!-- [et_pb_line_break_holder] -->  display: flex;<!-- [et_pb_line_break_holder] -->  flex-direction: column;<!-- [et_pb_line_break_holder] -->  justify-content: center;<!-- [et_pb_line_break_holder] -->  gap: 0.3em;<!-- [et_pb_line_break_holder] -->}<!-- [et_pb_line_break_holder] --><!-- [et_pb_line_break_holder] -->.sc-salone-card__label {<!-- [et_pb_line_break_holder] -->  font-size: 0.77em;<!-- [et_pb_line_break_holder] -->  font-weight: 500;<!-- [et_pb_line_break_holder] -->  letter-spacing: 0.09em;<!-- [et_pb_line_break_holder] -->  text-transform: uppercase;<!-- [et_pb_line_break_holder] -->  color: #c8a96e;<!-- [et_pb_line_break_holder] -->}<!-- [et_pb_line_break_holder] --><!-- [et_pb_line_break_holder] -->.sc-salone-card__titolo {<!-- [et_pb_line_break_holder] -->  color: #ffffff;<!-- [et_pb_line_break_holder] -->  font-size: 1.1em;<!-- [et_pb_line_break_holder] -->  font-weight: 700;<!-- [et_pb_line_break_holder] -->  line-height: 1.2;<!-- [et_pb_line_break_holder] -->  margin: 0;<!-- [et_pb_line_break_holder] -->}<!-- [et_pb_line_break_holder] --><!-- [et_pb_line_break_holder] -->.sc-salone-card__note {<!-- [et_pb_line_break_holder] -->  color: #7da8c8;<!-- [et_pb_line_break_holder] -->  font-size: 0.85em;<!-- [et_pb_line_break_holder] -->  line-height: 1.35;<!-- [et_pb_line_break_holder] -->}<!-- [et_pb_line_break_holder] --><!-- [et_pb_line_break_holder] -->\/* \u2500\u2500 CTA link \u2500\u2500 *\/<!-- [et_pb_line_break_holder] -->.sc-cta-link {<!-- [et_pb_line_break_holder] -->  display: inline-block;<!-- [et_pb_line_break_holder] -->  background: #2e8ecf;<!-- [et_pb_line_break_holder] -->  color: #ffffff !important;<!-- [et_pb_line_break_holder] -->  font-size: 0.82em;<!-- [et_pb_line_break_holder] -->  font-weight: 700;<!-- [et_pb_line_break_holder] -->  letter-spacing: 0.05em;<!-- [et_pb_line_break_holder] -->  text-transform: uppercase;<!-- [et_pb_line_break_holder] -->  padding: 0.55em 1.2em;<!-- [et_pb_line_break_holder] -->  border-radius: 4px;<!-- [et_pb_line_break_holder] -->  text-decoration: none !important;<!-- [et_pb_line_break_holder] -->  transition: background 0.2s;<!-- [et_pb_line_break_holder] -->}<!-- [et_pb_line_break_holder] -->.sc-cta-link:hover { background: #1a6ca8; color: #fff !important; }<!-- [et_pb_line_break_holder] --><!-- [et_pb_line_break_holder] -->.sc-cta-link--ghost {<!-- [et_pb_line_break_holder] -->  background: transparent;<!-- [et_pb_line_break_holder] -->  border: 1px solid #2e8ecf;<!-- [et_pb_line_break_holder] -->  color: #2e8ecf !important;<!-- [et_pb_line_break_holder] -->}<!-- [et_pb_line_break_holder] -->.sc-cta-link--ghost:hover { background: #2e8ecf; color: #fff !important; }<!-- [et_pb_line_break_holder] --><\/style>\n<p><!-- [et_pb_line_break_holder] --><!-- [et_pb_line_break_holder] --><\/p>\n<div class=\"sc-salone-home\"><!-- [et_pb_line_break_holder] --><!-- [et_pb_line_break_holder] -->  <\/p>\n<div class=\"sc-salone-home__inner\"><!-- [et_pb_line_break_holder] --><!-- [et_pb_line_break_holder] -->  <!-- Intestazione sezione --><!-- [et_pb_line_break_holder] -->  <\/p>\n<div class=\"sc-salone-home__header\"><!-- [et_pb_line_break_holder] -->    <\/p>\n<div><!-- [et_pb_line_break_holder] -->      <\/p>\n<div class=\"sc-salone-home__label\">Sabato 25 aprile 2026<\/div>\n<p><!-- [et_pb_line_break_holder] -->      <\/p>\n<h2 class=\"sc-salone-home__titolo\">Salone delle Idee e dell&#8217;Innovazione<\/h2>\n<p><!-- [et_pb_line_break_holder] -->    <\/div>\n<p><!-- [et_pb_line_break_holder] -->    <a class=\"sc-salone-home__header-link\" href=\"\/pescara\/salone-delle-idee-e-delle-innovazioni\/\">Vai alla sezione completa \u2192<\/a><!-- [et_pb_line_break_holder] -->  <\/div>\n<p><!-- [et_pb_line_break_holder] --><!-- [et_pb_line_break_holder] -->  <!-- Griglia: featured + 3 card --><!-- [et_pb_line_break_holder] -->  <\/p>\n<div class=\"sc-salone-home__grid\"><!-- [et_pb_line_break_holder] --><!-- [et_pb_line_break_holder] -->    <!-- FEATURED: Seminario Waterfront --><!-- [et_pb_line_break_holder] -->    <\/p>\n<div class=\"sc-salone-featured\"><!-- [et_pb_line_break_holder] -->      <img<!-- [et_pb_line_break_holder] -->        class=&#8221;sc-salone-featured__img&#8221;<!-- [et_pb_line_break_holder] -->        src=&#8221;https:\/\/www.sottocostapescara.it\/pescara\/wp-content\/uploads\/sites\/5\/2026\/04\/waterfront.jpg&#8221;<!-- [et_pb_line_break_holder] -->        alt=&#8221;Seminario La progettazione di Waterfront&#8221;<!-- [et_pb_line_break_holder] -->      ><!-- [et_pb_line_break_holder] -->      <\/p>\n<div class=\"sc-salone-featured__body\"><!-- [et_pb_line_break_holder] -->        <\/p>\n<div class=\"sc-salone-featured__meta\"><!-- [et_pb_line_break_holder] -->          <span class=\"sc-badge sc-badge--gold\">Seminario<\/span><!-- [et_pb_line_break_holder] -->          <span class=\"sc-badge sc-badge--cfp\">3 CFP Ingegneri<\/span><!-- [et_pb_line_break_holder] -->          <span class=\"sc-badge sc-badge--blue\">Gratuito<\/span><!-- [et_pb_line_break_holder] -->        <\/div>\n<p><!-- [et_pb_line_break_holder] -->        <\/p>\n<h3 class=\"sc-salone-featured__titolo\">La progettazione di Waterfront<\/h3>\n<p><!-- [et_pb_line_break_holder] -->        <pee class=\"sc-salone-featured__sottotitolo\">Aspetti progettuali, tecnici, normativi<\/pee><!-- [et_pb_line_break_holder] -->        <pee class=\"sc-salone-featured__desc\"><!-- [et_pb_line_break_holder] -->          Seminario di approfondimento organizzato con l&#8217;Ordine degli Ingegneri di Pescara e il Dipartimento di Architettura dell&#8217;Universit\u00e0 G. D&#8217;Annunzio Chieti\u2013Pescara. Introduce e modera Claudia Ciccotti Giammaria.<!-- [et_pb_line_break_holder] -->        <\/pee><!-- [et_pb_line_break_holder] -->        <\/p>\n<div class=\"sc-salone-featured__relatori\"><!-- [et_pb_line_break_holder] -->          <\/p>\n<div class=\"sc-salone-featured__relatore\"><!-- [et_pb_line_break_holder] -->            <strong>Matteo Di Venosa<\/strong><!-- [et_pb_line_break_holder] -->            <em>Waterfronts. Dalla separazione all&#8217;integrazione.<\/em><!-- [et_pb_line_break_holder] -->          <\/div>\n<p><!-- [et_pb_line_break_holder] -->          <\/p>\n<div class=\"sc-salone-featured__relatore\"><!-- [et_pb_line_break_holder] -->            <strong>Raffaella Massacesi<\/strong><!-- [et_pb_line_break_holder] -->            <em>Waterfront: strategie di design per la valorizzazione dei territori.<\/em><!-- [et_pb_line_break_holder] -->          <\/div>\n<p><!-- [et_pb_line_break_holder] -->          <\/p>\n<div class=\"sc-salone-featured__relatore\"><!-- [et_pb_line_break_holder] -->            <strong>Antonio Bufalari<\/strong><!-- [et_pb_line_break_holder] -->            <em>Aspetti normativi tra mare e territorio.<\/em><!-- [et_pb_line_break_holder] -->          <\/div>\n<p><!-- [et_pb_line_break_holder] -->        <\/div>\n<p><!-- [et_pb_line_break_holder] -->        <\/p>\n<div class=\"sc-salone-featured__footer\"><!-- [et_pb_line_break_holder] -->          <span class=\"sc-salone-featured__data\"><!-- [et_pb_line_break_holder] -->            <svg width=\"13\" height=\"13\" viewBox=\"0 0 24 24\" fill=\"none\" stroke=\"currentColor\" stroke-width=\"2\" stroke-linecap=\"round\" stroke-linejoin=\"round\"><rect x=\"3\" y=\"4\" width=\"18\" height=\"18\" rx=\"2\"\/><line x1=\"16\" y1=\"2\" x2=\"16\" y2=\"6\"\/><line x1=\"8\" y1=\"2\" x2=\"8\" y2=\"6\"\/><line x1=\"3\" y1=\"10\" x2=\"21\" y2=\"10\"\/><\/svg><!-- [et_pb_line_break_holder] -->            Sabato 25 aprile | 10:15\u201313:30 | Padiglione Becci<!-- [et_pb_line_break_holder] -->          <\/span><!-- [et_pb_line_break_holder] -->          <a class=\"sc-cta-link\" href=\"\/pescara\/salone-delle-idee-e-delle-innovazioni\/\">Scopri di pi\u00f9 \u2192<\/a><!-- [et_pb_line_break_holder] -->        <\/div>\n<p><!-- [et_pb_line_break_holder] -->      <\/div>\n<p><!-- [et_pb_line_break_holder] -->    <\/div>\n<p><!-- [et_pb_line_break_holder] --><!-- [et_pb_line_break_holder] -->    <!-- Colonna destra: 3 card impilate --><!-- [et_pb_line_break_holder] -->    <\/p>\n<div class=\"sc-salone-home__cards\"><!-- [et_pb_line_break_holder] --><!-- [et_pb_line_break_holder] -->    <!-- CARD 1: Premio Nazionale Design Nautico --><!-- [et_pb_line_break_holder] -->    <a class=\"sc-salone-card\" href=\"\/pescara\/salone-delle-idee-e-delle-innovazioni\/premio-nazionale-design-nautico\/\"><!-- [et_pb_line_break_holder] -->      <img<!-- [et_pb_line_break_holder] -->        class=&#8221;sc-salone-card__img&#8221;<!-- [et_pb_line_break_holder] -->        src=&#8221;https:\/\/www.sottocostapescara.it\/pescara\/wp-content\/uploads\/sites\/5\/2016\/02\/logo-premio-nazionale-design-nautico.jpg&#8221;<!-- [et_pb_line_break_holder] -->        alt=&#8221;Premio Nazionale Design Nautico&#8221;<!-- [et_pb_line_break_holder] -->      ><!-- [et_pb_line_break_holder] -->      <\/p>\n<div class=\"sc-salone-card__body\"><!-- [et_pb_line_break_holder] -->        <\/p>\n<div class=\"sc-salone-card__label\">IX edizione<\/div>\n<p><!-- [et_pb_line_break_holder] -->        <\/p>\n<div class=\"sc-salone-card__titolo\">Premio Nazionale<!\u2013- [et_pb_br_holder] -\u2013>Design Nautico<\/div>\n<p><!-- [et_pb_line_break_holder] -->        <\/p>\n<div class=\"sc-salone-card__note\">Tema 2026: Bluewater boat \u2014 piccola imbarcazione per lunga navigazione<\/div>\n<p><!-- [et_pb_line_break_holder] -->      <\/div>\n<p><!-- [et_pb_line_break_holder] -->    <\/a><!-- [et_pb_line_break_holder] --><!-- [et_pb_line_break_holder] -->    <!-- CARD 2: Premio alla Carriera --><!-- [et_pb_line_break_holder] -->    <a class=\"sc-salone-card\" href=\"\/pescara\/salone-delle-idee-e-delle-innovazioni\/premio-design-nautico-premio-alla-carriera\/\"><!-- [et_pb_line_break_holder] -->      <img<!-- [et_pb_line_break_holder] -->        class=&#8221;sc-salone-card__img&#8221;<!-- [et_pb_line_break_holder] -->        src=&#8221;https:\/\/www.sottocostapescara.it\/pescara\/wp-content\/uploads\/sites\/5\/2022\/04\/premio-alla-carriera5.jpeg&#8221;<!-- [et_pb_line_break_holder] -->        alt=&#8221;Premio alla Carriera&#8221;<!-- [et_pb_line_break_holder] -->      ><!-- [et_pb_line_break_holder] -->      <\/p>\n<div class=\"sc-salone-card__body\"><!-- [et_pb_line_break_holder] -->        <\/p>\n<div class=\"sc-salone-card__label\">VI edizione<\/div>\n<p><!-- [et_pb_line_break_holder] -->        <\/p>\n<div class=\"sc-salone-card__titolo\">Premio<!\u2013- [et_pb_br_holder] -\u2013>alla Carriera<\/div>\n<p><!-- [et_pb_line_break_holder] -->        <\/p>\n<div class=\"sc-salone-card__note\">Premiato 2026: Giovanni Ceccarelli \u2014 Ingegnere Yacht Designer, CYD<\/div>\n<p><!-- [et_pb_line_break_holder] -->      <\/div>\n<p><!-- [et_pb_line_break_holder] -->    <\/a><!-- [et_pb_line_break_holder] --><!-- [et_pb_line_break_holder] -->    <!-- CARD 3: Premio Donna del Mare --><!-- [et_pb_line_break_holder] -->    <a class=\"sc-salone-card\" href=\"\/pescara\/premio-donna-del-mare\/\"><!-- [et_pb_line_break_holder] -->      <img<!-- [et_pb_line_break_holder] -->        class=&#8221;sc-salone-card__img&#8221;<!-- [et_pb_line_break_holder] -->        src=&#8221;https:\/\/www.sottocostapescara.it\/pescara\/wp-content\/uploads\/sites\/5\/2023\/04\/stella-marina.png&#8221;<!-- [et_pb_line_break_holder] -->        alt=&#8221;Premio Donna del Mare&#8221;<!-- [et_pb_line_break_holder] -->        style=&#8221;object-fit:contain; padding:0.8em; background:#0d1b2a;&#8221;<!-- [et_pb_line_break_holder] -->      ><!-- [et_pb_line_break_holder] -->      <\/p>\n<div class=\"sc-salone-card__body\"><!-- [et_pb_line_break_holder] -->        <\/p>\n<div class=\"sc-salone-card__label\">V edizione<\/div>\n<p><!-- [et_pb_line_break_holder] -->        <\/p>\n<div class=\"sc-salone-card__titolo\">Premio<!\u2013- [et_pb_br_holder] -\u2013>Donna del Mare<\/div>\n<p><!-- [et_pb_line_break_holder] -->        <\/p>\n<div class=\"sc-salone-card__note\">Premiata 2026: Luciana Ferrone, fondatrice e CEO L.Transport Spa<\/div>\n<p><!-- [et_pb_line_break_holder] -->      <\/div>\n<p><!-- [et_pb_line_break_holder] -->    <\/a><!-- [et_pb_line_break_holder] --><!-- [et_pb_line_break_holder] -->    <\/div>\n<p><!-- fine sc-salone-home__cards --><!-- [et_pb_line_break_holder] --><!-- [et_pb_line_break_holder] -->  <\/div>\n<p><!-- fine sc-salone-home__grid --><!-- [et_pb_line_break_holder] --><!-- [et_pb_line_break_holder] -->  <\/div>\n<p><!-- fine sc-salone-home__inner --><!-- [et_pb_line_break_holder] --><\/div>\n<p><!-- [et_pb_line_break_holder] --><!-- fine sc-salone-home -->[\/et_pb_code][\/et_pb_column][\/et_pb_row][\/et_pb_section][et_pb_section fb_built=&#8221;1&#8243; custom_padding_last_edited=&#8221;on|phone&#8221; admin_label=&#8221;Counter Demo 09&#8243; _builder_version=&#8221;4.27.6&#8243; background_color=&#8221;rgba(68,0,153,0.06)&#8221; use_background_color_gradient=&#8221;on&#8221; background_color_gradient_stops=&#8221;rgba(10,1,1,0.39) 0%|rgba(10,2,2,0.34) 100%&#8221; background_color_gradient_overlays_image=&#8221;on&#8221; background_image=&#8221;https:\/\/www.sottocostapescara.it\/pescara\/wp-content\/uploads\/sites\/5\/2026\/03\/espositori.jpg&#8221; parallax=&#8221;on&#8221; custom_padding=&#8221;8%||10%||false|false&#8221; custom_padding_tablet=&#8221;80px||80px||false|false&#8221; custom_padding_phone=&#8221;60px||60px||false|false&#8221; collapsed=&#8221;on&#8221; global_colors_info=&#8221;{}&#8221;][et_pb_row _builder_version=&#8221;4.27.6&#8243; _module_preset=&#8221;default&#8221; global_colors_info=&#8221;{}&#8221;][et_pb_column type=&#8221;4_4&#8243; _builder_version=&#8221;4.27.6&#8243; _module_preset=&#8221;default&#8221; global_colors_info=&#8221;{}&#8221;][et_pb_text _builder_version=&#8221;4.27.6&#8243; _module_preset=&#8221;default&#8221; header_2_font=&#8221;|600|||||||&#8221; header_2_text_align=&#8221;center&#8221; header_2_text_color=&#8221;#FFFFFF&#8221; header_2_font_size=&#8221;36px&#8221; global_colors_info=&#8221;{}&#8221;]<\/p>\n<h2>I numeri di Sottocosta<\/h2>\n<p>[\/et_pb_text][\/et_pb_column][\/et_pb_row][et_pb_row column_structure=&#8221;1_5,1_5,1_5,1_5,1_5&#8243; make_equal=&#8221;on&#8221; module_class=&#8221;counter_row&#8221; _builder_version=&#8221;4.27.6&#8243; width_tablet=&#8221;90%&#8221; width_phone=&#8221;&#8221; width_last_edited=&#8221;on|phone&#8221; max_width=&#8221;1400px&#8221; max_width_tablet=&#8221;500px&#8221; max_width_phone=&#8221;250px&#8221; max_width_last_edited=&#8221;on|tablet&#8221; module_alignment=&#8221;center&#8221; custom_padding=&#8221;||0px||false|false&#8221; global_colors_info=&#8221;{}&#8221;][et_pb_column type=&#8221;1_5&#8243; module_class=&#8221;dp-vertical-align&#8221; _builder_version=&#8221;4.27.6&#8243; background_color=&#8221;rgba(0,154,150,0.39)&#8221; custom_padding=&#8221;||||false|false&#8221; custom_padding_tablet=&#8221;||||false|false&#8221; custom_padding_phone=&#8221;||||false|false&#8221; custom_padding_last_edited=&#8221;on|tablet&#8221; custom_css_main_element=&#8221;backdrop-filter:blur(10px);||height: 240px;||max-width: 240px;||margin: auto;&#8221; border_radii=&#8221;on|200px|200px|200px|200px&#8221; box_shadow_style=&#8221;preset1&#8243; box_shadow_blur=&#8221;80px&#8221; box_shadow_color=&#8221;rgba(10,0,0,0.35)&#8221; global_colors_info=&#8221;{}&#8221; custom_css_main_element_last_edited=&#8221;on|tablet&#8221; custom_css_main_element_tablet=&#8221;backdrop-filter:blur(10px);||height: 240px;||max-width: 240px;&#8221; custom_css_main_element_phone=&#8221;max-width: 240px;||height: 240px;&#8221;][dipi_counter suffix=&#8221;Edizioni&#8221; text_direction=&#8221;block&#8221; count_number_thousands_separator=&#8221;.&#8221; count_to_number=&#8221;11&#8243; _builder_version=&#8221;4.27.6&#8243; number_font=&#8221;&#8211;et_global_heading_font|100|||||||&#8221; number_text_color=&#8221;#ffffff&#8221; number_font_size=&#8221;1.2em&#8221; suffix_font=&#8221;Poppins|600|||||||&#8221; suffix_text_color=&#8221;#FFFFFF&#8221; suffix_font_size=&#8221;0.2em&#8221; suffix_line_height=&#8221;1.2em&#8221; background_enable_color=&#8221;off&#8221; background_enable_image=&#8221;off&#8221; background_blend=&#8221;overlay&#8221; custom_margin=&#8221;||||false|false&#8221; custom_padding=&#8221;60px||20px||false|false&#8221; border_radii=&#8221;on|10px|10px|10px|10px&#8221; global_colors_info=&#8221;{}&#8221;][\/dipi_counter][\/et_pb_column][et_pb_column type=&#8221;1_5&#8243; module_class=&#8221;dp-vertical-align&#8221; _builder_version=&#8221;4.27.6&#8243; background_color=&#8221;rgba(0,154,150,0.39)&#8221; custom_padding=&#8221;||||false|false&#8221; custom_css_main_element=&#8221;backdrop-filter:blur(10px);||height: 240px;||max-width: 240px;||margin: auto;&#8221; border_radii=&#8221;on|200px|200px|200px|200px&#8221; box_shadow_style=&#8221;preset1&#8243; box_shadow_blur=&#8221;80px&#8221; box_shadow_color=&#8221;rgba(10,0,0,0.35)&#8221; global_colors_info=&#8221;{}&#8221; custom_css_main_element_last_edited=&#8221;on|tablet&#8221; custom_css_main_element_tablet=&#8221;backdrop-filter:blur(10px);||height: 240px;||max-width: 240px;&#8221; custom_css_main_element_phone=&#8221;backdrop-filter:blur(10px);||height: 240px;||max-width: 240px;&#8221;][dipi_counter suffix=&#8221;Regioni rappresentate&#8221; text_direction=&#8221;block&#8221; count_number_thousands_separator=&#8221;.&#8221; count_to_number=&#8221;10&#8243; _builder_version=&#8221;4.27.6&#8243; number_font=&#8221;&#8211;et_global_heading_font|100|||||||&#8221; number_text_color=&#8221;#ffffff&#8221; number_font_size=&#8221;1.2em&#8221; suffix_font=&#8221;Poppins|600|||||||&#8221; suffix_text_color=&#8221;#FFFFFF&#8221; suffix_font_size=&#8221;0.2em&#8221; suffix_line_height=&#8221;1.2em&#8221; background_enable_color=&#8221;off&#8221; background_enable_image=&#8221;off&#8221; background_blend=&#8221;overlay&#8221; custom_margin=&#8221;||||false|false&#8221; custom_padding=&#8221;60px||20px||false|false&#8221; border_radii=&#8221;on|10px|10px|10px|10px&#8221; global_colors_info=&#8221;{}&#8221;][\/dipi_counter][\/et_pb_column][et_pb_column type=&#8221;1_5&#8243; module_class=&#8221;dp-vertical-align&#8221; _builder_version=&#8221;4.27.6&#8243; background_color=&#8221;rgba(0,154,150,0.39)&#8221; custom_padding=&#8221;||||false|false&#8221; custom_css_main_element=&#8221;backdrop-filter:blur(10px);||height: 240px;||max-width: 240px;||margin: auto;&#8221; border_radii=&#8221;on|200px|200px|200px|200px&#8221; box_shadow_style=&#8221;preset1&#8243; box_shadow_blur=&#8221;80px&#8221; box_shadow_color=&#8221;rgba(10,0,0,0.35)&#8221; global_colors_info=&#8221;{}&#8221; custom_css_main_element_last_edited=&#8221;on|tablet&#8221; custom_css_main_element_tablet=&#8221;backdrop-filter:blur(10px);||height: 240px;||max-width: 240px;&#8221; custom_css_main_element_phone=&#8221;backdrop-filter:blur(10px);||height: 240px;||max-width: 240px;&#8221;][dipi_counter suffix=&#8221;Giorni di manifestazione&#8221; text_direction=&#8221;block&#8221; count_number_thousands_separator=&#8221;.&#8221; count_to_number=&#8221;3&#8243; _builder_version=&#8221;4.27.6&#8243; number_font=&#8221;&#8211;et_global_body_font|100|||||||&#8221; number_text_color=&#8221;#ffffff&#8221; number_font_size=&#8221;1.2em&#8221; suffix_font=&#8221;Poppins|600|||||||&#8221; suffix_text_color=&#8221;#FFFFFF&#8221; suffix_font_size=&#8221;0.2em&#8221; suffix_line_height=&#8221;1.2em&#8221; background_enable_color=&#8221;off&#8221; background_enable_image=&#8221;off&#8221; background_blend=&#8221;overlay&#8221; custom_margin=&#8221;||||false|false&#8221; custom_padding=&#8221;60px||20px||false|false&#8221; border_radii=&#8221;on|10px|10px|10px|10px&#8221; global_colors_info=&#8221;{}&#8221;][\/dipi_counter][\/et_pb_column][et_pb_column type=&#8221;1_5&#8243; module_class=&#8221;dp-vertical-align&#8221; _builder_version=&#8221;4.27.6&#8243; background_color=&#8221;rgba(0,154,150,0.39)&#8221; custom_padding=&#8221;||||false|false&#8221; custom_css_main_element=&#8221;backdrop-filter:blur(10px);||height: 240px;||max-width: 240px;||margin: auto;&#8221; border_radii=&#8221;on|200px|200px|200px|200px&#8221; box_shadow_style=&#8221;preset1&#8243; box_shadow_blur=&#8221;80px&#8221; box_shadow_color=&#8221;rgba(10,0,0,0.35)&#8221; global_colors_info=&#8221;{}&#8221; custom_css_main_element_last_edited=&#8221;on|tablet&#8221; custom_css_main_element_tablet=&#8221;backdrop-filter:blur(10px);||height: 240px;||max-width: 240px;&#8221; custom_css_main_element_phone=&#8221;backdrop-filter:blur(10px);||height: 240px;||max-width: 240px;&#8221;][dipi_counter suffix=&#8221;Marchi rappresentati&#8221; text_direction=&#8221;block&#8221; count_number_thousands_separator=&#8221;.&#8221; count_to_number=&#8221;160&#8243; _builder_version=&#8221;4.27.6&#8243; all_font=&#8221;||||||||&#8221; number_font=&#8221;&#8211;et_global_body_font|300|||||||&#8221; number_text_color=&#8221;#ffffff&#8221; number_font_size=&#8221;1.2em&#8221; suffix_font=&#8221;Poppins|600|||||||&#8221; suffix_text_color=&#8221;#FFFFFF&#8221; suffix_font_size=&#8221;0.2em&#8221; suffix_line_height=&#8221;1.2em&#8221; background_enable_color=&#8221;off&#8221; background_enable_image=&#8221;off&#8221; background_blend=&#8221;overlay&#8221; custom_margin=&#8221;||||false|false&#8221; custom_padding=&#8221;60px||50px||false|false&#8221; border_radii=&#8221;on|10px|10px|10px|10px&#8221; global_colors_info=&#8221;{}&#8221;][\/dipi_counter][\/et_pb_column][et_pb_column type=&#8221;1_5&#8243; module_class=&#8221;dp-vertical-align&#8221; _builder_version=&#8221;4.27.6&#8243; background_color=&#8221;rgba(0,154,150,0.39)&#8221; custom_padding=&#8221;||||false|false&#8221; custom_css_main_element=&#8221;backdrop-filter:blur(10px);||height: 240px;||max-width: 240px;||margin: auto;&#8221; border_radii=&#8221;on|200px|200px|200px|200px&#8221; box_shadow_style=&#8221;preset1&#8243; box_shadow_blur=&#8221;80px&#8221; box_shadow_color=&#8221;rgba(10,0,0,0.35)&#8221; global_colors_info=&#8221;{}&#8221; custom_css_main_element_last_edited=&#8221;on|tablet&#8221; custom_css_main_element_tablet=&#8221;backdrop-filter:blur(10px);||height: 240px;||max-width: 240px;&#8221; custom_css_main_element_phone=&#8221;backdrop-filter:blur(10px);||height: 240px;||max-width: 240px;&#8221;][dipi_counter suffix=&#8221;Espositori per edizione&#8221; text_direction=&#8221;block&#8221; count_number_thousands_separator=&#8221;.&#8221; count_to_number=&#8221;65&#8243; _builder_version=&#8221;4.27.6&#8243; number_font=&#8221;&#8211;et_global_body_font|100|||||||&#8221; number_text_color=&#8221;#ffffff&#8221; number_font_size=&#8221;1.2em&#8221; suffix_font=&#8221;Poppins|600|||||||&#8221; suffix_text_color=&#8221;#FFFFFF&#8221; suffix_font_size=&#8221;0.2em&#8221; suffix_line_height=&#8221;1.2em&#8221; background_enable_color=&#8221;off&#8221; background_enable_image=&#8221;off&#8221; background_blend=&#8221;overlay&#8221; custom_margin=&#8221;||||false|false&#8221; custom_padding=&#8221;60px||50px||false|false&#8221; border_radii=&#8221;on|10px|10px|10px|10px&#8221; global_colors_info=&#8221;{}&#8221;][\/dipi_counter][\/et_pb_column][\/et_pb_row][\/et_pb_section][et_pb_section fb_built=&#8221;1&#8243; disabled_on=&#8221;on|on|on&#8221; module_id=&#8221;main&#8221; _builder_version=&#8221;4.27.4&#8243; background_color=&#8221;rgba(0,154,150,0.13)&#8221; custom_padding=&#8221;|||&#8221; animation_style=&#8221;zoom&#8221; animation_intensity_zoom=&#8221;43%&#8221; disabled=&#8221;on&#8221; global_colors_info=&#8221;{}&#8221;][et_pb_row disabled_on=&#8221;off|off|off&#8221; _builder_version=&#8221;4.16&#8243; background_size=&#8221;initial&#8221; background_position=&#8221;top_left&#8221; background_repeat=&#8221;repeat&#8221; global_colors_info=&#8221;{}&#8221;][et_pb_column type=&#8221;4_4&#8243; _builder_version=&#8221;4.16&#8243; custom_padding=&#8221;|||&#8221; global_colors_info=&#8221;{}&#8221; custom_padding__hover=&#8221;|||&#8221;][et_pb_text admin_label=&#8221;Main events&#8221; _builder_version=&#8221;4.27.5&#8243; text_font=&#8221;|300|on||||||&#8221; text_text_color=&#8221;gcid-a333bae0-7d5a-4eb9-ac63-5f60c732c3a5&#8243; text_font_size=&#8221;17px&#8221; link_text_color=&#8221;gcid-a333bae0-7d5a-4eb9-ac63-5f60c732c3a5&#8243; header_text_color=&#8221;#ffffff&#8221; header_2_text_align=&#8221;center&#8221; header_2_text_color=&#8221;#003770&#8243; header_2_font_size=&#8221;40px&#8221; text_orientation=&#8221;center&#8221; custom_margin=&#8221;|||&#8221; custom_padding=&#8221;|||&#8221; header_2_font_size_tablet=&#8221;&#8221; header_2_font_size_phone=&#8221;21px&#8221; header_2_font_size_last_edited=&#8221;on|phone&#8221; global_colors_info=&#8221;{%22gcid-a333bae0-7d5a-4eb9-ac63-5f60c732c3a5%22:%91%22text_text_color%22,%22link_text_color%22%93}&#8221;]<\/p>\n<h2>Main events 2025<\/h2>\n<p><a href=\"https:\/\/www.sottocostapescara.it\/pescara\/programma-2025\/\">Questi sono solo alcuni degli eventi in programma, clicca qui per scoprirli tutti<\/a><\/p>\n<p>[\/et_pb_text][\/et_pb_column][\/et_pb_row][et_pb_row _builder_version=&#8221;4.27.4&#8243; _module_preset=&#8221;default&#8221; global_colors_info=&#8221;{}&#8221;][et_pb_column type=&#8221;4_4&#8243; _builder_version=&#8221;4.27.4&#8243; _module_preset=&#8221;default&#8221; global_colors_info=&#8221;{}&#8221;][dipi_carousel space_between=&#8221;20&#8243; effect=&#8221;coverflow&#8221; rotate=&#8221;30&#8243; loop_wide=&#8221;on&#8221; autoplay_wide=&#8221;on&#8221; title_in_lightbox=&#8221;on&#8221; desc_in_lightbox=&#8221;on&#8221; navigation=&#8221;on&#8221; centered=&#8221;on&#8221; navigation_size=&#8221;48&#8243; navigation_color=&#8221;gcid-a333bae0-7d5a-4eb9-ac63-5f60c732c3a5&#8243; navigation_circle=&#8221;on&#8221; _builder_version=&#8221;4.27.4&#8243; _module_preset=&#8221;default&#8221; title_font=&#8221;||||||||&#8221; title_font_size=&#8221;16px&#8221; desc_font=&#8221;|300|||||||&#8221; desc_font_size=&#8221;14px&#8221; global_colors_info=&#8221;{%22gcid-a333bae0-7d5a-4eb9-ac63-5f60c732c3a5%22:%91%22navigation_color%22%93}&#8221;][dipi_carousel_child img_src=&#8221;https:\/\/www.sottocostapescara.it\/pescara\/wp-content\/uploads\/sites\/5\/2025\/04\/Il-mare-come-risorsca-economica-v_5.jpg&#8221; title_text=&#8221;Convegno: Il mare come risorsa economica&#8221; desc_text=&#8221;<\/p>\n<p>Venerd\u00ec 9 maggio ore 15.30<\/p>\n<p>&#8221; _builder_version=&#8221;4.27.4&#8243; _module_preset=&#8221;default&#8221; global_colors_info=&#8221;{}&#8221;][\/dipi_carousel_child][dipi_carousel_child label=&#8221;Presentazione: Guida al turismo nautico&#8221; img_src=&#8221;https:\/\/www.sottocostapescara.it\/pescara\/wp-content\/uploads\/sites\/5\/2025\/05\/Guida-al-turismo-nautico.jpg&#8221; title_text=&#8221;Presentazione: Guida al turismo nautico&#8221; desc_text=&#8221;<\/p>\n<p>Sabato 10 maggio ore 11.00<\/p>\n<p>&#8221; _builder_version=&#8221;4.27.4&#8243; _module_preset=&#8221;default&#8221; global_colors_info=&#8221;{}&#8221;][\/dipi_carousel_child][dipi_carousel_child label=&#8221;Presentazione: Appuntamento in Adriatico&#8221; img_src=&#8221;https:\/\/www.sottocostapescara.it\/pescara\/wp-content\/uploads\/sites\/5\/2025\/05\/Appuntamento-in-adriatico.jpg&#8221; title_text=&#8221;Presentazione: Appuntamento in Adriatico&#8221; desc_text=&#8221;<\/p>\n<p>Sabato 10 maggio, ore 11.30<\/p>\n<p>&#8221; _builder_version=&#8221;4.27.4&#8243; _module_preset=&#8221;default&#8221; global_colors_info=&#8221;{}&#8221;][\/dipi_carousel_child][dipi_carousel_child label=&#8221;Presentazione: Go to Barcolana&#8221; img_src=&#8221;https:\/\/www.sottocostapescara.it\/pescara\/wp-content\/uploads\/sites\/5\/2025\/05\/Go-To-Barcolana-v_2.jpg&#8221; title_text=&#8221;Presentazione: Go to Barcolana&#8221; desc_text=&#8221;<\/p>\n<p>Sabato 10 maggio, ore 11.45<\/p>\n<p>&#8221; _builder_version=&#8221;4.27.4&#8243; _module_preset=&#8221;default&#8221; global_colors_info=&#8221;{}&#8221;][\/dipi_carousel_child][dipi_carousel_child label=&#8221;parasailing&#8221; img_src=&#8221;https:\/\/www.sottocostapescara.it\/pescara\/wp-content\/uploads\/sites\/5\/2025\/05\/Para_Saling-v_web.jpg&#8221; title_text=&#8221;Presentazione: Para Sailing, la vela per tutti&#8221; desc_text=&#8221;<\/p>\n<p>Sabato 10 maggio ore 12.30<\/p>\n<p>&#8221; _builder_version=&#8221;4.27.4&#8243; _module_preset=&#8221;default&#8221; global_colors_info=&#8221;{}&#8221;][\/dipi_carousel_child][dipi_carousel_child label=&#8221;Incontro: Sostenibilit\u00e0, benessere  e qualit\u00e0 del turismo&#8221; img_src=&#8221;https:\/\/www.sottocostapescara.it\/pescara\/wp-content\/uploads\/sites\/5\/2025\/04\/loc-arpa.jpg&#8221; title_text=&#8221;Incontro: Sostenibilit\u00e0, benessere  e qualit\u00e0 del turismo: il percorso di certificazione&#8221; desc_text=&#8221;<\/p>\n<p>Domenica 11 maggio, 9.30 <\/p>\n<p>&#8221; _builder_version=&#8221;4.27.4&#8243; _module_preset=&#8221;default&#8221; global_colors_info=&#8221;{}&#8221;][\/dipi_carousel_child][dipi_carousel_child label=&#8221;Tirino&#8221; img_src=&#8221;https:\/\/www.sottocostapescara.it\/pescara\/wp-content\/uploads\/sites\/5\/2025\/05\/Tirino-web.jpg&#8221; title_text=&#8221;Tirino: un fiume speciale per un mare speciale&#8221; desc_text=&#8221;<\/p>\n<p>Domenica 11 maggio ore 16.00<\/p>\n<p>&#8221; _builder_version=&#8221;4.27.4&#8243; _module_preset=&#8221;default&#8221; global_colors_info=&#8221;{}&#8221;][\/dipi_carousel_child][\/dipi_carousel][et_pb_button button_url=&#8221;@ET-DC@eyJkeW5hbWljIjp0cnVlLCJjb250ZW50IjoicG9zdF9saW5rX3VybF9wYWdlIiwic2V0dGluZ3MiOnsicG9zdF9pZCI6IjcwMDYifX0=@&#8221; button_text=&#8221;Vai al programma completo&#8221; button_alignment=&#8221;center&#8221; disabled_on=&#8221;on|on|on&#8221; _builder_version=&#8221;4.27.4&#8243; _dynamic_attributes=&#8221;button_url&#8221; _module_preset=&#8221;default&#8221; custom_button=&#8221;on&#8221; button_text_color=&#8221;#FFFFFF&#8221; button_bg_color=&#8221;gcid-a333bae0-7d5a-4eb9-ac63-5f60c732c3a5&#8243; button_border_radius=&#8221;10px&#8221; disabled=&#8221;on&#8221; global_colors_info=&#8221;{%22gcid-a333bae0-7d5a-4eb9-ac63-5f60c732c3a5%22:%91%22button_bg_color%22%93}&#8221;][\/et_pb_button][\/et_pb_column][\/et_pb_row][\/et_pb_section][et_pb_section fb_built=&#8221;1&#8243; disabled_on=&#8221;on|on|on&#8221; module_id=&#8221;main&#8221; _builder_version=&#8221;4.27.4&#8243; background_color=&#8221;rgba(0,154,150,0.13)&#8221; custom_padding=&#8221;|||&#8221; animation_style=&#8221;zoom&#8221; animation_intensity_zoom=&#8221;43%&#8221; disabled=&#8221;on&#8221; global_colors_info=&#8221;{}&#8221;][et_pb_row column_structure=&#8221;1_2,1_2&#8243; use_custom_gutter=&#8221;on&#8221; gutter_width=&#8221;1&#8243; disabled_on=&#8221;off|off|off&#8221; _builder_version=&#8221;4.27.4&#8243; background_size=&#8221;initial&#8221; background_position=&#8221;top_left&#8221; background_repeat=&#8221;repeat&#8221; custom_padding=&#8221;|||&#8221; animation_style=&#8221;fade&#8221; border_width_bottom=&#8221;1px&#8221; border_color_bottom=&#8221;#003770&#8243; border_style_bottom=&#8221;dashed&#8221; global_colors_info=&#8221;{}&#8221;][et_pb_column type=&#8221;1_2&#8243; _builder_version=&#8221;4.27.4&#8243; custom_padding=&#8221;|||&#8221; global_colors_info=&#8221;{}&#8221; custom_padding__hover=&#8221;|||&#8221;][et_pb_image src=&#8221;https:\/\/www.sottocostapescara.it\/pescara\/wp-content\/uploads\/sites\/5\/2025\/04\/Il-mare-come-risorsca-economica-v_6.jpg&#8221; title_text=&#8221;Il-mare-come-risorsca-economica-v_6&#8243; show_in_lightbox=&#8221;on&#8221; align=&#8221;center&#8221; align_tablet=&#8221;center&#8221; align_phone=&#8221;&#8221; align_last_edited=&#8221;on|desktop&#8221; _builder_version=&#8221;4.27.4&#8243; max_width=&#8221;84%&#8221; max_width_tablet=&#8221;52%&#8221; max_width_phone=&#8221;66%&#8221; max_width_last_edited=&#8221;on|desktop&#8221; module_alignment=&#8221;center&#8221; custom_margin=&#8221;||||false|false&#8221; custom_padding=&#8221;|||&#8221; global_colors_info=&#8221;{}&#8221;]<\/p>\n<p>&nbsp;<\/p>\n<p>[\/et_pb_image][\/et_pb_column][et_pb_column type=&#8221;1_2&#8243; _builder_version=&#8221;4.16&#8243; custom_padding=&#8221;|||&#8221; global_colors_info=&#8221;{}&#8221; custom_padding__hover=&#8221;|||&#8221;][et_pb_text _builder_version=&#8221;4.27.4&#8243; text_font=&#8221;|300|||||||&#8221; text_font_size=&#8221;14px&#8221; header_font=&#8221;||||||||&#8221; header_2_font=&#8221;||||||||&#8221; header_2_font_size=&#8221;24px&#8221; header_2_line_height=&#8221;1.5em&#8221; background_color=&#8221;#ffffff&#8221; module_alignment=&#8221;left&#8221; custom_margin_tablet=&#8221;|||0px|false|false&#8221; custom_margin_phone=&#8221;|||0px&#8221; custom_margin_last_edited=&#8221;on|phone&#8221; custom_padding=&#8221;10px|25px||5px&#8221; header_2_font_size_tablet=&#8221;&#8221; header_2_font_size_phone=&#8221;19px&#8221; header_2_font_size_last_edited=&#8221;on|desktop&#8221; border_radii=&#8221;on|20px|20px|20px|20px&#8221; border_width_all=&#8221;5px&#8221; border_color_all=&#8221;#ffcc00&#8243; global_colors_info=&#8221;{}&#8221;]<\/p>\n<p><strong>Venerd\u00ec 9 maggio, ore 15.30<br \/><\/strong><\/p>\n<p><strong>CONVEGNO: \u201cil mare come risorsa economica. Un ambito lavorativo e la sua narrazione giornalistica<span>\u201c<\/span><\/strong><\/p>\n<p>Una trattazione sul mare inteso sia come risorsa economica e professionale per i giovani \u2013 grazie all\u2019emergere di nuove figure lavorative \u2013 sia come patrimonio naturale da tutelare e salvaguardare. Particolare attenzione sara\u0300 rivolta alla trattazione giornalistica dell\u2019informazione legata ai giovani e alla diffusione di notizie che ne valorizzino competenze e potenzialita\u0300, con l\u2019obiettivo di promuovere una narrazione positiva, costruttiva e non sensazionalistica.<\/p>\n<p>Relatori:<\/p>\n<ul>\n<li><strong>Roberta Busatto<\/strong>, giornalista specializzata in Economia del Mare<\/li>\n<li><strong>Pietro Angelini<\/strong>, Direttore Generale di Navigo Toscana<\/li>\n<li><strong>Pasquale Monea<\/strong>, segretario generale della Camera di commercio Chieti Pescara<\/li>\n<li><strong>Tosca Chersich<\/strong><span>\u00a0<\/span>\u2013 dirigente Camera di commercio Chieti Pescara e referente del master in Diritto ed economia del mare<\/li>\n<li><strong>Andrea Mori<\/strong>, giornalista<\/li>\n<li><strong>Clemente Borrelli<\/strong>, Direttore Generale ITS Academy \u201cG. Caboto\u201d<\/li>\n<li><strong>Francesco Di Filippo<\/strong><span>\u00a0<\/span>\u2013 presidente Assonautica Chieti Pescara<\/li>\n<\/ul>\n<p>Modera:<span>\u00a0<\/span><strong>Maura Di Marco<\/strong>, giornalista e responsabile servizio Comunicazione e relazioni esterne, Camera di Commercio Chieti Pescara<\/p>\n<p>A cura dell\u2019Ordine dei giornalisti d\u2019Abruzzo.<br \/>(Le registrazioni sono disponibili nel portale formazione dell\u2019Ordine.)<\/p>\n<p>[\/et_pb_text][\/et_pb_column][\/et_pb_row][et_pb_row column_structure=&#8221;1_2,1_2&#8243; use_custom_gutter=&#8221;on&#8221; gutter_width=&#8221;1&#8243; disabled_on=&#8221;off|off|off&#8221; _builder_version=&#8221;4.27.4&#8243; background_size=&#8221;initial&#8221; background_position=&#8221;top_left&#8221; background_repeat=&#8221;repeat&#8221; custom_padding=&#8221;|||&#8221; animation_style=&#8221;fade&#8221; border_width_bottom=&#8221;1px&#8221; border_color_bottom=&#8221;#003770&#8243; border_style_bottom=&#8221;dashed&#8221; global_colors_info=&#8221;{}&#8221;][et_pb_column type=&#8221;1_2&#8243; _builder_version=&#8221;4.27.4&#8243; custom_padding=&#8221;|||&#8221; global_colors_info=&#8221;{}&#8221; custom_padding__hover=&#8221;|||&#8221;][et_pb_image src=&#8221;https:\/\/www.sottocostapescara.it\/pescara\/wp-content\/uploads\/sites\/5\/2025\/05\/Guida-al-turismo-nautico.jpg&#8221; title_text=&#8221;Guida-al-turismo-nautico&#8221; show_in_lightbox=&#8221;on&#8221; align=&#8221;center&#8221; align_tablet=&#8221;center&#8221; align_phone=&#8221;&#8221; align_last_edited=&#8221;on|desktop&#8221; _builder_version=&#8221;4.27.4&#8243; max_width=&#8221;84%&#8221; max_width_tablet=&#8221;52%&#8221; max_width_phone=&#8221;66%&#8221; max_width_last_edited=&#8221;on|desktop&#8221; module_alignment=&#8221;center&#8221; custom_margin=&#8221;||||false|false&#8221; custom_padding=&#8221;|||&#8221; global_colors_info=&#8221;{}&#8221;]<\/p>\n<p>&nbsp;<\/p>\n<p>[\/et_pb_image][\/et_pb_column][et_pb_column type=&#8221;1_2&#8243; _builder_version=&#8221;4.16&#8243; custom_padding=&#8221;|||&#8221; global_colors_info=&#8221;{}&#8221; custom_padding__hover=&#8221;|||&#8221;][et_pb_text _builder_version=&#8221;4.27.4&#8243; text_font=&#8221;|300|||||||&#8221; text_font_size=&#8221;14px&#8221; header_font=&#8221;||||||||&#8221; header_2_font=&#8221;||||||||&#8221; header_2_font_size=&#8221;24px&#8221; header_2_line_height=&#8221;1.5em&#8221; background_color=&#8221;#ffffff&#8221; module_alignment=&#8221;left&#8221; custom_padding=&#8221;10px|25px||5px&#8221; header_2_font_size_tablet=&#8221;&#8221; header_2_font_size_phone=&#8221;19px&#8221; header_2_font_size_last_edited=&#8221;on|desktop&#8221; border_radii=&#8221;on|20px|20px|20px|20px&#8221; border_width_all=&#8221;5px&#8221; border_color_all=&#8221;#ffcc00&#8243; global_colors_info=&#8221;{}&#8221;]<\/p>\n<p><strong>Sabato 10 maggio 2025, ore 11:00<\/strong><\/p>\n<p><strong>Presentazione: Guida al Turismo Nautico della Costa dei Trabocchi, <\/strong><\/p>\n<p><span>a cura del\u00a0<\/span><span class=\"html-span xdj266r x11i5rnm xat24cr x1mh8g0r xexx8yu x4uap5 x18d9i69 xkhd6sd x1hl2dhg x16tdsg8 x1vvkbs\"><span class=\"xt0psk2\"><span class=\"xjp7ctv\"><span>Costa dei Trabocchi LAB<\/span><\/span><\/span><\/span><span>\u00a0e di\u00a0<\/span><span class=\"html-span xdj266r x11i5rnm xat24cr x1mh8g0r xexx8yu x4uap5 x18d9i69 xkhd6sd x1hl2dhg x16tdsg8 x1vvkbs\"><span class=\"xt0psk2\"><span class=\"xjp7ctv\"><span>Assonautica Pescara<\/span><\/span><\/span><\/span><span>.<\/span><\/p>\n<p>[\/et_pb_text][\/et_pb_column][\/et_pb_row][et_pb_row column_structure=&#8221;1_2,1_2&#8243; use_custom_gutter=&#8221;on&#8221; gutter_width=&#8221;1&#8243; disabled_on=&#8221;off|off|off&#8221; _builder_version=&#8221;4.27.4&#8243; background_size=&#8221;initial&#8221; background_position=&#8221;top_left&#8221; background_repeat=&#8221;repeat&#8221; custom_padding=&#8221;|||&#8221; animation_style=&#8221;fade&#8221; border_width_bottom=&#8221;1px&#8221; border_color_bottom=&#8221;#003770&#8243; border_style_bottom=&#8221;dashed&#8221; global_colors_info=&#8221;{}&#8221;][et_pb_column type=&#8221;1_2&#8243; _builder_version=&#8221;4.27.4&#8243; custom_padding=&#8221;|||&#8221; global_colors_info=&#8221;{}&#8221; custom_padding__hover=&#8221;|||&#8221;][et_pb_image src=&#8221;https:\/\/www.sottocostapescara.it\/pescara\/wp-content\/uploads\/sites\/5\/2025\/05\/Appuntamento-in-adriatico.jpg&#8221; title_text=&#8221;Appuntamento-in-adriatico&#8221; show_in_lightbox=&#8221;on&#8221; align=&#8221;center&#8221; align_tablet=&#8221;center&#8221; align_phone=&#8221;&#8221; align_last_edited=&#8221;on|desktop&#8221; _builder_version=&#8221;4.27.4&#8243; max_width=&#8221;84%&#8221; max_width_tablet=&#8221;52%&#8221; max_width_phone=&#8221;66%&#8221; max_width_last_edited=&#8221;on|desktop&#8221; module_alignment=&#8221;center&#8221; custom_margin=&#8221;||||false|false&#8221; custom_padding=&#8221;|||&#8221; global_colors_info=&#8221;{}&#8221;]<\/p>\n<p>&nbsp;<\/p>\n<p>[\/et_pb_image][\/et_pb_column][et_pb_column type=&#8221;1_2&#8243; _builder_version=&#8221;4.16&#8243; custom_padding=&#8221;|||&#8221; global_colors_info=&#8221;{}&#8221; custom_padding__hover=&#8221;|||&#8221;][et_pb_text _builder_version=&#8221;4.27.4&#8243; text_font=&#8221;|300|||||||&#8221; text_font_size=&#8221;14px&#8221; header_font=&#8221;||||||||&#8221; header_2_font=&#8221;||||||||&#8221; header_2_font_size=&#8221;24px&#8221; header_2_line_height=&#8221;1.5em&#8221; background_color=&#8221;#ffffff&#8221; module_alignment=&#8221;left&#8221; custom_padding=&#8221;10px|25px||5px&#8221; header_2_font_size_tablet=&#8221;&#8221; header_2_font_size_phone=&#8221;19px&#8221; header_2_font_size_last_edited=&#8221;on|desktop&#8221; border_radii=&#8221;on|20px|20px|20px|20px&#8221; border_width_all=&#8221;5px&#8221; border_color_all=&#8221;#ffcc00&#8243; global_colors_info=&#8221;{}&#8221;]<\/p>\n<p><strong>Sabato 10 maggio 2025, ore 11:30<\/strong><\/p>\n<p><strong>Presentazione:\u00a0 XXXVII edizione di &#8220;Appuntamento in Adriatico 2025 Italia, Grecia, Albania<\/strong><\/p>\n<p><span>La manifestazione promossa da <\/span><span class=\"html-span xdj266r x11i5rnm xat24cr x1mh8g0r xexx8yu x4uap5 x18d9i69 xkhd6sd x1hl2dhg x16tdsg8 x1vvkbs\"><a class=\"x1i10hfl xjbqb8w x1ejq31n xd10rxx x1sy0etr x17r0tee x972fbf xcfux6l x1qhh985 xm0m39n x9f619 x1ypdohk xt0psk2 xe8uvvx xdj266r x11i5rnm xat24cr x1mh8g0r xexx8yu x4uap5 x18d9i69 xkhd6sd x16tdsg8 x1hl2dhg xggy1nq x1a2a7pz xkrqix3 x1sur9pj xzsf02u x1s688f\" href=\"https:\/\/www.facebook.com\/Assonauticaitaliana?__tn__=-]K*F\" role=\"link\" tabindex=\"0\"><span class=\"xt0psk2\"><span class=\"xjp7ctv\"><span>Assonautica Italiana<\/span><\/span><\/span><\/a><\/span><span>\u00a0con l\u2019obiettivo di valorizzare il turismo nautico, i porti e i territori adriatici. L&#8217;incontro, a cura di Assonautica Ferrara e Assonautica Pescara Chieti, \u00e8 aperto a tutti.<\/span><\/p>\n<p>[\/et_pb_text][\/et_pb_column][\/et_pb_row][et_pb_row column_structure=&#8221;1_2,1_2&#8243; use_custom_gutter=&#8221;on&#8221; gutter_width=&#8221;1&#8243; disabled_on=&#8221;off|off|off&#8221; _builder_version=&#8221;4.27.4&#8243; background_size=&#8221;initial&#8221; background_position=&#8221;top_left&#8221; background_repeat=&#8221;repeat&#8221; custom_padding=&#8221;|||&#8221; animation_style=&#8221;fade&#8221; border_width_bottom=&#8221;1px&#8221; border_color_bottom=&#8221;#003770&#8243; border_style_bottom=&#8221;dashed&#8221; global_colors_info=&#8221;{}&#8221;][et_pb_column type=&#8221;1_2&#8243; _builder_version=&#8221;4.27.4&#8243; custom_padding=&#8221;|||&#8221; global_colors_info=&#8221;{}&#8221; custom_padding__hover=&#8221;|||&#8221;][et_pb_image src=&#8221;https:\/\/www.sottocostapescara.it\/pescara\/wp-content\/uploads\/sites\/5\/2025\/05\/Go-To-Barcolana-v_2.jpg&#8221; title_text=&#8221;Go-To-Barcolana-v_2&#8243; show_in_lightbox=&#8221;on&#8221; align=&#8221;center&#8221; align_tablet=&#8221;center&#8221; align_phone=&#8221;&#8221; align_last_edited=&#8221;on|desktop&#8221; _builder_version=&#8221;4.27.4&#8243; max_width=&#8221;84%&#8221; max_width_tablet=&#8221;52%&#8221; max_width_phone=&#8221;66%&#8221; max_width_last_edited=&#8221;on|desktop&#8221; module_alignment=&#8221;center&#8221; custom_margin=&#8221;||||false|false&#8221; custom_padding=&#8221;|||&#8221; global_colors_info=&#8221;{}&#8221;]<\/p>\n<p>&nbsp;<\/p>\n<p>[\/et_pb_image][\/et_pb_column][et_pb_column type=&#8221;1_2&#8243; _builder_version=&#8221;4.16&#8243; custom_padding=&#8221;|||&#8221; global_colors_info=&#8221;{}&#8221; custom_padding__hover=&#8221;|||&#8221;][et_pb_text _builder_version=&#8221;4.27.4&#8243; text_font=&#8221;|300|||||||&#8221; text_font_size=&#8221;14px&#8221; header_font=&#8221;||||||||&#8221; header_2_font=&#8221;||||||||&#8221; header_2_font_size=&#8221;24px&#8221; header_2_line_height=&#8221;1.5em&#8221; background_color=&#8221;#ffffff&#8221; module_alignment=&#8221;left&#8221; custom_padding=&#8221;10px|25px||5px&#8221; header_2_font_size_tablet=&#8221;&#8221; header_2_font_size_phone=&#8221;19px&#8221; header_2_font_size_last_edited=&#8221;on|desktop&#8221; border_radii=&#8221;on|20px|20px|20px|20px&#8221; border_width_all=&#8221;5px&#8221; border_color_all=&#8221;#ffcc00&#8243; global_colors_info=&#8221;{}&#8221;]<\/p>\n<p><strong>Sabato 10 maggio 2025, 11.45\u00a0<\/strong><\/p>\n<p><strong>Presentazione:\u00a0 \u201cGO To Barcolana \u2013 Sfida Adriatica 2025\u201d<\/strong><\/p>\n<p>a cura di Assonautica Italiana e Circolo Velico Barcola e Grignano, Circolo Velico La Scuffia, Marina di Pescara, Marina Dorica, Circolo Velico Ravennate e le Assonautiche di Pescara-Chieti, Ancona, Ravenna e Trieste<\/p>\n<p>[\/et_pb_text][\/et_pb_column][\/et_pb_row][et_pb_row column_structure=&#8221;1_2,1_2&#8243; use_custom_gutter=&#8221;on&#8221; gutter_width=&#8221;1&#8243; disabled_on=&#8221;off|off|off&#8221; _builder_version=&#8221;4.27.4&#8243; background_size=&#8221;initial&#8221; background_position=&#8221;top_left&#8221; background_repeat=&#8221;repeat&#8221; custom_padding=&#8221;|||&#8221; animation_style=&#8221;fade&#8221; border_width_bottom=&#8221;1px&#8221; border_color_bottom=&#8221;#003770&#8243; border_style_bottom=&#8221;dashed&#8221; global_colors_info=&#8221;{}&#8221;][et_pb_column type=&#8221;1_2&#8243; _builder_version=&#8221;4.27.4&#8243; custom_padding=&#8221;|||&#8221; global_colors_info=&#8221;{}&#8221; custom_padding__hover=&#8221;|||&#8221;][et_pb_image src=&#8221;https:\/\/www.sottocostapescara.it\/pescara\/wp-content\/uploads\/sites\/5\/2025\/05\/Para_Saling-v_web.jpg&#8221; title_text=&#8221;Para_Saling-v_web&#8221; show_in_lightbox=&#8221;on&#8221; align=&#8221;center&#8221; align_tablet=&#8221;center&#8221; align_phone=&#8221;&#8221; align_last_edited=&#8221;on|desktop&#8221; _builder_version=&#8221;4.27.4&#8243; max_width=&#8221;84%&#8221; max_width_tablet=&#8221;52%&#8221; max_width_phone=&#8221;66%&#8221; max_width_last_edited=&#8221;on|desktop&#8221; module_alignment=&#8221;center&#8221; custom_margin=&#8221;||||false|false&#8221; custom_padding=&#8221;|||&#8221; global_colors_info=&#8221;{}&#8221;]<\/p>\n<p>&nbsp;<\/p>\n<p>[\/et_pb_image][\/et_pb_column][et_pb_column type=&#8221;1_2&#8243; _builder_version=&#8221;4.16&#8243; custom_padding=&#8221;|||&#8221; global_colors_info=&#8221;{}&#8221; custom_padding__hover=&#8221;|||&#8221;][et_pb_text _builder_version=&#8221;4.27.4&#8243; text_font=&#8221;|300|||||||&#8221; text_font_size=&#8221;14px&#8221; header_font=&#8221;||||||||&#8221; header_2_font=&#8221;||||||||&#8221; header_2_font_size=&#8221;24px&#8221; header_2_line_height=&#8221;1.5em&#8221; background_color=&#8221;#ffffff&#8221; module_alignment=&#8221;left&#8221; custom_padding=&#8221;10px|25px||5px&#8221; header_2_font_size_tablet=&#8221;&#8221; header_2_font_size_phone=&#8221;19px&#8221; header_2_font_size_last_edited=&#8221;on|desktop&#8221; border_radii=&#8221;on|20px|20px|20px|20px&#8221; border_width_all=&#8221;5px&#8221; border_color_all=&#8221;#ffcc00&#8243; global_colors_info=&#8221;{}&#8221;]<\/p>\n<p><strong>Sabato 10 maggio 2025, ore 12:30<\/strong><\/p>\n<p><strong>\u00a0Para Sailing \u2013 La vela per tutti.<\/strong><br \/>Il progetto per avvicinare alla vela minori e adulti con disabilit\u00e0.<\/p>\n<p>A cura della Federazione Italiana Vela IX Zona<\/p>\n<p>Interventi di:<br \/><strong>Alessandra Sensini<\/strong>, Campionessa Olimpica, direttore sportivo giovanile FIV<br \/><strong>Domenico Guidotti<\/strong>, Presidente FIV IX Zona<br \/><strong>Fabio Barbieri<\/strong>, Tecnico Federale FIV<br \/><strong>Simona Di Cintio<\/strong>, educatrice professionale Don Orione Pescara<\/p>\n<p>[\/et_pb_text][\/et_pb_column][\/et_pb_row][et_pb_row column_structure=&#8221;1_2,1_2&#8243; use_custom_gutter=&#8221;on&#8221; gutter_width=&#8221;1&#8243; disabled_on=&#8221;off|off|off&#8221; _builder_version=&#8221;4.27.4&#8243; background_size=&#8221;initial&#8221; background_position=&#8221;top_left&#8221; background_repeat=&#8221;repeat&#8221; custom_padding=&#8221;|||&#8221; animation_style=&#8221;fade&#8221; border_width_bottom=&#8221;1px&#8221; border_color_bottom=&#8221;#003770&#8243; border_style_bottom=&#8221;dashed&#8221; global_colors_info=&#8221;{}&#8221;][et_pb_column type=&#8221;1_2&#8243; _builder_version=&#8221;4.27.4&#8243; custom_padding=&#8221;|||&#8221; global_colors_info=&#8221;{}&#8221; custom_padding__hover=&#8221;|||&#8221;][et_pb_image src=&#8221;https:\/\/www.sottocostapescara.it\/pescara\/wp-content\/uploads\/sites\/5\/2025\/04\/loc-arpa.jpg&#8221; title_text=&#8221;loc-arpa&#8221; show_in_lightbox=&#8221;on&#8221; align=&#8221;center&#8221; align_tablet=&#8221;center&#8221; align_phone=&#8221;&#8221; align_last_edited=&#8221;on|desktop&#8221; _builder_version=&#8221;4.27.4&#8243; max_width=&#8221;84%&#8221; max_width_tablet=&#8221;52%&#8221; max_width_phone=&#8221;66%&#8221; max_width_last_edited=&#8221;on|desktop&#8221; module_alignment=&#8221;center&#8221; custom_margin=&#8221;||||false|false&#8221; custom_padding=&#8221;|||&#8221; global_colors_info=&#8221;{}&#8221;]<\/p>\n<p>&nbsp;<\/p>\n<p>[\/et_pb_image][\/et_pb_column][et_pb_column type=&#8221;1_2&#8243; _builder_version=&#8221;4.16&#8243; custom_padding=&#8221;|||&#8221; global_colors_info=&#8221;{}&#8221; custom_padding__hover=&#8221;|||&#8221;][et_pb_text _builder_version=&#8221;4.27.4&#8243; text_font=&#8221;|300|||||||&#8221; text_font_size=&#8221;14px&#8221; header_font=&#8221;||||||||&#8221; header_2_font=&#8221;||||||||&#8221; header_2_font_size=&#8221;24px&#8221; header_2_line_height=&#8221;1.5em&#8221; background_color=&#8221;#ffffff&#8221; module_alignment=&#8221;left&#8221; custom_padding=&#8221;10px|25px||5px&#8221; header_2_font_size_tablet=&#8221;&#8221; header_2_font_size_phone=&#8221;19px&#8221; header_2_font_size_last_edited=&#8221;on|desktop&#8221; border_radii=&#8221;on|20px|20px|20px|20px&#8221; border_width_all=&#8221;5px&#8221; border_color_all=&#8221;#ffcc00&#8243; global_colors_info=&#8221;{}&#8221;]<\/p>\n<p><strong>Domenica 11 maggio 2025, 9.30\u00a0<\/strong><\/p>\n<p><strong>Incontro: Sostenibilita, benessere e qualita del turismo: il percorso di certificazione<\/strong><\/p>\n<p><span>L&#8217;Arpa Abruzzo presenta il progetto multidisciplinare Abruzzo Regione del Benessere di cui e soggetto attuatore.<\/span><\/p>\n<p><span>L&#8217;iniziativa e volta al miglioramento della qualita della vita delle comunita locali attraverso l\u2019attribuzione di un marchio di riconoscimento per le strutture ricettive e della ristorazione che mostrano attenzione verso l\u2019ambiente e verso la qualita del servizio e sanno valorizzare le specificita e le bellezze naturali del territorio, in chiave sostenibile. <\/span><\/p>\n<p>&nbsp;<\/p>\n<p>[\/et_pb_text][\/et_pb_column][\/et_pb_row][\/et_pb_section][et_pb_section fb_built=&#8221;1&#8243; disabled_on=&#8221;on|on|on&#8221; admin_label=&#8221;Sezione&#8221; _builder_version=&#8221;4.27.4&#8243; _module_preset=&#8221;default&#8221; custom_margin=&#8221;0px||0px||false|false&#8221; custom_padding=&#8221;0px||0px||false|false&#8221; disabled=&#8221;on&#8221; global_colors_info=&#8221;{}&#8221;][et_pb_row use_custom_gutter=&#8221;on&#8221; gutter_width=&#8221;1&#8243; make_equal=&#8221;on&#8221; _builder_version=&#8221;4.27.4&#8243; _module_preset=&#8221;default&#8221; width=&#8221;100%&#8221; max_width=&#8221;100%&#8221; module_alignment=&#8221;center&#8221; custom_padding=&#8221;0px||0px||false|false&#8221; global_colors_info=&#8221;{}&#8221;][et_pb_column type=&#8221;4_4&#8243; _builder_version=&#8221;4.27.4&#8243; _module_preset=&#8221;default&#8221; global_colors_info=&#8221;{}&#8221;][et_pb_code _builder_version=&#8221;4.27.4&#8243; _module_preset=&#8221;default&#8221; custom_padding=&#8221;0px||0px||false|false&#8221; global_colors_info=&#8221;{}&#8221;]<script type=\"text\/javascript\">jQuery(function() { _initLayerSlider( '#layerslider_5_5z58lxobb1hm', {createdWith: '7.13.0', sliderVersion: '7.14.4', type: 'fullwidth', touchNav: false, skin: 'v6', animateFirstSlide: true, firstSlideDuration: 1500, firstSlideTimeShift: -500, globalBGColor: '#000000', navPrevNext: false, hoverPrevNext: false, navStartStop: false, navButtons: false, showCircleTimer: false, useSrcset: true, preferBlendMode: 'enabled', skinsPath: 'https:\/\/www.sottocostapescara.it\/pescara\/wp-content\/plugins\/LayerSlider\/assets\/static\/layerslider\/skins\/', performanceMode: true}); });<\/script><link href=\"https:\/\/fonts.googleapis.com\/css?family=Titillium+Web:100,100i,200,200i,300,300i,400,400i,500,500i,600,600i,700,700i,800,800i,900,900i\" rel=\"stylesheet\"><div id=\"layerslider_5_5z58lxobb1hm\"  class=\"ls-wp-container fitvidsignore\" style=\"width:1920px;height:600px;margin:0 auto;\"><div class=\"ls-slide\" data-ls=\"bgsize:cover;bgposition:50% 50%;duration:3000;transition2d:104;transitionduration:3000;\"><img loading=\"lazy\" decoding=\"async\" width=\"1920\" height=\"600\" src=\"https:\/\/www.sottocostapescara.it\/pescara\/wp-content\/uploads\/sites\/5\/2025\/04\/kids.jpg\" class=\"ls-bg\" alt=\"\" srcset=\"https:\/\/www.sottocostapescara.it\/pescara\/wp-content\/uploads\/sites\/5\/2025\/04\/kids.jpg 1920w, https:\/\/www.sottocostapescara.it\/pescara\/wp-content\/uploads\/sites\/5\/2025\/04\/kids-1280x400.jpg 1280w, https:\/\/www.sottocostapescara.it\/pescara\/wp-content\/uploads\/sites\/5\/2025\/04\/kids-980x306.jpg 980w, https:\/\/www.sottocostapescara.it\/pescara\/wp-content\/uploads\/sites\/5\/2025\/04\/kids-480x150.jpg 480w\" sizes=\"(min-width: 0px) and (max-width: 480px) 480px, (min-width: 481px) and (max-width: 980px) 980px, (min-width: 981px) and (max-width: 1280px) 1280px, (min-width: 1281px) 1920px, 100vw\" \/><a style=\"\" class=\"ls-l\" href=\"https:\/\/www.sottocostapescara.it\/pescara\/sottocosta-kids\/\" target=\"_self\"><ls-layer style=\"top:363px;left:213px;color:#00385b;font-family:'Titillium Web';font-size:38px;font-weight:700;\" class=\"ls-text-layer\">Scopri il programma dedicato ai bambini<\/ls-layer><\/a><a href=\"https:\/\/www.sottocostapescara.it\/pescara\/cosa-vedere-e-fare-a-sottocosta\/\" target=\"_self\" class=\"ls-link ls-link-on-top\"><\/a><\/div><div class=\"ls-slide\" data-ls=\"duration:3000;transition2d:25,40;\"><img loading=\"lazy\" decoding=\"async\" width=\"1066\" height=\"600\" src=\"https:\/\/www.sottocostapescara.it\/pescara\/wp-content\/uploads\/sites\/5\/2025\/03\/DSC05977.jpg\" class=\"ls-bg\" alt=\"\" srcset=\"https:\/\/www.sottocostapescara.it\/pescara\/wp-content\/uploads\/sites\/5\/2025\/03\/DSC05977.jpg 1066w, https:\/\/www.sottocostapescara.it\/pescara\/wp-content\/uploads\/sites\/5\/2025\/03\/DSC05977-980x552.jpg 980w, https:\/\/www.sottocostapescara.it\/pescara\/wp-content\/uploads\/sites\/5\/2025\/03\/DSC05977-480x270.jpg 480w\" sizes=\"(min-width: 0px) and (max-width: 480px) 480px, (min-width: 481px) and (max-width: 980px) 980px, (min-width: 981px) 1066px, 100vw\" \/><a style=\"\" class=\"ls-l\" href=\"https:\/\/www.sottocostapescara.it\/pescara\/programma-2025\/\" target=\"_self\"><ls-layer style=\"width:813px;stroke:#000000;top:253px;left:543px;height:97px;color:rgba(8, 8, 8, 0.36);\" class=\"ls-shape-layer\"><svg xmlns=\"http:\/\/www.w3.org\/2000\/svg\" viewbox=\"-0 -0 200 150\" preserveaspectratio=\"none\"><path fill=\"currentColor\" d=\"M 0 10 A 10 10 0 0 1 10 0 L 190 0 A 10 10 0 0 1 200 10 L 200 140 A 10 10 0 0 1 190 150 L 10 150 A 10 10 0 0 1 0 140 Z\"><\/path><\/svg><\/ls-layer><\/a><a style=\"\" class=\"ls-l\" href=\"https:\/\/www.sottocostapescara.it\/pescara\/programma-2025\/\" target=\"_self\" data-ls=\"durationin:2000;\"><ls-layer style=\"top:254px;left:565px;color:#ffffff;font-family:'Titillium Web';font-size:61px;font-weight:700;\" class=\"ls-text-layer\">Scopri il programma completo<\/ls-layer><\/a><a href=\"https:\/\/www.sottocostapescara.it\/pescara\/programma-2025\/\" target=\"_self\" class=\"ls-link ls-link-on-top\"><\/a><\/div><\/div>[\/et_pb_code][\/et_pb_column][\/et_pb_row][\/et_pb_section][et_pb_section fb_built=&#8221;1&#8243; _builder_version=&#8221;4.27.4&#8243; _module_preset=&#8221;default&#8221; background_color=&#8221;gcid-a56e9a9c-8bfe-4c85-a702-c2e68e72a077&#8243; custom_padding=&#8221;10px||10px||true|false&#8221; global_colors_info=&#8221;{%22gcid-a56e9a9c-8bfe-4c85-a702-c2e68e72a077%22:%91%22background_color%22%93}&#8221;][et_pb_row column_structure=&#8221;1_2,1_2&#8243; use_custom_gutter=&#8221;on&#8221; gutter_width=&#8221;2&#8243; make_equal=&#8221;on&#8221; _builder_version=&#8221;4.20.2&#8243; _module_preset=&#8221;default&#8221; global_colors_info=&#8221;{}&#8221;][et_pb_column type=&#8221;1_2&#8243; _builder_version=&#8221;4.20.2&#8243; _module_preset=&#8221;default&#8221; custom_css_main_element=&#8221;margin:auto;&#8221; global_colors_info=&#8221;{}&#8221;][et_pb_text _builder_version=&#8221;4.20.2&#8243; _module_preset=&#8221;default&#8221; text_text_color=&#8221;#FFFFFF&#8221; text_font_size=&#8221;26px&#8221; text_orientation=&#8221;right&#8221; custom_padding_tablet=&#8221;||15px||false|false&#8221; custom_padding_phone=&#8221;||15px||false|false&#8221; custom_padding_last_edited=&#8221;on|desktop&#8221; text_font_size_tablet=&#8221;26px&#8221; text_font_size_phone=&#8221;22px&#8221; text_font_size_last_edited=&#8221;on|phone&#8221; text_orientation_tablet=&#8221;center&#8221; text_orientation_phone=&#8221;center&#8221; text_orientation_last_edited=&#8221;on|phone&#8221; global_colors_info=&#8221;{}&#8221;]<\/p>\n<p>Seguici sui nostri canali social<\/p>\n<p>[\/et_pb_text][\/et_pb_column][et_pb_column type=&#8221;1_2&#8243; _builder_version=&#8221;4.20.2&#8243; _module_preset=&#8221;default&#8221; custom_css_main_element=&#8221;margin:auto;&#8221; global_colors_info=&#8221;{}&#8221;][et_pb_social_media_follow _builder_version=&#8221;4.20.2&#8243; _module_preset=&#8221;default&#8221; text_orientation=&#8221;left&#8221; text_orientation_tablet=&#8221;center&#8221; text_orientation_phone=&#8221;center&#8221; text_orientation_last_edited=&#8221;on|desktop&#8221; global_colors_info=&#8221;{}&#8221;][et_pb_social_media_follow_network social_network=&#8221;facebook&#8221; url=&#8221;https:\/\/www.facebook.com\/sottocostapescara&#8221; use_icon_font_size=&#8221;on&#8221; icon_font_size=&#8221;27px&#8221; _builder_version=&#8221;4.20.2&#8243; _module_preset=&#8221;default&#8221; background_color=&#8221;#3b5998&#8243; global_colors_info=&#8221;{}&#8221; follow_button=&#8221;off&#8221; url_new_window=&#8221;on&#8221;]facebook[\/et_pb_social_media_follow_network][et_pb_social_media_follow_network social_network=&#8221;instagram&#8221; url=&#8221;https:\/\/www.instagram.com\/sottocostapescara\/&#8221; use_icon_font_size=&#8221;on&#8221; icon_font_size=&#8221;26px&#8221; _builder_version=&#8221;4.20.2&#8243; _module_preset=&#8221;default&#8221; background_color=&#8221;#ea2c59&#8243; global_colors_info=&#8221;{}&#8221; follow_button=&#8221;off&#8221; url_new_window=&#8221;on&#8221;]instagram[\/et_pb_social_media_follow_network][\/et_pb_social_media_follow][\/et_pb_column][\/et_pb_row][\/et_pb_section][et_pb_section fb_built=&#8221;1&#8243; _builder_version=&#8221;4.16&#8243; global_colors_info=&#8221;{}&#8221;][et_pb_row column_structure=&#8221;1_3,1_3,1_3&#8243; _builder_version=&#8221;4.17.0&#8243; custom_padding=&#8221;0px|||&#8221; global_colors_info=&#8221;{}&#8221;][et_pb_column type=&#8221;1_3&#8243; _builder_version=&#8221;4.16&#8243; custom_padding=&#8221;20px|5px|20px|5px|true|true&#8221; border_radii=&#8221;on|25px|25px|25px|25px&#8221; border_width_all=&#8221;1px&#8221; box_shadow_style=&#8221;preset1&#8243; global_colors_info=&#8221;{}&#8221; custom_padding__hover=&#8221;|||&#8221;][et_pb_blurb title=&#8221;Foto&#8221; url=&#8221;https:\/\/www.sottocostapescara.it\/pescara\/info\/foto-gallery&#8221; image=&#8221;https:\/\/www.sottocostapescara.it\/pescara\/wp-content\/uploads\/sites\/5\/2019\/04\/IMG_4827.jpg&#8221; admin_label=&#8221;Blurb Immagini&#8221; _builder_version=&#8221;4.17.0&#8243; header_font=&#8221;|on|||&#8221; background_size=&#8221;initial&#8221; background_position=&#8221;top_left&#8221; background_repeat=&#8221;repeat&#8221; text_orientation=&#8221;center&#8221; custom_padding=&#8221;20px|5px|20px|5px&#8221; border_color_all=&#8221;#003871&#8243; use_border_color=&#8221;on&#8221; border_color=&#8221;#003871&#8243; border_width=&#8221;10px&#8221; border_style=&#8221;double&#8221; global_colors_info=&#8221;{}&#8221;][\/et_pb_blurb][\/et_pb_column][et_pb_column type=&#8221;1_3&#8243; _builder_version=&#8221;4.16&#8243; custom_padding=&#8221;20px|5px|20px|5px|true|true&#8221; border_radii=&#8221;on|25px|25px|25px|25px&#8221; border_width_all=&#8221;1px&#8221; box_shadow_style=&#8221;preset1&#8243; global_colors_info=&#8221;{}&#8221; custom_padding__hover=&#8221;|||&#8221;][et_pb_blurb title=&#8221;Video&#8221; url=&#8221;https:\/\/www.sottocostapescara.it\/pescara\/info\/video-gallery\/&#8221; image=&#8221;https:\/\/www.sottocostapescara.it\/pescara\/wp-content\/uploads\/sites\/5\/2018\/03\/81B9193.jpg&#8221; admin_label=&#8221;Blurb Video&#8221; _builder_version=&#8221;4.17.0&#8243; header_font=&#8221;|on|||&#8221; background_size=&#8221;initial&#8221; background_position=&#8221;top_left&#8221; background_repeat=&#8221;repeat&#8221; text_orientation=&#8221;center&#8221; custom_padding=&#8221;20px|5px|20px|5px&#8221; border_color_all=&#8221;#003871&#8243; use_border_color=&#8221;on&#8221; border_color=&#8221;#003871&#8243; border_width=&#8221;10px&#8221; border_style=&#8221;double&#8221; global_colors_info=&#8221;{}&#8221;]<\/p>\n<p><a href=\"https:\/\/www.sottocostapescara.it\/pescara\/info\/video-gallery\/\"><\/a><\/p>\n<p>[\/et_pb_blurb][\/et_pb_column][et_pb_column type=&#8221;1_3&#8243; _builder_version=&#8221;4.16&#8243; custom_padding=&#8221;20px|5px|20px|5px|true|true&#8221; border_radii=&#8221;on|25px|25px|25px|25px&#8221; border_width_all=&#8221;1px&#8221; box_shadow_style=&#8221;preset1&#8243; global_colors_info=&#8221;{}&#8221; custom_padding__hover=&#8221;|||&#8221;][et_pb_blurb title=&#8221;Premio Design Nautico&#8221; url=&#8221;https:\/\/www.sottocostapescara.it\/pescara\/premio-nazionale-design-nautico\/&#8221; image=&#8221;https:\/\/www.sottocostapescara.it\/pescara\/wp-content\/uploads\/sites\/5\/2022\/04\/81B8597.jpg&#8221; admin_label=&#8221;Blurb Premio&#8221; _builder_version=&#8221;4.17.0&#8243; header_font=&#8221;|on|||&#8221; background_size=&#8221;initial&#8221; background_position=&#8221;top_left&#8221; background_repeat=&#8221;repeat&#8221; text_orientation=&#8221;center&#8221; custom_padding=&#8221;20px|5px|20px|5px&#8221; border_color_all=&#8221;#003871&#8243; border_style_all=&#8221;double&#8221; use_border_color=&#8221;on&#8221; border_color=&#8221;#003871&#8243; border_width=&#8221;10px&#8221; border_style=&#8221;double&#8221; global_colors_info=&#8221;{}&#8221;]<\/p>\n<p><a href=\"https:\/\/www.sottocostapescara.it\/pescara\/premio-nazionale-design-nautico-v-edizione\/\"><\/a><\/p>\n<p>[\/et_pb_blurb][\/et_pb_column][\/et_pb_row][\/et_pb_section]<\/p>\n","protected":false},"excerpt":{"rendered":"<p>SOTTOCOSTA\u00a0\u00e8 uno dei pi\u00f9 importanti saloni nautici del medio Adriatico, una manifestazione voluta ed organizzata dalla Camera di Commercio Chieti Pescara e dal Marina di Pescara con la collaborazione tecnica di Assonautica Pescara Chieti, allo scopo di promuovere la nautica da diporto, il turismo nautico e gli sport del mare e di valorizzare il pianeta blu in tutte le sue declinazioni.<\/p>\n","protected":false},"author":3,"featured_media":6445,"parent":0,"menu_order":0,"comment_status":"closed","ping_status":"closed","template":"","meta":{"_acf_changed":false,"_et_pb_use_builder":"on","_et_pb_old_content":"","_et_gb_content_width":"","ngg_post_thumbnail":0,"footnotes":""},"dipi_cpt_category":[],"class_list":["post-1705","page","type-page","status-publish","has-post-thumbnail","hentry"],"acf":[],"yoast_head":"<!-- This site is optimized with the Yoast SEO plugin v27.5 - https:\/\/yoast.com\/product\/yoast-seo-wordpress\/ -->\n<title>- Per chi ama il mare ed i suoi sport<\/title>\n<meta name=\"description\" content=\"Sottocosta \u00e8 una manifestazione che promuove la nautica da diporto, il turismo nautico e gli sport del mare e vuole valorizzare il pianeta blu in tutte le sue declinazioni. Giunta alla V edizione, si svolge al Porto turistico Marina di Pescara.\" \/>\n<meta name=\"robots\" content=\"index, follow, max-snippet:-1, max-image-preview:large, max-video-preview:-1\" \/>\n<link rel=\"canonical\" href=\"https:\/\/www.sottocostapescara.it\/pescara\/\" \/>\n<meta property=\"og:locale\" content=\"it_IT\" \/>\n<meta property=\"og:type\" content=\"article\" \/>\n<meta property=\"og:title\" content=\"Sottocosta Pescara\" \/>\n<meta property=\"og:description\" content=\"Sottocosta \u00e8 una manifestazione che promuove la nautica da diporto, il turismo nautico e gli sport del mare e vuole valorizzare il pianeta blu in tutte le sue declinazioni. Giunta alla V edizione, si svolge al Porto turistica Marina di Pescara.\" \/>\n<meta property=\"og:url\" content=\"https:\/\/www.sottocostapescara.it\/pescara\/\" \/>\n<meta property=\"og:site_name\" content=\"Sottocosta Pescara\" \/>\n<meta property=\"article:publisher\" content=\"https:\/\/www.facebook.com\/cameradicommerciodipescara\/\" \/>\n<meta property=\"article:modified_time\" content=\"2026-04-16T07:43:56+00:00\" \/>\n<meta property=\"og:image\" content=\"https:\/\/www.sottocostapescara.it\/pescara\/wp-content\/uploads\/sites\/5\/2016\/01\/sottocosta_logo.png\" \/>\n\t<meta property=\"og:image:width\" content=\"784\" \/>\n\t<meta property=\"og:image:height\" content=\"335\" \/>\n\t<meta property=\"og:image:type\" content=\"image\/png\" \/>\n<meta name=\"twitter:card\" content=\"summary_large_image\" \/>\n<meta name=\"twitter:site\" content=\"@cciaapescara\" \/>\n<meta name=\"twitter:label1\" content=\"Tempo di lettura stimato\" \/>\n\t<meta name=\"twitter:data1\" content=\"31 minuti\" \/>\n<script type=\"application\/ld+json\" class=\"yoast-schema-graph\">{\"@context\":\"https:\\\/\\\/schema.org\",\"@graph\":[{\"@type\":\"WebPage\",\"@id\":\"https:\\\/\\\/www.sottocostapescara.it\\\/pescara\\\/\",\"url\":\"https:\\\/\\\/www.sottocostapescara.it\\\/pescara\\\/\",\"name\":\"- Per chi ama il mare ed i suoi sport\",\"isPartOf\":{\"@id\":\"https:\\\/\\\/www.sottocostapescara.it\\\/pescara\\\/#website\"},\"primaryImageOfPage\":{\"@id\":\"https:\\\/\\\/www.sottocostapescara.it\\\/pescara\\\/#primaryimage\"},\"image\":{\"@id\":\"https:\\\/\\\/www.sottocostapescara.it\\\/pescara\\\/#primaryimage\"},\"thumbnailUrl\":\"https:\\\/\\\/www.sottocostapescara.it\\\/pescara\\\/wp-content\\\/uploads\\\/sites\\\/5\\\/2024\\\/02\\\/sottocosta_logo-2024-1.png\",\"datePublished\":\"2017-03-01T18:54:45+00:00\",\"dateModified\":\"2026-04-16T07:43:56+00:00\",\"description\":\"Sottocosta \u00e8 una manifestazione che promuove la nautica da diporto, il turismo nautico e gli sport del mare e vuole valorizzare il pianeta blu in tutte le sue declinazioni. Giunta alla V edizione, si svolge al Porto turistico Marina di Pescara.\",\"breadcrumb\":{\"@id\":\"https:\\\/\\\/www.sottocostapescara.it\\\/pescara\\\/#breadcrumb\"},\"inLanguage\":\"it-IT\",\"potentialAction\":[{\"@type\":\"ReadAction\",\"target\":[\"https:\\\/\\\/www.sottocostapescara.it\\\/pescara\\\/\"]}]},{\"@type\":\"ImageObject\",\"inLanguage\":\"it-IT\",\"@id\":\"https:\\\/\\\/www.sottocostapescara.it\\\/pescara\\\/#primaryimage\",\"url\":\"https:\\\/\\\/www.sottocostapescara.it\\\/pescara\\\/wp-content\\\/uploads\\\/sites\\\/5\\\/2024\\\/02\\\/sottocosta_logo-2024-1.png\",\"contentUrl\":\"https:\\\/\\\/www.sottocostapescara.it\\\/pescara\\\/wp-content\\\/uploads\\\/sites\\\/5\\\/2024\\\/02\\\/sottocosta_logo-2024-1.png\",\"width\":621,\"height\":329},{\"@type\":\"BreadcrumbList\",\"@id\":\"https:\\\/\\\/www.sottocostapescara.it\\\/pescara\\\/#breadcrumb\",\"itemListElement\":[{\"@type\":\"ListItem\",\"position\":1,\"name\":\"Home\",\"item\":\"https:\\\/\\\/www.sottocostapescara.it\\\/pescara\\\/\"},{\"@type\":\"ListItem\",\"position\":2,\"name\":\"Sottocosta Pescara\"}]},{\"@type\":\"WebSite\",\"@id\":\"https:\\\/\\\/www.sottocostapescara.it\\\/pescara\\\/#website\",\"url\":\"https:\\\/\\\/www.sottocostapescara.it\\\/pescara\\\/\",\"name\":\"Sottocosta Pescara\",\"description\":\"Sottocosta Pescara - Salone nautico del Medio Adriatico\",\"potentialAction\":[{\"@type\":\"SearchAction\",\"target\":{\"@type\":\"EntryPoint\",\"urlTemplate\":\"https:\\\/\\\/www.sottocostapescara.it\\\/pescara\\\/?s={search_term_string}\"},\"query-input\":{\"@type\":\"PropertyValueSpecification\",\"valueRequired\":true,\"valueName\":\"search_term_string\"}}],\"inLanguage\":\"it-IT\"}]}<\/script>\n<!-- \/ Yoast SEO plugin. -->","yoast_head_json":{"title":"- Per chi ama il mare ed i suoi sport","description":"Sottocosta \u00e8 una manifestazione che promuove la nautica da diporto, il turismo nautico e gli sport del mare e vuole valorizzare il pianeta blu in tutte le sue declinazioni. Giunta alla V edizione, si svolge al Porto turistico Marina di Pescara.","robots":{"index":"index","follow":"follow","max-snippet":"max-snippet:-1","max-image-preview":"max-image-preview:large","max-video-preview":"max-video-preview:-1"},"canonical":"https:\/\/www.sottocostapescara.it\/pescara\/","og_locale":"it_IT","og_type":"article","og_title":"Sottocosta Pescara","og_description":"Sottocosta \u00e8 una manifestazione che promuove la nautica da diporto, il turismo nautico e gli sport del mare e vuole valorizzare il pianeta blu in tutte le sue declinazioni. Giunta alla V edizione, si svolge al Porto turistica Marina di Pescara.","og_url":"https:\/\/www.sottocostapescara.it\/pescara\/","og_site_name":"Sottocosta Pescara","article_publisher":"https:\/\/www.facebook.com\/cameradicommerciodipescara\/","article_modified_time":"2026-04-16T07:43:56+00:00","og_image":[{"width":784,"height":335,"url":"https:\/\/www.sottocostapescara.it\/pescara\/wp-content\/uploads\/sites\/5\/2016\/01\/sottocosta_logo.png","type":"image\/png"}],"twitter_card":"summary_large_image","twitter_site":"@cciaapescara","twitter_misc":{"Tempo di lettura stimato":"31 minuti"},"schema":{"@context":"https:\/\/schema.org","@graph":[{"@type":"WebPage","@id":"https:\/\/www.sottocostapescara.it\/pescara\/","url":"https:\/\/www.sottocostapescara.it\/pescara\/","name":"- Per chi ama il mare ed i suoi sport","isPartOf":{"@id":"https:\/\/www.sottocostapescara.it\/pescara\/#website"},"primaryImageOfPage":{"@id":"https:\/\/www.sottocostapescara.it\/pescara\/#primaryimage"},"image":{"@id":"https:\/\/www.sottocostapescara.it\/pescara\/#primaryimage"},"thumbnailUrl":"https:\/\/www.sottocostapescara.it\/pescara\/wp-content\/uploads\/sites\/5\/2024\/02\/sottocosta_logo-2024-1.png","datePublished":"2017-03-01T18:54:45+00:00","dateModified":"2026-04-16T07:43:56+00:00","description":"Sottocosta \u00e8 una manifestazione che promuove la nautica da diporto, il turismo nautico e gli sport del mare e vuole valorizzare il pianeta blu in tutte le sue declinazioni. Giunta alla V edizione, si svolge al Porto turistico Marina di Pescara.","breadcrumb":{"@id":"https:\/\/www.sottocostapescara.it\/pescara\/#breadcrumb"},"inLanguage":"it-IT","potentialAction":[{"@type":"ReadAction","target":["https:\/\/www.sottocostapescara.it\/pescara\/"]}]},{"@type":"ImageObject","inLanguage":"it-IT","@id":"https:\/\/www.sottocostapescara.it\/pescara\/#primaryimage","url":"https:\/\/www.sottocostapescara.it\/pescara\/wp-content\/uploads\/sites\/5\/2024\/02\/sottocosta_logo-2024-1.png","contentUrl":"https:\/\/www.sottocostapescara.it\/pescara\/wp-content\/uploads\/sites\/5\/2024\/02\/sottocosta_logo-2024-1.png","width":621,"height":329},{"@type":"BreadcrumbList","@id":"https:\/\/www.sottocostapescara.it\/pescara\/#breadcrumb","itemListElement":[{"@type":"ListItem","position":1,"name":"Home","item":"https:\/\/www.sottocostapescara.it\/pescara\/"},{"@type":"ListItem","position":2,"name":"Sottocosta Pescara"}]},{"@type":"WebSite","@id":"https:\/\/www.sottocostapescara.it\/pescara\/#website","url":"https:\/\/www.sottocostapescara.it\/pescara\/","name":"Sottocosta Pescara","description":"Sottocosta Pescara - Salone nautico del Medio Adriatico","potentialAction":[{"@type":"SearchAction","target":{"@type":"EntryPoint","urlTemplate":"https:\/\/www.sottocostapescara.it\/pescara\/?s={search_term_string}"},"query-input":{"@type":"PropertyValueSpecification","valueRequired":true,"valueName":"search_term_string"}}],"inLanguage":"it-IT"}]}},"_links":{"self":[{"href":"https:\/\/www.sottocostapescara.it\/pescara\/wp-json\/wp\/v2\/pages\/1705","targetHints":{"allow":["GET"]}}],"collection":[{"href":"https:\/\/www.sottocostapescara.it\/pescara\/wp-json\/wp\/v2\/pages"}],"about":[{"href":"https:\/\/www.sottocostapescara.it\/pescara\/wp-json\/wp\/v2\/types\/page"}],"author":[{"embeddable":true,"href":"https:\/\/www.sottocostapescara.it\/pescara\/wp-json\/wp\/v2\/users\/3"}],"replies":[{"embeddable":true,"href":"https:\/\/www.sottocostapescara.it\/pescara\/wp-json\/wp\/v2\/comments?post=1705"}],"version-history":[{"count":259,"href":"https:\/\/www.sottocostapescara.it\/pescara\/wp-json\/wp\/v2\/pages\/1705\/revisions"}],"predecessor-version":[{"id":27741876,"href":"https:\/\/www.sottocostapescara.it\/pescara\/wp-json\/wp\/v2\/pages\/1705\/revisions\/27741876"}],"wp:featuredmedia":[{"embeddable":true,"href":"https:\/\/www.sottocostapescara.it\/pescara\/wp-json\/wp\/v2\/media\/6445"}],"wp:attachment":[{"href":"https:\/\/www.sottocostapescara.it\/pescara\/wp-json\/wp\/v2\/media?parent=1705"}],"wp:term":[{"taxonomy":"dipi_cpt_category","embeddable":true,"href":"https:\/\/www.sottocostapescara.it\/pescara\/wp-json\/wp\/v2\/dipi_cpt_category?post=1705"}],"curies":[{"name":"wp","href":"https:\/\/api.w.org\/{rel}","templated":true}]}}